

{"id":1134,"date":"2025-04-03T16:46:59","date_gmt":"2025-04-03T14:46:59","guid":{"rendered":"https:\/\/jtc.uni-halle.de\/?page_id=1134"},"modified":"2026-08-28T11:44:32","modified_gmt":"2026-08-28T09:44:32","slug":"a","status":"publish","type":"page","link":"https:\/\/jtc.uni-halle.de\/en\/a\/","title":{"rendered":"A Just Transition Society"},"content":{"rendered":"<p>[et_pb_section fb_built=&#8221;1&#8243; admin_label=&#8221;Hero section&#8221; module_class=&#8221;relaunch&#8221; _builder_version=&#8221;4.27.3&#8243; _module_preset=&#8221;default&#8221; transform_scale_tablet=&#8221;&#8221; transform_scale_phone=&#8221;&#8221; transform_scale_last_edited=&#8221;on|tablet&#8221; transform_translate_tablet=&#8221;&#8221; transform_translate_phone=&#8221;&#8221; transform_translate_last_edited=&#8221;on|tablet&#8221; transform_translate_linked_tablet=&#8221;off&#8221; transform_rotate_tablet=&#8221;&#8221; transform_rotate_phone=&#8221;&#8221; transform_rotate_last_edited=&#8221;on|tablet&#8221; transform_skew_tablet=&#8221;&#8221; transform_skew_phone=&#8221;&#8221; transform_skew_last_edited=&#8221;on|tablet&#8221; transform_origin_tablet=&#8221;&#8221; transform_origin_phone=&#8221;&#8221; transform_origin_last_edited=&#8221;on|tablet&#8221; transform_styles_last_edited=&#8221;on|tablet&#8221; custom_margin=&#8221;4rem||||false|false&#8221; custom_margin_tablet=&#8221;1rem||||false|false&#8221; custom_margin_phone=&#8221;||||false|false&#8221; custom_margin_last_edited=&#8221;on|desktop&#8221; transform_styles_tablet=&#8221;&#8221; transform_styles_phone=&#8221;&#8221; global_colors_info=&#8221;{}&#8221;][et_pb_row column_structure=&#8221;1_2,1_2&#8243; use_custom_gutter=&#8221;on&#8221; gutter_width=&#8221;2&#8243; make_equal=&#8221;on&#8221; custom_padding_last_edited=&#8221;on|desktop&#8221; module_id=&#8221;teams&#8221; _builder_version=&#8221;4.27.3&#8243; _module_preset=&#8221;default&#8221; width=&#8221;96%&#8221; width_tablet=&#8221;90%&#8221; width_phone=&#8221;90%&#8221; width_last_edited=&#8221;on|desktop&#8221; max_width=&#8221;1440px&#8221; module_alignment=&#8221;center&#8221; custom_margin=&#8221;||||false|false&#8221; custom_padding=&#8221;||||false|false&#8221; custom_padding_tablet=&#8221;||||false|false&#8221; custom_padding_phone=&#8221;||||false|false&#8221; global_colors_info=&#8221;{}&#8221;][et_pb_column type=&#8221;1_2&#8243; admin_label=&#8221;Spalte H1 Intro&#8221; _builder_version=&#8221;4.27.3&#8243; _module_preset=&#8221;default&#8221; background_color=&#8221;#B18DC0&#8243; custom_padding=&#8221;4rem|3rem|2rem|3rem|false|false&#8221; custom_padding_tablet=&#8221;3rem|2rem|2rem|2rem|false|false&#8221; custom_padding_phone=&#8221;3rem|2rem|2rem|2rem|false|false&#8221; custom_padding_last_edited=&#8221;on|tablet&#8221; border_radii=&#8221;on|18px|18px|18px|18px&#8221; global_colors_info=&#8221;{}&#8221; custom_css_main_element_last_edited=&#8221;on|tablet&#8221;][et_pb_text admin_label=&#8221;H1 + Introtext&#8221; module_class=&#8221;gruppe-a&#8221; _builder_version=&#8221;4.27.5&#8243; _module_preset=&#8221;default&#8221; text_font=&#8221;||||||||&#8221; global_colors_info=&#8221;{}&#8221;]<\/p>\n<h1>Just Transition Society (HALIS)<\/h1>\n<p>The A-Pillar brings together perspectives from the humanities and social sciences at the Just Transition Center.<br \/>As part of the Institute for Structural Change and Sustainability (HALIS) at Halle University, the innovation teams promote mutual transfer between science and practice.<\/p>\n<p>[\/et_pb_text][et_pb_accordion admin_label=&#8221;Akkordeon A&#8221; _builder_version=&#8221;4.27.5&#8243; _module_preset=&#8221;default&#8221; body_text_color=&#8221;#000000&#8243; background_enable_color=&#8221;off&#8221; custom_margin=&#8221;2rem||0px||false|false&#8221; custom_padding=&#8221;||0px||false|false&#8221; border_width_all=&#8221;0px&#8221; border_width_bottom=&#8221;2px&#8221; border_color_bottom=&#8221;#000000&#8243; global_colors_info=&#8221;{}&#8221;][et_pb_accordion_item title=&#8221;Executive board&#8221; open=&#8221;on&#8221; icon_color=&#8221;#000000&#8243; toggle_icon=&#8221;&#xf063;||fa||900&#8243; _builder_version=&#8221;4.27.5&#8243; _module_preset=&#8221;default&#8221; background_color=&#8221;RGBA(255,255,255,0)&#8221; background_enable_color=&#8221;on&#8221; custom_padding=&#8221;10px|0px|10px|0px|false|false&#8221; border_width_top=&#8221;2px&#8221; border_color_top=&#8221;#2e2e2e&#8221; global_colors_info=&#8221;{}&#8221; toggle_text_color=&#8221;#000000&#8243; toggle_font=&#8221;|700|||||||&#8221;]<\/p>\n<p><strong>Prof. Dr. Jonathan Everts<\/strong><\/p>\n<p>Coordinators<br \/><b>Pia Kahlfu\u00df<br \/>Felix Schiedlowski<br \/><\/b><\/p>\n<p>Assistants<br \/><b>Katja Reich<\/b><\/p>\n<p>&nbsp;<\/p>\n<p>[\/et_pb_accordion_item][\/et_pb_accordion][\/et_pb_column][et_pb_column type=&#8221;1_2&#8243; admin_label=&#8221;Spalte Inhalt&#8221; _builder_version=&#8221;4.27.3&#8243; _module_preset=&#8221;default&#8221; global_colors_info=&#8221;{}&#8221;][et_pb_image src=&#8221;https:\/\/jtc.uni-halle.de\/wp-content\/uploads\/2025\/06\/JTC_25-052_KeyVisual_RGB_E2_sRGB-Farben_red-orange-violet-beige.svg&#8221; alt=&#8221;JTC Team A1 Strukturwandel &#038;<br \/>\nPartizipation: Gruppenbild \u2013 Dr. Jan Winkler, Hermine B\u00e4r, Cheyenne Wolf, Pia Kahlfu\u00df, nicht abgebildet: Felix Schiedlowski&#8221; title_text=&#8221;JTC_25-052_KeyVisual_RGB_E2_sRGB-Farben_red-orange-violet-beige&#8221; disabled_on=&#8221;off|off|off&#8221; admin_label=&#8221;Teamfoto&#8221; _builder_version=&#8221;4.27.5&#8243; _module_preset=&#8221;default&#8221; border_radii=&#8221;on|18px|18px|18px|18px&#8221; global_colors_info=&#8221;{}&#8221;][\/et_pb_image][et_pb_code disabled_on=&#8221;on|on|on&#8221; admin_label=&#8221;Newsteaser&#8221; _builder_version=&#8221;4.27.3&#8243; _module_preset=&#8221;default&#8221; disabled=&#8221;on&#8221; global_colors_info=&#8221;{}&#8221;]<div class=\"blog-news-teaser swiper slider-container\" data-arrows=\"false\" data-dots=\"false\"><div class=\"swiper-wrapper\"><div class=\"swiper-slide\"><div class=\"blog-item\"><div class=\"badges\"><\/div><h3><a href=\"https:\/\/jtc.uni-halle.de\/en\/jtc-meets-region-research-dialogue-and-the-future-of-anhalt-bitterfeld\/\">JTC meets Region: Research, Dialogue and the Future of Anhalt-Bitterfeld<\/a><\/h3><p class=\"meta\">7 November, 2025<\/p><div class=\"excerpt\">\u2018JTC meets Region: Anhalt-Bitterfeld\u2019 \u2013 A meeting on equal terms between politics, research, business, and society.<\/div><a class=\"read-more\" href=\"https:\/\/jtc.uni-halle.de\/en\/jtc-meets-region-research-dialogue-and-the-future-of-anhalt-bitterfeld\/\">Read more<\/a><div class=\"thumbnail\"><img loading=\"lazy\" decoding=\"async\" width=\"2560\" height=\"1707\" src=\"https:\/\/jtc.uni-halle.de\/wp-content\/uploads\/2025\/11\/6-JTC-trifft-Region_ABI-scaled.jpg\" class=\"attachment-full size-full wp-post-image\" alt=\"\" srcset=\"https:\/\/jtc.uni-halle.de\/wp-content\/uploads\/2025\/11\/6-JTC-trifft-Region_ABI-scaled.jpg 2560w, https:\/\/jtc.uni-halle.de\/wp-content\/uploads\/2025\/11\/6-JTC-trifft-Region_ABI-1280x854.jpg 1280w, https:\/\/jtc.uni-halle.de\/wp-content\/uploads\/2025\/11\/6-JTC-trifft-Region_ABI-980x653.jpg 980w, https:\/\/jtc.uni-halle.de\/wp-content\/uploads\/2025\/11\/6-JTC-trifft-Region_ABI-480x320.jpg 480w\" sizes=\"(min-width: 0px) and (max-width: 480px) 480px, (min-width: 481px) and (max-width: 980px) 980px, (min-width: 981px) and (max-width: 1280px) 1280px, (min-width: 1281px) 2560px, 100vw\" \/><\/div><\/div><\/div><\/div><\/div>[\/et_pb_code][et_pb_code disabled_on=&#8221;on|on|on&#8221; admin_label=&#8221;Eventteaser&#8221; _builder_version=&#8221;4.27.3&#8243; _module_preset=&#8221;default&#8221; disabled=&#8221;on&#8221; global_colors_info=&#8221;{}&#8221;]<!=========Events list Template 2.4.6=========><div id=\"ect-events-list-content\"><div id=\"list-wrp\" class=\"ect-list-wrapper jtc a a1\"><div id=\"event-23939\" class=\"ect-list-post style-1 ect-simple-event future\"><div class=\"ect-list-post-left \">\n\t\t\t\t<div class=\"ect-list-img\" style=\"background-image:url(&#039;https:\/\/jtc.uni-halle.de\/wp-content\/uploads\/2026\/07\/Webseite-Event-Header_GBM-1024x683.jpg&#039;);background-size:cover;\"><a href=\"https:\/\/jtc.uni-halle.de\/en\/event\/gbm-award-ceremony\/\" alt=\"GBM Award Ceremony &#8211; Recipient M. Sc. Ludwig Krau\u00df\" rel=\"bookmark\"><div class=\"ect-list-date\"><div class=\"ect-date-area default-schedule\"><span class=\"ev-day\">01<\/span>\n\t\t\t\t\t<span class=\"ev-mo\">September<\/span>\n\t\t\t\t\t<span class=\"ev-yr\">2026<\/span><\/div><\/div><\/a><\/div><\/div><!-- left-post close --><div class=\"ect-list-post-right\">\n\t\t\t\t<div class=\"ect-list-post-right-table\"><div class=\"ect-list-description\"><h2 class=\"ect-list-title\"><a class=\"ect-event-url\" href=\"https:\/\/jtc.uni-halle.de\/en\/event\/gbm-award-ceremony\/\" rel=\"bookmark\">GBM Award Ceremony &#8211; Recipient M. Sc. Ludwig Krau\u00df<\/a><\/h2><!-- Event Content --><div class=\"ect-event-content\"><p>Award ceremony for an outstanding Master\u2019s thesis in the field of biochemistry and molecular biology within the JTC innovation team \u2018Designer proteins as bio-based binders\u2019<\/p>\n<\/div><a href=\"https:\/\/jtc.uni-halle.de\/en\/event\/gbm-award-ceremony\/\" class=\"ect-events-read-more\" rel=\"bookmark\">mehr<\/a><\/div><div class=\"ect-list-venue default-venue\"><span class=\"ect-icon\"><i class=\"ect-icon-location\"><\/i><\/span><!-- Event Venue Info -->\n\t\t\t\t\t\t\t<span class=\"ect-venue-details ect-address\">\n\t\t\t\t\t\t\t<div>Gro\u00dfer H\u00f6rsaal Biochemie,<span class=\"tribe-address\">\n\n<span class=\"tribe-street-address\">Kurt-Mothes-Stra\u00dfe 3<\/span>\n\t\n\t\t<br>\n\t\t<span class=\"tribe-locality\">Halle (Saale)<\/span><span class=\"tribe-delimiter\">,<\/span>\n\n\t<abbr class=\"tribe-region tribe-events-abbr\" title=\"Sachsen-Anhalt\">Sachsen-Anhalt<\/abbr>\n\n\t<span class=\"tribe-postal-code\">06120<\/span>\n\n\t<span class=\"tribe-country-name\">Germany<\/span>\n\n<\/span>\n<\/div><span class=\"ect-google\"><a class=\"tribe-events-gmap\" href=\"https:\/\/maps.google.com\/maps?f=q&#038;source=s_q&#038;hl=en&#038;geocode=&#038;q=Kurt-Mothes-Stra%C3%9Fe+3+Halle+%28Saale%29+Sachsen-Anhalt+06120+Germany\" title=\"Click to view a Google Map\" target=\"_blank\" rel=\"noreferrer noopener\">+ Google Map<\/a><\/span><\/span><\/div><\/div><\/div><!-- right-wrapper close --><\/div><!-- event-loop-end --><\/div><\/div>[\/et_pb_code][\/et_pb_column][\/et_pb_row][\/et_pb_section][et_pb_section fb_built=&#8221;1&#8243; admin_label=&#8221;Info section&#8221; module_class=&#8221;relaunch&#8221; _builder_version=&#8221;4.27.3&#8243; _module_preset=&#8221;default&#8221; transform_scale_tablet=&#8221;&#8221; transform_scale_phone=&#8221;&#8221; transform_scale_last_edited=&#8221;on|tablet&#8221; transform_translate_tablet=&#8221;&#8221; transform_translate_phone=&#8221;&#8221; transform_translate_last_edited=&#8221;on|tablet&#8221; transform_translate_linked_tablet=&#8221;off&#8221; transform_rotate_tablet=&#8221;&#8221; transform_rotate_phone=&#8221;&#8221; transform_rotate_last_edited=&#8221;on|tablet&#8221; transform_skew_tablet=&#8221;&#8221; transform_skew_phone=&#8221;&#8221; transform_skew_last_edited=&#8221;on|tablet&#8221; transform_origin_tablet=&#8221;&#8221; transform_origin_phone=&#8221;&#8221; transform_origin_last_edited=&#8221;on|tablet&#8221; transform_styles_last_edited=&#8221;on|tablet&#8221; custom_margin=&#8221;4rem||||false|false&#8221; custom_margin_tablet=&#8221;0rem||0px||false|false&#8221; custom_margin_phone=&#8221;||||false|false&#8221; custom_margin_last_edited=&#8221;on|desktop&#8221; custom_padding=&#8221;||||false|false&#8221; transform_styles_tablet=&#8221;&#8221; transform_styles_phone=&#8221;&#8221; global_colors_info=&#8221;{}&#8221;][et_pb_row column_structure=&#8221;1_2,1_2&#8243; use_custom_gutter=&#8221;on&#8221; gutter_width=&#8221;2&#8243; make_equal=&#8221;on&#8221; custom_padding_last_edited=&#8221;on|desktop&#8221; _builder_version=&#8221;4.27.3&#8243; _module_preset=&#8221;default&#8221; width=&#8221;96%&#8221; width_tablet=&#8221;90%&#8221; width_phone=&#8221;90%&#8221; width_last_edited=&#8221;on|desktop&#8221; max_width=&#8221;1440px&#8221; module_alignment=&#8221;center&#8221; custom_margin=&#8221;||||false|false&#8221; custom_padding=&#8221;||||false|false&#8221; custom_padding_tablet=&#8221;||||false|false&#8221; custom_padding_phone=&#8221;||||false|false&#8221; global_colors_info=&#8221;{}&#8221;][et_pb_column type=&#8221;1_2&#8243; _builder_version=&#8221;4.27.3&#8243; _module_preset=&#8221;default&#8221; background_enable_color=&#8221;off&#8221; custom_padding=&#8221;|3rem||3rem|false|false&#8221; custom_padding_tablet=&#8221;3rem|2rem|2rem|2rem|false|false&#8221; custom_padding_phone=&#8221;3rem|2rem|2rem|2rem|false|false&#8221; custom_padding_last_edited=&#8221;on|tablet&#8221; border_radii=&#8221;on|18px|18px|18px|18px&#8221; global_colors_info=&#8221;{}&#8221; custom_css_main_element_last_edited=&#8221;on|tablet&#8221;][et_pb_text admin_label=&#8221;Infotext&#8221; _builder_version=&#8221;4.27.5&#8243; _module_preset=&#8221;default&#8221; text_font=&#8221;||||||||&#8221; global_colors_info=&#8221;{}&#8221;]<\/p>\n<p>Pillar A brings together the humanities and social sciences perspective at the JTC and examines how socially just, sustainable, and inclusive change can be achieved. The focus is on social dynamics, participation, and transformation processes. As part of the Institute for Structural Change and Sustainability (HALIS) at the University of Halle, the innovation teams work closely with partners in the field on joint projects and promote mutual transfer between research, society, and business. Their shared goal is to provide scientific support for structural change, actively participate in it, and contribute knowledge and ideas for practical application.<\/p>\n<p>[\/et_pb_text][et_pb_toggle title=&#8221;further reading&#8221; open_toggle_text_color=&#8221;#2e2e2e&#8221; open_toggle_background_color=&#8221;RGBA(255,255,255,0)&#8221; closed_toggle_background_color=&#8221;RGBA(255,255,255,0)&#8221; icon_color=&#8221;RGBA(255,255,255,0)&#8221; open_icon_color=&#8221;RGBA(255,255,255,0)&#8221; disabled_on=&#8221;on|on|on&#8221; module_class=&#8221;weiterlesen&#8221; _builder_version=&#8221;4.27.3&#8243; _module_preset=&#8221;default&#8221; title_text_color=&#8221;#2e2e2e&#8221; custom_padding=&#8221;|0px||0px|false|false&#8221; border_width_all=&#8221;0px&#8221; disabled=&#8221;on&#8221; global_colors_info=&#8221;{}&#8221;]<\/p>\n<p>Lorem ipsum dolor sit amet, consectetuer adipiscing elit. Aenean commodo ligula eget dolor. Aenean massa. Cum sociis natoque penatibus et magnis dis parturient montes, nascetur ridiculus mus.<\/p>\n<p>Donec quam felis, ultricies nec, pellentesque eu, pretium quis, sem. Nulla consequat massa quis enim. Donec pede justo, fringilla vel, aliquet nec, vulputate eget, arcu. In enim justo, rhoncus ut, imperdiet a, venenatis vitae, justo.<\/p>\n<p>Nullam dictum felis eu pede mollis pretium. Integer tincidunt. Cras dapibus. Vivamus elementum semper nisi. Aenean vulputate eleifend tellus. Aenean leo ligula, porttitor eu, consequat vitae, eleifend ac, enim. Aliquam lorem ante, dapibus in, viverra quis, feugiat a, tellus. Phasellus viverra nulla ut metus varius laoreet. Quisque rutrum. Aenean imperdiet. Etiam ultricies nisi vel augue. Curabitur ullamcorper ultricies nisi. Nam ege<\/p>\n<p>[\/et_pb_toggle][\/et_pb_column][et_pb_column type=&#8221;1_2&#8243; _builder_version=&#8221;4.27.3&#8243; _module_preset=&#8221;default&#8221; global_colors_info=&#8221;{}&#8221;][et_pb_text admin_label=&#8221;Schlagw\u00f6rter Themen&#8221; _builder_version=&#8221;4.27.3&#8243; _dynamic_attributes=&#8221;content&#8221; _module_preset=&#8221;default&#8221; global_colors_info=&#8221;{}&#8221;]@ET-DC@eyJkeW5hbWljIjp0cnVlLCJjb250ZW50IjoiY3VzdG9tX21ldGFfc2NobGFnd29lcnRlcl9zaG9ydGNvZGUiLCJzZXR0aW5ncyI6eyJiZWZvcmUiOiIiLCJhZnRlciI6IiIsImVuYWJsZV9odG1sIjoib2ZmIn19@[\/et_pb_text][\/et_pb_column][\/et_pb_row][\/et_pb_section][et_pb_section fb_built=&#8221;1&#8243; custom_padding_last_edited=&#8221;on|desktop&#8221; admin_label=&#8221;Teams section&#8221; module_id=&#8221;teams&#8221; module_class=&#8221;relaunch &#8221; _builder_version=&#8221;4.27.5&#8243; _module_preset=&#8221;default&#8221; background_enable_color=&#8221;off&#8221; transform_scale_tablet=&#8221;&#8221; transform_scale_phone=&#8221;&#8221; transform_scale_last_edited=&#8221;on|tablet&#8221; transform_translate_tablet=&#8221;&#8221; transform_translate_phone=&#8221;&#8221; transform_translate_last_edited=&#8221;on|tablet&#8221; transform_translate_linked_tablet=&#8221;off&#8221; transform_rotate_tablet=&#8221;&#8221; transform_rotate_phone=&#8221;&#8221; transform_rotate_last_edited=&#8221;on|tablet&#8221; transform_skew_tablet=&#8221;&#8221; transform_skew_phone=&#8221;&#8221; transform_skew_last_edited=&#8221;on|tablet&#8221; transform_origin_tablet=&#8221;&#8221; transform_origin_phone=&#8221;&#8221; transform_origin_last_edited=&#8221;on|tablet&#8221; transform_styles_last_edited=&#8221;on|tablet&#8221; custom_margin=&#8221;4rem||0px||false|false&#8221; custom_margin_tablet=&#8221;0rem||0px||false|false&#8221; custom_margin_phone=&#8221;1rem||||false|false&#8221; custom_margin_last_edited=&#8221;on|phone&#8221; custom_padding=&#8221;1rem||0px||false|false&#8221; custom_padding_tablet=&#8221;1rem||0rem||false|false&#8221; custom_padding_phone=&#8221;1rem||3rem||false|false&#8221; transform_styles_tablet=&#8221;&#8221; transform_styles_phone=&#8221;&#8221; global_colors_info=&#8221;{}&#8221;][et_pb_row use_custom_gutter=&#8221;on&#8221; gutter_width=&#8221;2&#8243; make_equal=&#8221;on&#8221; custom_padding_last_edited=&#8221;on|desktop&#8221; disabled_on=&#8221;off|off|off&#8221; _builder_version=&#8221;4.27.3&#8243; _module_preset=&#8221;default&#8221; width=&#8221;96%&#8221; width_tablet=&#8221;90%&#8221; width_phone=&#8221;90%&#8221; width_last_edited=&#8221;on|desktop&#8221; max_width=&#8221;1440px&#8221; module_alignment=&#8221;center&#8221; height_tablet=&#8221;&#8221; height_phone=&#8221;&#8221; height_last_edited=&#8221;on|phone&#8221; custom_margin=&#8221;||3rem||false|false&#8221; custom_padding=&#8221;||||false|false&#8221; custom_padding_tablet=&#8221;||||false|false&#8221; custom_padding_phone=&#8221;||||false|false&#8221; global_colors_info=&#8221;{}&#8221;][et_pb_column type=&#8221;4_4&#8243; _builder_version=&#8221;4.27.3&#8243; _module_preset=&#8221;default&#8221; background_enable_color=&#8221;off&#8221; custom_padding=&#8221;56px|0rem||0rem|false|false&#8221; custom_padding_tablet=&#8221;3rem|2rem|2rem|2rem|false|false&#8221; custom_padding_phone=&#8221;3rem|2rem|2rem|2rem|false|false&#8221; custom_padding_last_edited=&#8221;on|tablet&#8221; global_colors_info=&#8221;{}&#8221; custom_css_main_element_last_edited=&#8221;on|tablet&#8221;][et_pb_text admin_label=&#8221;H2 Teams&#8221; _builder_version=&#8221;4.27.5&#8243; _module_preset=&#8221;default&#8221; background_color=&#8221;#ffffff&#8221; height=&#8221;40px&#8221; custom_padding=&#8221;|15px||15px|false|false&#8221; custom_css_main_element=&#8221;width: fit-content;||h2 {||  top: 3px;||  position: relative;||  ||} ||&#8221; border_radii=&#8221;on|16px|16px|16px|16px&#8221; border_width_all=&#8221;2px&#8221; global_colors_info=&#8221;{}&#8221;]<\/p>\n<h2>Innovation Teams<\/h2>\n<p>[\/et_pb_text][\/et_pb_column][\/et_pb_row][et_pb_row column_structure=&#8221;1_4,1_4,1_4,1_4&#8243; use_custom_gutter=&#8221;on&#8221; gutter_width=&#8221;2&#8243; make_equal=&#8221;on&#8221; custom_padding_last_edited=&#8221;on|phone&#8221; admin_label=&#8221;Zeile 1 Teams&#8221; module_class=&#8221;teams-row&#8221; _builder_version=&#8221;4.27.3&#8243; _module_preset=&#8221;default&#8221; width=&#8221;96%&#8221; width_tablet=&#8221;90%&#8221; width_phone=&#8221;90%&#8221; width_last_edited=&#8221;on|desktop&#8221; max_width=&#8221;1440px&#8221; module_alignment=&#8221;center&#8221; custom_margin=&#8221;0px||20px||false|false&#8221; custom_margin_tablet=&#8221;0px||0px||false|false&#8221; custom_margin_phone=&#8221;0px||0px||false|false&#8221; custom_margin_last_edited=&#8221;on|tablet&#8221; custom_padding=&#8221;|0px||0px|false|false&#8221; custom_padding_tablet=&#8221;||||false|false&#8221; custom_padding_phone=&#8221;||||false|false&#8221; custom_css_main_element=&#8221;margin: 0 auto!important;||justify-content: center;&#8221; global_colors_info=&#8221;{}&#8221; custom_css_main_element_last_edited=&#8221;off|tablet&#8221;][et_pb_column type=&#8221;1_4&#8243; module_class=&#8221;team-column&#8221; admin_label=&#8221;Spalte li A&#8221; _builder_version=&#8221;4.27.3&#8243; _module_preset=&#8221;default&#8221; background_color=&#8221;#B18DC0&#8243; custom_padding=&#8221;2rem|2rem|2rem|2rem|false|false&#8221; custom_padding_tablet=&#8221;3rem|2rem|2rem|2rem|false|false&#8221; custom_padding_phone=&#8221;3rem|2rem|2rem|2rem|false|false&#8221; custom_padding_last_edited=&#8221;on|tablet&#8221; border_radii=&#8221;on|18px|18px|18px|18px&#8221; global_colors_info=&#8221;{}&#8221; custom_css_main_element_last_edited=&#8221;on|tablet&#8221;][et_pb_text admin_label=&#8221;H3 A1&#8243; module_class=&#8221;gruppe-a1&#8243; _builder_version=&#8221;4.27.3&#8243; _module_preset=&#8221;default&#8221; header_3_line_height=&#8221;135%&#8221; custom_margin=&#8221;|||3rem|false|false&#8221; global_colors_info=&#8221;{}&#8221;]<\/p>\n<h3><a href=\"\/en\/a\/a1\" title=\"Go to Website\">Structural change &amp;<br \/>\nParticipation<\/a><\/h3>\n<p>[\/et_pb_text][\/et_pb_column][et_pb_column type=&#8221;1_4&#8243; module_class=&#8221;team-column&#8221; admin_label=&#8221;Spalte li mitte A&#8221; _builder_version=&#8221;4.27.3&#8243; _module_preset=&#8221;default&#8221; background_color=&#8221;#B18DC0&#8243; custom_padding=&#8221;2rem|2rem|2rem|2rem|false|false&#8221; custom_padding_tablet=&#8221;3rem|2rem|2rem|2rem|false|false&#8221; custom_padding_phone=&#8221;3rem|2rem|2rem|2rem|false|false&#8221; custom_padding_last_edited=&#8221;on|tablet&#8221; border_radii=&#8221;on|18px|18px|18px|18px&#8221; global_colors_info=&#8221;{}&#8221; custom_css_main_element_last_edited=&#8221;on|tablet&#8221;][et_pb_text admin_label=&#8221;H3 A2&#8243; module_class=&#8221;gruppe-a2&#8243; _builder_version=&#8221;4.27.3&#8243; _module_preset=&#8221;default&#8221; header_3_line_height=&#8221;135%&#8221; custom_margin=&#8221;|||3rem|false|false&#8221; global_colors_info=&#8221;{}&#8221;]<\/p>\n<h3><a href=\"\/en\/a\/a2\" title=\"Go to Website\">Chemistry in<br \/>\nTransition<\/a><\/h3>\n<p>[\/et_pb_text][\/et_pb_column][et_pb_column type=&#8221;1_4&#8243; module_class=&#8221;team-column&#8221; admin_label=&#8221;Spalte re mitte A&#8221; _builder_version=&#8221;4.27.3&#8243; _module_preset=&#8221;default&#8221; background_color=&#8221;#B18DC0&#8243; custom_padding=&#8221;2rem|2rem|2rem|2rem|false|false&#8221; custom_padding_tablet=&#8221;3rem|2rem|2rem|2rem|false|false&#8221; custom_padding_phone=&#8221;3rem|2rem|2rem|2rem|false|false&#8221; custom_padding_last_edited=&#8221;on|tablet&#8221; border_radii=&#8221;on|18px|18px|18px|18px&#8221; global_colors_info=&#8221;{}&#8221; custom_css_main_element_last_edited=&#8221;on|tablet&#8221;][et_pb_text admin_label=&#8221;H3 A3&#8243; module_class=&#8221;gruppe-a3&#8243; _builder_version=&#8221;4.27.5&#8243; _module_preset=&#8221;default&#8221; header_3_line_height=&#8221;135%&#8221; custom_margin=&#8221;|||3rem|false|false&#8221; global_colors_info=&#8221;{}&#8221;]<\/p>\n<h3><a href=\"\/en\/a\/a3\" title=\"Go to Website\">Phytomining &amp; Bioextraction<\/a><\/h3>\n<p>[\/et_pb_text][\/et_pb_column][et_pb_column type=&#8221;1_4&#8243; module_class=&#8221;team-column&#8221; admin_label=&#8221;Spalte re A&#8221; _builder_version=&#8221;4.27.3&#8243; _module_preset=&#8221;default&#8221; background_color=&#8221;#B18DC0&#8243; custom_padding=&#8221;2rem|2rem|2rem|2rem|false|false&#8221; custom_padding_tablet=&#8221;3rem|2rem|2rem|2rem|false|false&#8221; custom_padding_phone=&#8221;3rem|2rem|2rem|2rem|false|false&#8221; custom_padding_last_edited=&#8221;on|tablet&#8221; border_radii=&#8221;on|18px|18px|18px|18px&#8221; global_colors_info=&#8221;{}&#8221; custom_css_main_element_last_edited=&#8221;on|tablet&#8221;][et_pb_text admin_label=&#8221;H3 A4&#8243; module_class=&#8221;gruppe-a4&#8243; _builder_version=&#8221;4.27.5&#8243; _module_preset=&#8221;default&#8221; header_3_line_height=&#8221;135%&#8221; custom_margin=&#8221;|||3rem|false|false&#8221; global_colors_info=&#8221;{}&#8221;]<\/p>\n<h3><a href=\"\/en\/a\/a4\" title=\"Go to Website\">Just Transitions, Educational and Participation Opportunities for Children, Youth, and Adults <\/a><\/h3>\n<p>[\/et_pb_text][\/et_pb_column][\/et_pb_row][et_pb_row column_structure=&#8221;1_4,1_4,1_4,1_4&#8243; use_custom_gutter=&#8221;on&#8221; gutter_width=&#8221;2&#8243; make_equal=&#8221;on&#8221; custom_padding_last_edited=&#8221;on|phone&#8221; admin_label=&#8221;Zeile 2 Teams&#8221; module_class=&#8221;teams-row&#8221; _builder_version=&#8221;4.27.3&#8243; _module_preset=&#8221;default&#8221; width=&#8221;96%&#8221; width_tablet=&#8221;90%&#8221; width_phone=&#8221;90%&#8221; width_last_edited=&#8221;on|desktop&#8221; max_width=&#8221;1440px&#8221; module_alignment=&#8221;center&#8221; custom_margin=&#8221;0px||20px||false|false&#8221; custom_margin_tablet=&#8221;0px||0px||false|false&#8221; custom_margin_phone=&#8221;0px||0px||false|false&#8221; custom_margin_last_edited=&#8221;on|tablet&#8221; custom_padding=&#8221;|0px||0px|false|false&#8221; custom_padding_tablet=&#8221;||||false|false&#8221; custom_padding_phone=&#8221;||||false|false&#8221; custom_css_main_element=&#8221;margin: 0 auto!important;||justify-content: center;&#8221; global_colors_info=&#8221;{}&#8221;][et_pb_column type=&#8221;1_4&#8243; module_class=&#8221;team-column&#8221; admin_label=&#8221;Spalte li A&#8221; _builder_version=&#8221;4.27.3&#8243; _module_preset=&#8221;default&#8221; background_color=&#8221;#B18DC0&#8243; custom_padding=&#8221;2rem|2rem|2rem|2rem|false|false&#8221; custom_padding_tablet=&#8221;3rem|2rem|2rem|2rem|false|false&#8221; custom_padding_phone=&#8221;3rem|2rem|2rem|2rem|false|false&#8221; custom_padding_last_edited=&#8221;on|tablet&#8221; border_radii=&#8221;on|18px|18px|18px|18px&#8221; global_colors_info=&#8221;{}&#8221; custom_css_main_element_last_edited=&#8221;on|tablet&#8221;][et_pb_text admin_label=&#8221;H3 A5&#8243; module_class=&#8221;gruppe-a5&#8243; _builder_version=&#8221;4.27.5&#8243; _module_preset=&#8221;default&#8221; header_3_line_height=&#8221;135%&#8221; custom_margin=&#8221;|||3rem|false|false&#8221; global_colors_info=&#8221;{}&#8221;]<\/p>\n<h3><a href=\"\/en\/a\/a5\" title=\"Go to Website\">Postindustrial Futures<\/a><\/h3>\n<p>[\/et_pb_text][\/et_pb_column][et_pb_column type=&#8221;1_4&#8243; module_class=&#8221;team-column&#8221; admin_label=&#8221;Spalte li mitte A&#8221; _builder_version=&#8221;4.27.3&#8243; _module_preset=&#8221;default&#8221; background_color=&#8221;#B18DC0&#8243; custom_padding=&#8221;2rem|2rem|2rem|2rem|false|false&#8221; custom_padding_tablet=&#8221;3rem|2rem|2rem|2rem|false|false&#8221; custom_padding_phone=&#8221;3rem|2rem|2rem|2rem|false|false&#8221; custom_padding_last_edited=&#8221;on|tablet&#8221; border_radii=&#8221;on|18px|18px|18px|18px&#8221; global_colors_info=&#8221;{}&#8221; custom_css_main_element_last_edited=&#8221;on|tablet&#8221;][et_pb_text admin_label=&#8221;H3 A6&#8243; module_class=&#8221;gruppe-a6&#8243; _builder_version=&#8221;4.27.5&#8243; _module_preset=&#8221;default&#8221; header_3_line_height=&#8221;135%&#8221; custom_margin=&#8221;|||3rem|false|false&#8221; global_colors_info=&#8221;{}&#8221;]<\/p>\n<h3><a href=\"\/en\/a\/a6\" title=\"Go toWebsite\">Diversity in Socioecological Transformations <\/a><\/h3>\n<p>[\/et_pb_text][\/et_pb_column][et_pb_column type=&#8221;1_4&#8243; module_class=&#8221;team-column&#8221; admin_label=&#8221;Spalte re mitte A&#8221; _builder_version=&#8221;4.27.3&#8243; _module_preset=&#8221;default&#8221; background_color=&#8221;#B18DC0&#8243; custom_padding=&#8221;2rem|2rem|2rem|2rem|false|false&#8221; custom_padding_tablet=&#8221;3rem|2rem|2rem|2rem|false|false&#8221; custom_padding_phone=&#8221;3rem|2rem|2rem|2rem|false|false&#8221; custom_padding_last_edited=&#8221;on|tablet&#8221; border_radii=&#8221;on|18px|18px|18px|18px&#8221; global_colors_info=&#8221;{}&#8221; custom_css_main_element_last_edited=&#8221;on|tablet&#8221;][et_pb_text admin_label=&#8221;H3 A7&#8243; module_class=&#8221;gruppe-a7&#8243; _builder_version=&#8221;4.27.5&#8243; _module_preset=&#8221;default&#8221; header_3_line_height=&#8221;135%&#8221; custom_margin=&#8221;|||3rem|false|false&#8221; global_colors_info=&#8221;{}&#8221;]<\/p>\n<h3><a href=\"\/en\/a\/a7\" title=\"Go to Website\">Transregional Just Transition Governance<\/a><\/h3>\n<p>[\/et_pb_text][\/et_pb_column][et_pb_column type=&#8221;1_4&#8243; module_class=&#8221;team-column&#8221; admin_label=&#8221;Spalte re&#8221; _builder_version=&#8221;4.27.3&#8243; _module_preset=&#8221;default&#8221; background_enable_color=&#8221;off&#8221; custom_padding=&#8221;2rem|2rem|2rem|2rem|false|false&#8221; custom_padding_tablet=&#8221;3rem|2rem|2rem|2rem|false|false&#8221; custom_padding_phone=&#8221;3rem|2rem|2rem|2rem|false|false&#8221; custom_padding_last_edited=&#8221;on|tablet&#8221; border_radii=&#8221;on|18px|18px|18px|18px&#8221; global_colors_info=&#8221;{}&#8221; custom_css_main_element_last_edited=&#8221;on|tablet&#8221;][et_pb_text admin_label=&#8221;leer&#8221; _builder_version=&#8221;4.27.5&#8243; _module_preset=&#8221;default&#8221; header_3_line_height=&#8221;135%&#8221; custom_margin=&#8221;|||3rem|false|false&#8221; global_colors_info=&#8221;{}&#8221;][\/et_pb_text][\/et_pb_column][\/et_pb_row][\/et_pb_section][et_pb_section fb_built=&#8221;1&#8243; custom_padding_last_edited=&#8221;on|tablet&#8221; admin_label=&#8221;Networks activities section&#8221; module_id=&#8221;teams&#8221; module_class=&#8221;relaunch &#8221; _builder_version=&#8221;4.27.5&#8243; _module_preset=&#8221;default&#8221; background_enable_color=&#8221;off&#8221; transform_scale_tablet=&#8221;&#8221; transform_scale_phone=&#8221;&#8221; transform_scale_last_edited=&#8221;on|tablet&#8221; transform_translate_tablet=&#8221;&#8221; transform_translate_phone=&#8221;&#8221; transform_translate_last_edited=&#8221;on|tablet&#8221; transform_translate_linked_tablet=&#8221;off&#8221; transform_rotate_tablet=&#8221;&#8221; transform_rotate_phone=&#8221;&#8221; transform_rotate_last_edited=&#8221;on|tablet&#8221; transform_skew_tablet=&#8221;&#8221; transform_skew_phone=&#8221;&#8221; transform_skew_last_edited=&#8221;on|tablet&#8221; transform_origin_tablet=&#8221;&#8221; transform_origin_phone=&#8221;&#8221; transform_origin_last_edited=&#8221;on|tablet&#8221; transform_styles_last_edited=&#8221;on|tablet&#8221; custom_margin=&#8221;2rem||0px||false|false&#8221; custom_margin_tablet=&#8221;0rem||0px||false|false&#8221; custom_margin_phone=&#8221;0rem||0px||false|false&#8221; custom_margin_last_edited=&#8221;on|desktop&#8221; custom_padding=&#8221;1rem||4rem||false|false&#8221; custom_padding_tablet=&#8221;1rem||4rem||false|false&#8221; custom_padding_phone=&#8221;1rem||3rem||false|false&#8221; transform_styles_tablet=&#8221;&#8221; transform_styles_phone=&#8221;&#8221; border_width_bottom=&#8221;2px&#8221; global_colors_info=&#8221;{}&#8221;][et_pb_row use_custom_gutter=&#8221;on&#8221; gutter_width=&#8221;2&#8243; make_equal=&#8221;on&#8221; custom_padding_last_edited=&#8221;on|desktop&#8221; disabled_on=&#8221;off|off|off&#8221; _builder_version=&#8221;4.27.3&#8243; _module_preset=&#8221;default&#8221; width=&#8221;96%&#8221; width_tablet=&#8221;90%&#8221; width_phone=&#8221;90%&#8221; width_last_edited=&#8221;on|desktop&#8221; max_width=&#8221;1440px&#8221; module_alignment=&#8221;center&#8221; height_tablet=&#8221;&#8221; height_phone=&#8221;&#8221; height_last_edited=&#8221;on|phone&#8221; custom_margin=&#8221;||3rem||false|false&#8221; custom_padding=&#8221;||||false|false&#8221; custom_padding_tablet=&#8221;||||false|false&#8221; custom_padding_phone=&#8221;||||false|false&#8221; global_colors_info=&#8221;{}&#8221;][et_pb_column type=&#8221;4_4&#8243; _builder_version=&#8221;4.27.3&#8243; _module_preset=&#8221;default&#8221; background_enable_color=&#8221;off&#8221; custom_padding=&#8221;56px|0rem||0rem|false|false&#8221; custom_padding_tablet=&#8221;3rem|2rem|2rem|2rem|false|false&#8221; custom_padding_phone=&#8221;3rem|2rem|2rem|2rem|false|false&#8221; custom_padding_last_edited=&#8221;on|tablet&#8221; global_colors_info=&#8221;{}&#8221; custom_css_main_element_last_edited=&#8221;on|tablet&#8221;][et_pb_text admin_label=&#8221;H2 Network activities&#8221; _builder_version=&#8221;4.27.5&#8243; _module_preset=&#8221;default&#8221; background_color=&#8221;#ffffff&#8221; height=&#8221;40px&#8221; custom_padding=&#8221;|15px||15px|false|false&#8221; custom_css_main_element=&#8221;width: fit-content;||h2 {||  top: 3px;||  position: relative;||  ||} ||&#8221; border_radii=&#8221;on|16px|16px|16px|16px&#8221; border_width_all=&#8221;2px&#8221; global_colors_info=&#8221;{}&#8221;]<\/p>\n<h2>Network activities<\/h2>\n<p>[\/et_pb_text][\/et_pb_column][\/et_pb_row][et_pb_row column_structure=&#8221;1_2,1_2&#8243; use_custom_gutter=&#8221;on&#8221; gutter_width=&#8221;2&#8243; make_equal=&#8221;on&#8221; custom_padding_last_edited=&#8221;on|phone&#8221; admin_label=&#8221;Zeile &#8221; module_class=&#8221;teams-row&#8221; _builder_version=&#8221;4.27.3&#8243; _module_preset=&#8221;default&#8221; width=&#8221;96%&#8221; width_tablet=&#8221;90%&#8221; width_phone=&#8221;90%&#8221; width_last_edited=&#8221;on|desktop&#8221; max_width=&#8221;1440px&#8221; module_alignment=&#8221;center&#8221; custom_margin=&#8221;0px||20px||false|false&#8221; custom_margin_tablet=&#8221;0px||0px||false|false&#8221; custom_margin_phone=&#8221;0px||0px||false|false&#8221; custom_margin_last_edited=&#8221;on|tablet&#8221; custom_padding=&#8221;|0px||0px|false|false&#8221; custom_padding_tablet=&#8221;||||false|false&#8221; custom_padding_phone=&#8221;||||false|false&#8221; custom_css_main_element=&#8221;margin: 0 auto!important;||justify-content: center;&#8221; global_colors_info=&#8221;{}&#8221;][et_pb_column type=&#8221;1_2&#8243; module_class=&#8221;team-column&#8221; admin_label=&#8221;Spalte re&#8221; _builder_version=&#8221;4.27.5&#8243; _module_preset=&#8221;default&#8221; background_enable_color=&#8221;off&#8221; custom_padding=&#8221;0rem|0em|0rem|0rem|false|false&#8221; custom_padding_tablet=&#8221;0rem||0rem|0rem|false|false&#8221; custom_padding_phone=&#8221;0rem|2rem|0rem|2rem|false|false&#8221; custom_padding_last_edited=&#8221;on|phone&#8221; global_colors_info=&#8221;{}&#8221; custom_css_main_element_last_edited=&#8221;on|tablet&#8221;][et_pb_text admin_label=&#8221;Text&#8221; _builder_version=&#8221;4.27.5&#8243; _module_preset=&#8221;default&#8221; header_3_line_height=&#8221;135%&#8221; custom_margin=&#8221;|||3rem|false|false&#8221; custom_margin_tablet=&#8221;|3rem|||false|false&#8221; custom_margin_phone=&#8221;|||0rem|false|false&#8221; custom_margin_last_edited=&#8221;on|tablet&#8221; global_colors_info=&#8221;{}&#8221;]The JTC establishes a European research network connecting the 40 Just Transition Regions within the European Union on a scientific level. By that, we help building a growing European network of expertise with international, european and local significance for knowledge transfer and political councelling. Twice a year, a JTC-EU-Networking Conference is taking place and an interactive map for researchers is being built to achieve this.[\/et_pb_text][\/et_pb_column][et_pb_column type=&#8221;1_2&#8243; module_class=&#8221;team-column&#8221; admin_label=&#8221;Spalte re&#8221; _builder_version=&#8221;4.27.5&#8243; _module_preset=&#8221;default&#8221; background_enable_color=&#8221;off&#8221; custom_padding=&#8221;0rem|0rem|0rem|0rem|false|false&#8221; custom_padding_tablet=&#8221;0rem|0rem|0rem|0rem|false|false&#8221; custom_padding_phone=&#8221;0rem|2rem|0rem|2rem|false|false&#8221; custom_padding_last_edited=&#8221;on|phone&#8221; global_colors_info=&#8221;{}&#8221; custom_css_main_element_last_edited=&#8221;on|tablet&#8221;][et_pb_text admin_label=&#8221;Text&#8221; _builder_version=&#8221;4.27.5&#8243; _module_preset=&#8221;default&#8221; header_3_line_height=&#8221;135%&#8221; custom_margin=&#8221;|||3rem|false|false&#8221; custom_margin_tablet=&#8221;|3rem|||false|false&#8221; custom_margin_phone=&#8221;|0rem||0rem|false|false&#8221; custom_margin_last_edited=&#8221;on|tablet&#8221; global_colors_info=&#8221;{}&#8221;][\/et_pb_text][\/et_pb_column][\/et_pb_row][et_pb_row column_structure=&#8221;1_2,1_2&#8243; use_custom_gutter=&#8221;on&#8221; gutter_width=&#8221;2&#8243; make_equal=&#8221;on&#8221; custom_padding_last_edited=&#8221;on|phone&#8221; admin_label=&#8221;Zeile &#8221; module_class=&#8221;teams-row&#8221; _builder_version=&#8221;4.27.5&#8243; _module_preset=&#8221;default&#8221; width=&#8221;96%&#8221; width_tablet=&#8221;90%&#8221; width_phone=&#8221;90%&#8221; width_last_edited=&#8221;on|desktop&#8221; max_width=&#8221;1440px&#8221; module_alignment=&#8221;center&#8221; custom_margin=&#8221;4rem||20px||false|false&#8221; custom_margin_tablet=&#8221;0px||0px||false|false&#8221; custom_margin_phone=&#8221;0px||0px||false|false&#8221; custom_margin_last_edited=&#8221;on|tablet&#8221; custom_padding=&#8221;|0px||0px|false|false&#8221; custom_padding_tablet=&#8221;||||false|false&#8221; custom_padding_phone=&#8221;||||false|false&#8221; custom_css_main_element=&#8221;margin: 0 auto!important;||justify-content: center;&#8221; global_colors_info=&#8221;{}&#8221;][et_pb_column type=&#8221;1_2&#8243; module_class=&#8221;team-column&#8221; admin_label=&#8221;Spalte re&#8221; _builder_version=&#8221;4.27.5&#8243; _module_preset=&#8221;default&#8221; background_enable_color=&#8221;off&#8221; custom_padding=&#8221;0rem|0em|0rem|0rem|false|false&#8221; custom_padding_tablet=&#8221;0rem||0rem|0rem|false|false&#8221; custom_padding_phone=&#8221;0rem|2rem|0rem|2rem|false|false&#8221; custom_padding_last_edited=&#8221;on|phone&#8221; global_colors_info=&#8221;{}&#8221; custom_css_main_element_last_edited=&#8221;on|tablet&#8221;][et_pb_text admin_label=&#8221;Text&#8221; _builder_version=&#8221;4.27.5&#8243; _module_preset=&#8221;default&#8221; header_3_line_height=&#8221;135%&#8221; custom_margin=&#8221;|||3rem|false|false&#8221; custom_margin_tablet=&#8221;|3rem|||false|false&#8221; custom_margin_phone=&#8221;|||0rem|false|false&#8221; custom_margin_last_edited=&#8221;on|tablet&#8221; hover_enabled=&#8221;0&#8243; global_colors_info=&#8221;{}&#8221; sticky_enabled=&#8221;0&#8243;]<\/p>\n<h3>JTC-EU-Networking Conference<\/h3>\n<p>With our EU-wide and international academic JTC-EU-Networking Conference we offer researchers and cooperation partners from different disciplines both:<br \/>\nThe integration into an existing network and the networking of academic communities as a basis for long-term cooperation on social, environmental, technological, and economic issues in Just Transition regions.[\/et_pb_text][et_pb_button button_url=&#8221;@ET-DC@eyJkeW5hbWljIjp0cnVlLCJjb250ZW50IjoicG9zdF9saW5rX3VybF9wb3N0Iiwic2V0dGluZ3MiOnsicG9zdF9pZCI6IjE4MzE1In19@&#8221; button_text=&#8221;Go to project page&#8221; _builder_version=&#8221;4.27.5&#8243; _dynamic_attributes=&#8221;button_url&#8221; _module_preset=&#8221;default&#8221; custom_button=&#8221;on&#8221; button_border_width=&#8221;2px&#8221; custom_margin=&#8221;|||3rem|false|false&#8221; custom_margin_tablet=&#8221;1rem||2rem||false|false&#8221; custom_margin_phone=&#8221;1rem||2rem||false|false&#8221; custom_margin_last_edited=&#8221;on|desktop&#8221; global_colors_info=&#8221;{}&#8221;][\/et_pb_button][et_pb_image _builder_version=&#8221;4.27.5&#8243; _module_preset=&#8221;default&#8221; title_text=&#8221;1st JTC EU-Networking Conference, Speed Dating, Day 2, Foto:  JTC | Laura Stoll&#8221; src=&#8221;https:\/\/jtc.uni-halle.de\/wp-content\/uploads\/2025\/11\/94-JTC-Netzwerktreffen_Tag2-94.jpg&#8221; custom_margin_last_edited=&#8221;on|desktop&#8221; custom_margin=&#8221;2rem|||3rem|false|false&#8221; hover_enabled=&#8221;0&#8243; sticky_enabled=&#8221;0&#8243; custom_margin_tablet=&#8221;|3rem|||false|false&#8221; custom_margin_phone=&#8221;|0rem||0px|false|false&#8221; border_radii=&#8221;on|18px|18px|18px|18px&#8221;][\/et_pb_image][\/et_pb_column][et_pb_column type=&#8221;1_2&#8243; module_class=&#8221;team-column&#8221; admin_label=&#8221;Spalte re&#8221; _builder_version=&#8221;4.27.5&#8243; _module_preset=&#8221;default&#8221; background_enable_color=&#8221;off&#8221; custom_padding=&#8221;0rem|0rem|0rem|0rem|false|false&#8221; custom_padding_tablet=&#8221;0rem|0rem|0rem|0rem|false|false&#8221; custom_padding_phone=&#8221;0rem|2rem|0rem|2rem|false|false&#8221; custom_padding_last_edited=&#8221;on|phone&#8221; global_colors_info=&#8221;{}&#8221; custom_css_main_element_last_edited=&#8221;on|tablet&#8221;][et_pb_text admin_label=&#8221;Text&#8221; _builder_version=&#8221;4.27.5&#8243; _module_preset=&#8221;default&#8221; header_3_line_height=&#8221;135%&#8221; custom_margin=&#8221;|||3rem|false|false&#8221; custom_margin_tablet=&#8221;|3rem|||false|false&#8221; custom_margin_phone=&#8221;|0rem||0rem|false|false&#8221; custom_margin_last_edited=&#8221;on|tablet&#8221; global_colors_info=&#8221;{}&#8221;]<\/p>\n<h3>JTC_Oak \u2013 The Open academic Network<\/h3>\n<p>JTC_Oak \u2013 The Open academic Network aims to foster dialogue among those engaged with the social, environmental and political impacts of regions undergoing structural change. To this end, we have developed a range of free, non-proprietary and open-source resources, including a map, a database and a social network visualisation. These resources were created by Dr Gregory Gan with the support of Susanna Segura R\u00fctz, Milan Harms and colleagues at the JTC.[\/et_pb_text][et_pb_button button_url=&#8221;@ET-DC@eyJkeW5hbWljIjp0cnVlLCJjb250ZW50IjoicG9zdF9saW5rX3VybF9wb3N0Iiwic2V0dGluZ3MiOnsicG9zdF9pZCI6Ijc3NzQifX0=@&#8221; button_text=&#8221;Go to project page&#8221; _builder_version=&#8221;4.27.5&#8243; _dynamic_attributes=&#8221;button_url&#8221; _module_preset=&#8221;default&#8221; custom_button=&#8221;on&#8221; button_border_width=&#8221;2px&#8221; custom_margin=&#8221;|||3rem|false|false&#8221; custom_margin_tablet=&#8221;1rem||2rem||false|false&#8221; custom_margin_phone=&#8221;1rem||2rem||false|false&#8221; custom_margin_last_edited=&#8221;on|desktop&#8221; global_colors_info=&#8221;{}&#8221;][\/et_pb_button][et_pb_image _builder_version=&#8221;4.27.5&#8243; _module_preset=&#8221;default&#8221; title_text=&#8221;JTC_Oak Map&#8221; src=&#8221;https:\/\/jtc.uni-halle.de\/wp-content\/uploads\/2026\/08\/jtc_oak_umap-preview-landscape-1920.webp&#8221; custom_margin_last_edited=&#8221;on|desktop&#8221; custom_margin=&#8221;2rem|||3rem|false|false&#8221; hover_enabled=&#8221;0&#8243; sticky_enabled=&#8221;0&#8243; custom_margin_tablet=&#8221;|3rem|||false|false&#8221; custom_margin_phone=&#8221;|0rem||0px|false|false&#8221; border_radii=&#8221;on|18px|18px|18px|18px&#8221; alt=&#8221;JTC_Oak Map Preview&#8221;][\/et_pb_image][\/et_pb_column][\/et_pb_row][\/et_pb_section][et_pb_section fb_built=&#8221;1&#8243; admin_label=&#8221;Tab section&#8221; module_class=&#8221;relaunch tab-section&#8221; _builder_version=&#8221;4.27.5&#8243; _module_preset=&#8221;default&#8221; transform_scale_tablet=&#8221;&#8221; transform_scale_phone=&#8221;&#8221; transform_scale_last_edited=&#8221;on|tablet&#8221; transform_translate_tablet=&#8221;&#8221; transform_translate_phone=&#8221;&#8221; transform_translate_last_edited=&#8221;on|tablet&#8221; transform_translate_linked_tablet=&#8221;off&#8221; transform_rotate_tablet=&#8221;&#8221; transform_rotate_phone=&#8221;&#8221; transform_rotate_last_edited=&#8221;on|tablet&#8221; transform_skew_tablet=&#8221;&#8221; transform_skew_phone=&#8221;&#8221; transform_skew_last_edited=&#8221;on|tablet&#8221; transform_origin_tablet=&#8221;&#8221; transform_origin_phone=&#8221;&#8221; transform_origin_last_edited=&#8221;on|tablet&#8221; transform_styles_last_edited=&#8221;on|tablet&#8221; custom_margin=&#8221;||||false|false&#8221; custom_margin_tablet=&#8221;1px||||false|false&#8221; custom_margin_phone=&#8221;||||false|false&#8221; custom_margin_last_edited=&#8221;on|desktop&#8221; custom_padding=&#8221;||0px||false|false&#8221; transform_styles_tablet=&#8221;&#8221; transform_styles_phone=&#8221;&#8221; border_width_bottom=&#8221;2px&#8221; global_colors_info=&#8221;{}&#8221;][et_pb_row use_custom_gutter=&#8221;on&#8221; gutter_width=&#8221;2&#8243; make_equal=&#8221;on&#8221; custom_padding_last_edited=&#8221;on|desktop&#8221; _builder_version=&#8221;4.27.3&#8243; _module_preset=&#8221;default&#8221; width=&#8221;96%&#8221; width_tablet=&#8221;90%&#8221; width_phone=&#8221;90%&#8221; width_last_edited=&#8221;on|desktop&#8221; max_width=&#8221;1440px&#8221; module_alignment=&#8221;center&#8221; custom_margin=&#8221;||||false|false&#8221; custom_padding=&#8221;||||false|false&#8221; custom_padding_tablet=&#8221;||||false|false&#8221; custom_padding_phone=&#8221;||||false|false&#8221; global_colors_info=&#8221;{}&#8221;][et_pb_column type=&#8221;4_4&#8243; _builder_version=&#8221;4.27.3&#8243; _module_preset=&#8221;default&#8221; background_enable_color=&#8221;off&#8221; custom_padding=&#8221;|0rem||0rem|false|false&#8221; custom_padding_tablet=&#8221;3rem|2rem|2rem|2rem|false|false&#8221; custom_padding_phone=&#8221;3rem|2rem|2rem|2rem|false|false&#8221; custom_padding_last_edited=&#8221;on|tablet&#8221; border_radii=&#8221;on|18px|18px|18px|18px&#8221; global_colors_info=&#8221;{}&#8221; custom_css_main_element_last_edited=&#8221;on|tablet&#8221;][et_pb_tabs _builder_version=&#8221;4.27.5&#8243; _module_preset=&#8221;default&#8221; global_colors_info=&#8221;{}&#8221;][et_pb_tab title=&#8221;Projects&#8221; _builder_version=&#8221;4.27.5&#8243; _module_preset=&#8221;default&#8221; global_colors_info=&#8221;{}&#8221;]<div class=\"blog-projekte swiper slider-container\" data-arrows=\"false\" data-dots=\"false\"><div class=\"swiper-wrapper\"><div class=\"swiper-slide\"><div class=\"blog-item\"><h3><a href=\"https:\/\/jtc.uni-halle.de\/en\/promoting-further-professional-development\/\">Promoting further professional development in the context of structural change<\/a><\/h3><div class=\"excerpt\">[et_pb_section fb_built=&#8221;1&#8243; admin_label=&#8221;Hero section&#8221; module_class=&#8221;relaunch&#8221; _builder_version=&#8221;4.27.3&#8243; _module_preset=&#8221;default&#8221; transform_scale_tablet=&#8221;&#8221; transform_scale_phone=&#8221;&#8221; transform_scale_last_edited=&#8221;on|tablet&#8221; transform_translate_tablet=&#8221;&#8221; transform_translate_phone=&#8221;&#8221; transform_translate_last_edited=&#8221;on|tablet&#8221; transform_translate_linked_tablet=&#8221;off&#8221; transform_rotate_tablet=&#8221;&#8221; transform_rotate_phone=&#8221;&#8221; transform_rotate_last_edited=&#8221;on|tablet&#8221; transform_skew_tablet=&#8221;&#8221; transform_skew_phone=&#8221;&#8221; transform_skew_last_edited=&#8221;on|tablet&#8221; transform_origin_tablet=&#8221;&#8221; transform_origin_phone=&#8221;&#8221; transform_origin_last_edited=&#8221;on|tablet&#8221; transform_styles_last_edited=&#8221;on|tablet&#8221; z_index=&#8221;9999&#8243; custom_margin=&#8221;||0px||false|false&#8221; custom_margin_tablet=&#8221;||||false|false&#8221; custom_margin_phone=&#8221;||||false|false&#8221; custom_margin_last_edited=&#8221;on|tablet&#8221; custom_padding=&#8221;||0px||false|false&#8221; [&hellip;]<\/div><a class=\"read-more\" href=\"https:\/\/jtc.uni-halle.de\/en\/promoting-further-professional-development\/\">Read more<\/a><\/div><\/div><div class=\"swiper-slide\"><div class=\"blog-item\"><h3><a href=\"https:\/\/jtc.uni-halle.de\/en\/field-course-on-just-transition-brussels-june-2026\/\">Field Course on Just Transition &#8211; Brussels, June 2026<\/a><\/h3><div class=\"excerpt\">What is \u201ajust transition\u2018? How do European Cohesion Policy and the strive for climate neutrality work across scales? And how does this relate to Brussels\u2018 famous Art Nouveau architecture?<\/div><a class=\"read-more\" href=\"https:\/\/jtc.uni-halle.de\/en\/field-course-on-just-transition-brussels-june-2026\/\">Read more<\/a><\/div><\/div><div class=\"swiper-slide\"><div class=\"blog-item\"><h3><a href=\"https:\/\/jtc.uni-halle.de\/en\/revierpionier-and-local-engagement-in-structural-change-opportunities-limits-and-tensions\/\">When Engagement Shapes Transformation: \u201cRevierpionier\u201d and Local Engagement in Structural Change \u2013 Opportunities, Limits, and Tensions<\/a><\/h3><div class=\"excerpt\">How can local, volunteer-based engagement drive societal transformation and strengthen social cohesion in a region undergoing structural change\u2014and where does it encounter structural limits? <\/div><a class=\"read-more\" href=\"https:\/\/jtc.uni-halle.de\/en\/revierpionier-and-local-engagement-in-structural-change-opportunities-limits-and-tensions\/\">Read more<\/a><\/div><\/div><div class=\"swiper-slide\"><div class=\"blog-item\"><h3><a href=\"https:\/\/jtc.uni-halle.de\/en\/loss-a-perspective-on-socio-ecological-transformation-in-the-city\/\">Loss \u2013 A Perspective on Socio-Ecological Transformation in the City<\/a><\/h3><div class=\"excerpt\">Drawing on empirical research conducted among others in Halle (Saale), the project explores the significance of experiences, practices, and sites of loss within processes of socio-ecological transformation in cities.<\/div><a class=\"read-more\" href=\"https:\/\/jtc.uni-halle.de\/en\/loss-a-perspective-on-socio-ecological-transformation-in-the-city\/\">Read more<\/a><\/div><\/div><div class=\"swiper-slide\"><div class=\"blog-item\"><h3><a href=\"https:\/\/jtc.uni-halle.de\/en\/stories-of-transformation-spaces-of-possibility-participatory-approaches-to-exploring-experiences-of-change-and-future-imaginaries-in-wolfen-nord\/\">Stories of Transformation, Spaces of Possibility: Participatory Approaches to Exploring Experiences of Change and Future Imaginaries in Wolfen-Nord<\/a><\/h3><div class=\"excerpt\">This participatory knowledge-transfer project develops innovative formats at the interface of research and practice. It addresses a central question: How can diverse experiences of transformation be made visible and brought into dialogue\u2014and how might these conversations generate ideas for socially just, ecological, and democratic urban and neighbourhood development?<\/div><a class=\"read-more\" href=\"https:\/\/jtc.uni-halle.de\/en\/stories-of-transformation-spaces-of-possibility-participatory-approaches-to-exploring-experiences-of-change-and-future-imaginaries-in-wolfen-nord\/\">Read more<\/a><\/div><\/div><\/div><\/div>[\/et_pb_tab][et_pb_tab title=&#8221;News&#8221; _builder_version=&#8221;4.27.5&#8243; _module_preset=&#8221;default&#8221; global_colors_info=&#8221;{}&#8221;]<\/p>\n<div class=\"blog-news swiper slider-container\" data-arrows=\"false\" data-dots=\"false\"><div class=\"swiper-wrapper\"><div class=\"swiper-slide\"><div class=\"blog-item\"><div class=\"badges\"><\/div><h3><a href=\"https:\/\/jtc.uni-halle.de\/en\/water-and-transformation-field-visit-to-bitterfeld-wolfen\/\">Water and Transformation: Field Visit to Bitterfeld-Wolfen<\/a><\/h3><p class=\"meta\">23 July, 2026<\/p><div class=\"excerpt\">What role does water play in sustainable transformation of cities and regions? Field trip with Revier Scout Christian Hennicke on 16th June 2026.<\/div><a class=\"read-more\" href=\"https:\/\/jtc.uni-halle.de\/en\/water-and-transformation-field-visit-to-bitterfeld-wolfen\/\">Read more<\/a><div class=\"thumbnail\"><img loading=\"lazy\" decoding=\"async\" width=\"1920\" height=\"1285\" src=\"https:\/\/jtc.uni-halle.de\/wp-content\/uploads\/2026\/07\/Gruppenbild-mit-dem-BUND_JTC-2.jpg\" class=\"attachment-full size-full wp-post-image\" alt=\"\" srcset=\"https:\/\/jtc.uni-halle.de\/wp-content\/uploads\/2026\/07\/Gruppenbild-mit-dem-BUND_JTC-2.jpg 1920w, https:\/\/jtc.uni-halle.de\/wp-content\/uploads\/2026\/07\/Gruppenbild-mit-dem-BUND_JTC-2-1280x857.jpg 1280w, https:\/\/jtc.uni-halle.de\/wp-content\/uploads\/2026\/07\/Gruppenbild-mit-dem-BUND_JTC-2-980x656.jpg 980w, https:\/\/jtc.uni-halle.de\/wp-content\/uploads\/2026\/07\/Gruppenbild-mit-dem-BUND_JTC-2-480x321.jpg 480w\" sizes=\"(min-width: 0px) and (max-width: 480px) 480px, (min-width: 481px) and (max-width: 980px) 980px, (min-width: 981px) and (max-width: 1280px) 1280px, (min-width: 1281px) 1920px, 100vw\" \/><\/div><\/div><\/div><div class=\"swiper-slide\"><div class=\"blog-item\"><div class=\"badges\"><\/div><h3><a href=\"https:\/\/jtc.uni-halle.de\/en\/research-and-wonder-long-night-of-science-2026\/\">Research and Wonder: Long Night of Science 2026<\/a><\/h3><p class=\"meta\">13 July, 2026<\/p><div class=\"excerpt\">At six different stations in the whole city of Halle, visitors could discover the wide range of research of the JTC.<\/div><a class=\"read-more\" href=\"https:\/\/jtc.uni-halle.de\/en\/research-and-wonder-long-night-of-science-2026\/\">Read more<\/a><div class=\"thumbnail\"><img loading=\"lazy\" decoding=\"async\" width=\"2048\" height=\"1536\" src=\"https:\/\/jtc.uni-halle.de\/wp-content\/uploads\/2026\/07\/IMG_5560.jpeg\" class=\"attachment-full size-full wp-post-image\" alt=\"\" srcset=\"https:\/\/jtc.uni-halle.de\/wp-content\/uploads\/2026\/07\/IMG_5560.jpeg 2048w, https:\/\/jtc.uni-halle.de\/wp-content\/uploads\/2026\/07\/IMG_5560-1280x960.jpeg 1280w, https:\/\/jtc.uni-halle.de\/wp-content\/uploads\/2026\/07\/IMG_5560-980x735.jpeg 980w, https:\/\/jtc.uni-halle.de\/wp-content\/uploads\/2026\/07\/IMG_5560-480x360.jpeg 480w\" sizes=\"(min-width: 0px) and (max-width: 480px) 480px, (min-width: 481px) and (max-width: 980px) 980px, (min-width: 981px) and (max-width: 1280px) 1280px, (min-width: 1281px) 2048px, 100vw\" \/><\/div><\/div><\/div><div class=\"swiper-slide\"><div class=\"blog-item\"><div class=\"badges\"><\/div><h3><a href=\"https:\/\/jtc.uni-halle.de\/en\/workshop-transregional-ressource-governance-and-transnational-value-chains\/\">Workshop: Transregional Ressource Governance and Transnational Value Chains<\/a><\/h3><p class=\"meta\">1 July, 2026<\/p><div class=\"excerpt\">International Workshop on critical raw materials, value chains and a common research agenda. <\/div><a class=\"read-more\" href=\"https:\/\/jtc.uni-halle.de\/en\/workshop-transregional-ressource-governance-and-transnational-value-chains\/\">Read more<\/a><div class=\"thumbnail\"><img loading=\"lazy\" decoding=\"async\" width=\"2048\" height=\"1836\" src=\"https:\/\/jtc.uni-halle.de\/wp-content\/uploads\/2026\/06\/49cc4279-cc0a-465e-b967-c94a68399ca8.jpg\" class=\"attachment-full size-full wp-post-image\" alt=\"\" srcset=\"https:\/\/jtc.uni-halle.de\/wp-content\/uploads\/2026\/06\/49cc4279-cc0a-465e-b967-c94a68399ca8.jpg 2048w, https:\/\/jtc.uni-halle.de\/wp-content\/uploads\/2026\/06\/49cc4279-cc0a-465e-b967-c94a68399ca8-1280x1148.jpg 1280w, https:\/\/jtc.uni-halle.de\/wp-content\/uploads\/2026\/06\/49cc4279-cc0a-465e-b967-c94a68399ca8-980x879.jpg 980w, https:\/\/jtc.uni-halle.de\/wp-content\/uploads\/2026\/06\/49cc4279-cc0a-465e-b967-c94a68399ca8-480x430.jpg 480w\" sizes=\"(min-width: 0px) and (max-width: 480px) 480px, (min-width: 481px) and (max-width: 980px) 980px, (min-width: 981px) and (max-width: 1280px) 1280px, (min-width: 1281px) 2048px, 100vw\" \/><\/div><\/div><\/div><div class=\"swiper-slide\"><div class=\"blog-item\"><div class=\"badges\"><\/div><h3><a href=\"https:\/\/jtc.uni-halle.de\/en\/lively-discussion-with-panellists-and-audience-following-film-screening\/\">Lively Discussion With Panellists and Audience Following Film Screening<\/a><\/h3><p class=\"meta\">1 July, 2026<\/p><div class=\"excerpt\">On June, 25, filmmakers and researchers discussed the documentary \"Operation Afrika\" on the hunt for the raw materials of the future. <\/div><a class=\"read-more\" href=\"https:\/\/jtc.uni-halle.de\/en\/lively-discussion-with-panellists-and-audience-following-film-screening\/\">Read more<\/a><div class=\"thumbnail\"><img loading=\"lazy\" decoding=\"async\" width=\"1978\" height=\"1536\" src=\"https:\/\/jtc.uni-halle.de\/wp-content\/uploads\/2026\/07\/Rohstoffe-der-Zukunft_Kinopodium_JTC.jpg\" class=\"attachment-full size-full wp-post-image\" alt=\"\" srcset=\"https:\/\/jtc.uni-halle.de\/wp-content\/uploads\/2026\/07\/Rohstoffe-der-Zukunft_Kinopodium_JTC.jpg 1978w, https:\/\/jtc.uni-halle.de\/wp-content\/uploads\/2026\/07\/Rohstoffe-der-Zukunft_Kinopodium_JTC-1280x994.jpg 1280w, https:\/\/jtc.uni-halle.de\/wp-content\/uploads\/2026\/07\/Rohstoffe-der-Zukunft_Kinopodium_JTC-980x761.jpg 980w, https:\/\/jtc.uni-halle.de\/wp-content\/uploads\/2026\/07\/Rohstoffe-der-Zukunft_Kinopodium_JTC-480x373.jpg 480w\" sizes=\"(min-width: 0px) and (max-width: 480px) 480px, (min-width: 481px) and (max-width: 980px) 980px, (min-width: 981px) and (max-width: 1280px) 1280px, (min-width: 1281px) 1978px, 100vw\" \/><\/div><\/div><\/div><div class=\"swiper-slide\"><div class=\"blog-item\"><div class=\"badges\"><\/div><h3><a href=\"https:\/\/jtc.uni-halle.de\/en\/good-neighbourhood-relations-safe-coexistence-diversity-prevention-day\/\">Good Neighbourhood Relations for Safe Coexistence in Diversity<\/a><\/h3><p class=\"meta\">16 June, 2026<\/p><div class=\"excerpt\">Team A6 on 11th June at the City of Halle Prevention Day<\/div><a class=\"read-more\" href=\"https:\/\/jtc.uni-halle.de\/en\/good-neighbourhood-relations-safe-coexistence-diversity-prevention-day\/\">Read more<\/a><div class=\"thumbnail\"><img loading=\"lazy\" decoding=\"async\" width=\"1920\" height=\"1501\" src=\"https:\/\/jtc.uni-halle.de\/wp-content\/uploads\/2026\/06\/Stadthaus-von-Halle-Saale-Austragungsort-des-zweiten-Praeventionstages-2-scaled-1.jpg\" class=\"attachment-full size-full wp-post-image\" alt=\"Stadthaus Halle mit einem Marktplatz davor, auf dem eine H\u00e4ndel-Statue steht und sich Menschen aufhalten.\" srcset=\"https:\/\/jtc.uni-halle.de\/wp-content\/uploads\/2026\/06\/Stadthaus-von-Halle-Saale-Austragungsort-des-zweiten-Praeventionstages-2-scaled-1.jpg 1920w, https:\/\/jtc.uni-halle.de\/wp-content\/uploads\/2026\/06\/Stadthaus-von-Halle-Saale-Austragungsort-des-zweiten-Praeventionstages-2-scaled-1-1280x1001.jpg 1280w, https:\/\/jtc.uni-halle.de\/wp-content\/uploads\/2026\/06\/Stadthaus-von-Halle-Saale-Austragungsort-des-zweiten-Praeventionstages-2-scaled-1-980x766.jpg 980w, https:\/\/jtc.uni-halle.de\/wp-content\/uploads\/2026\/06\/Stadthaus-von-Halle-Saale-Austragungsort-des-zweiten-Praeventionstages-2-scaled-1-480x375.jpg 480w\" sizes=\"(min-width: 0px) and (max-width: 480px) 480px, (min-width: 481px) and (max-width: 980px) 980px, (min-width: 981px) and (max-width: 1280px) 1280px, (min-width: 1281px) 1920px, 100vw\" \/><\/div><\/div><\/div><\/div><\/div>\n<p><a class=\"events-read-more\" href=\"\/news\">All News<\/a>[\/et_pb_tab][et_pb_tab title=&#8221;Events&#8221; _builder_version=&#8221;4.27.5&#8243; _module_preset=&#8221;default&#8221; custom_padding=&#8221;||||false|false&#8221; global_colors_info=&#8221;{}&#8221;]<div class='content-column one_half'><h3>We cordially invite you<\/h3>\n<p>To ipsant fugitate vellab int, simusan dandero vitatem sedio modicietum alibusam quia culpa inullesto dolupie ndant.<br \/>\nXiminvent rehendes voluptatem doloren daeriae rernam quatendae. Velibea sitatur, te vendi doluptae odis dolupti dolo molupta illa ea sapiendem doluptaspe magniendipid ut exceriaspel in coresto exped. <\/p>\n<p><a class=\"events-read-more\" href=\"\/events\">All Events<\/a><br \/><\/div><br \/>\n<div class='content-column one_half last_column'><!=========Events list Template 2.4.6=========><div id=\"ect-events-list-content\"><div id=\"list-wrp\" class=\"ect-list-wrapper jtc a a1 a2 a3 a4 a5 a6 a7\"><div id=\"event-23939\" class=\"ect-list-post style-1 ect-simple-event future\"><div class=\"ect-list-post-left \">\n\t\t\t\t<div class=\"ect-list-img\" style=\"background-image:url(&#039;https:\/\/jtc.uni-halle.de\/wp-content\/uploads\/2026\/07\/Webseite-Event-Header_GBM-1024x683.jpg&#039;);background-size:cover;\"><a href=\"https:\/\/jtc.uni-halle.de\/en\/event\/gbm-award-ceremony\/\" alt=\"GBM Award Ceremony &#8211; Recipient M. Sc. Ludwig Krau\u00df\" rel=\"bookmark\"><div class=\"ect-list-date\"><div class=\"ect-date-area default-schedule\"><span class=\"ev-day\">01<\/span>\n\t\t\t\t\t<span class=\"ev-mo\">September<\/span>\n\t\t\t\t\t<span class=\"ev-yr\">2026<\/span><\/div><\/div><\/a><\/div><\/div><!-- left-post close --><div class=\"ect-list-post-right\">\n\t\t\t\t<div class=\"ect-list-post-right-table\"><div class=\"ect-list-description\"><h2 class=\"ect-list-title\"><a class=\"ect-event-url\" href=\"https:\/\/jtc.uni-halle.de\/en\/event\/gbm-award-ceremony\/\" rel=\"bookmark\">GBM Award Ceremony &#8211; Recipient M. Sc. Ludwig Krau\u00df<\/a><\/h2><!-- Event Content --><div class=\"ect-event-content\"><p>Award ceremony for an outstanding Master\u2019s thesis in the field of biochemistry and molecular biology within the JTC innovation team \u2018Designer proteins as bio-based binders\u2019<\/p>\n<\/div><a href=\"https:\/\/jtc.uni-halle.de\/en\/event\/gbm-award-ceremony\/\" class=\"ect-events-read-more\" rel=\"bookmark\">mehr<\/a><\/div><div class=\"ect-list-venue default-venue\"><span class=\"ect-icon\"><i class=\"ect-icon-location\"><\/i><\/span><!-- Event Venue Info -->\n\t\t\t\t\t\t\t<span class=\"ect-venue-details ect-address\">\n\t\t\t\t\t\t\t<div>Gro\u00dfer H\u00f6rsaal Biochemie,<span class=\"tribe-address\">\n\n<span class=\"tribe-street-address\">Kurt-Mothes-Stra\u00dfe 3<\/span>\n\t\n\t\t<br>\n\t\t<span class=\"tribe-locality\">Halle (Saale)<\/span><span class=\"tribe-delimiter\">,<\/span>\n\n\t<abbr class=\"tribe-region tribe-events-abbr\" title=\"Sachsen-Anhalt\">Sachsen-Anhalt<\/abbr>\n\n\t<span class=\"tribe-postal-code\">06120<\/span>\n\n\t<span class=\"tribe-country-name\">Germany<\/span>\n\n<\/span>\n<\/div><span class=\"ect-google\"><a class=\"tribe-events-gmap\" href=\"https:\/\/maps.google.com\/maps?f=q&#038;source=s_q&#038;hl=en&#038;geocode=&#038;q=Kurt-Mothes-Stra%C3%9Fe+3+Halle+%28Saale%29+Sachsen-Anhalt+06120+Germany\" title=\"Click to view a Google Map\" target=\"_blank\" rel=\"noreferrer noopener\">+ Google Map<\/a><\/span><\/span><\/div><\/div><\/div><!-- right-wrapper close --><\/div><!-- event-loop-end --><div id=\"event-21870\" class=\"ect-list-post style-1 ect-simple-event future\"><div class=\"ect-list-post-left \">\n\t\t\t\t<div class=\"ect-list-img\" style=\"background-image:url(&#039;https:\/\/jtc.uni-halle.de\/wp-content\/uploads\/2026\/04\/Screenshot_JT-conference-2-1024x444.png&#039;);background-size:cover;\"><a href=\"https:\/\/jtc.uni-halle.de\/en\/event\/just-transitions-net-zero-world-conference\/\" alt=\"Just Transitions to a Net Zero World: Third Annual International Conference\" rel=\"bookmark\"><div class=\"ect-list-date\"><div class=\"ect-date-area default-schedule\"><span class=\"ev-day\">10<\/span>\n\t\t\t\t\t<span class=\"ev-mo\">September<\/span>\n\t\t\t\t\t<span class=\"ev-yr\">2026<\/span><\/div><\/div><\/a><\/div><\/div><!-- left-post close --><div class=\"ect-list-post-right\">\n\t\t\t\t<div class=\"ect-list-post-right-table\"><div class=\"ect-list-description\"><h2 class=\"ect-list-title\"><a class=\"ect-event-url\" href=\"https:\/\/jtc.uni-halle.de\/en\/event\/just-transitions-net-zero-world-conference\/\" rel=\"bookmark\">Just Transitions to a Net Zero World: Third Annual International Conference<\/a><\/h2><!-- Event Content --><div class=\"ect-event-content\"><p>Durham University\u2019s Centre for Sustainable Development Law and Policy (CSDLP) and the European Center of Just Transition Research and Impact-Driven Transfer (JTC) at Martin Luther University Halle-Wittenberg are pleased to announce our third Annual International Conference on Just Transitions to a Net Zero World, to be held at Durham University on 10-11 September 2026. <\/p>\n<\/div><a href=\"https:\/\/jtc.uni-halle.de\/en\/event\/just-transitions-net-zero-world-conference\/\" class=\"ect-events-read-more\" rel=\"bookmark\">mehr<\/a><\/div><div class=\"ect-list-venue default-venue\"><span class=\"ect-icon\"><i class=\"ect-icon-location\"><\/i><\/span><!-- Event Venue Info -->\n\t\t\t\t\t\t\t<span class=\"ect-venue-details ect-address\">\n\t\t\t\t\t\t\t<div>Durham University,<span class=\"tribe-address\">\n\n<span class=\"tribe-street-address\">Stockton Road<\/span>\n\t\n\t\t<br>\n\t\t<span class=\"tribe-locality\">Durham<\/span><span class=\"tribe-delimiter\">,<\/span>\n\n\n\t<span class=\"tribe-postal-code\">DH1 3LE<\/span>\n\n\t<span class=\"tribe-country-name\">United Kingdom<\/span>\n\n<\/span>\n<\/div><span class=\"ect-google\"><a class=\"tribe-events-gmap\" href=\"https:\/\/maps.google.com\/maps?f=q&#038;source=s_q&#038;hl=en&#038;geocode=&#038;q=Stockton+Road+Durham+DH1+3LE+United+Kingdom\" title=\"Click to view a Google Map\" target=\"_blank\" rel=\"noreferrer noopener\">+ Google Map<\/a><\/span><\/span><\/div><\/div><\/div><!-- right-wrapper close --><\/div><!-- event-loop-end --><\/div><\/div><br \/><\/div><div class='clear_column'><\/div>[\/et_pb_tab][et_pb_tab title=&#8221;Publications&#8221; _builder_version=&#8221;4.27.5&#8243; _module_preset=&#8221;default&#8221; global_colors_info=&#8221;{}&#8221;]<\/p>\n<p><\/p>\n<div id=\"zotpress-9d8e36e80f9a40f24bedd1ed4581928e\" class=\"zp-Zotpress zp-Zotpress-Bib wp-block-group\">\n\n\t\t<span class=\"ZP_API_USER_ID ZP_ATTR\">16448592<\/span>\n\t\t<span class=\"ZP_ITEM_KEY ZP_ATTR\"><\/span>\n\t\t<span class=\"ZP_COLLECTION_ID ZP_ATTR\">UID37CJL<\/span>\n\t\t<span class=\"ZP_TAG_ID ZP_ATTR\"><\/span>\n\t\t<span class=\"ZP_AUTHOR ZP_ATTR\"><\/span>\n\t\t<span class=\"ZP_YEAR ZP_ATTR\"><\/span>\n        <span class=\"ZP_ITEMTYPE ZP_ATTR\"><\/span>\n\t\t<span class=\"ZP_INCLUSIVE ZP_ATTR\">1<\/span>\n\t\t<span class=\"ZP_STYLE ZP_ATTR\">chicago-author-date<\/span>\n\t\t<span class=\"ZP_LIMIT ZP_ATTR\">50<\/span>\n\t\t<span class=\"ZP_SORTBY ZP_ATTR\">default<\/span>\n\t\t<span class=\"ZP_ORDER ZP_ATTR\"><\/span>\n\t\t<span class=\"ZP_TITLE ZP_ATTR\"><\/span>\n\t\t<span class=\"ZP_SHOWIMAGE ZP_ATTR\"><\/span>\n\t\t<span class=\"ZP_SHOWTAGS ZP_ATTR\"><\/span>\n\t\t<span class=\"ZP_DOWNLOADABLE ZP_ATTR\">1<\/span>\n\t\t<span class=\"ZP_NOTES ZP_ATTR\"><\/span>\n\t\t<span class=\"ZP_ABSTRACT ZP_ATTR\"><\/span>\n\t\t<span class=\"ZP_CITEABLE ZP_ATTR\"><\/span>\n\t\t<span class=\"ZP_TARGET ZP_ATTR\"><\/span>\n\t\t<span class=\"ZP_URLWRAP ZP_ATTR\"><\/span>\n\t\t<span class=\"ZP_FORCENUM ZP_ATTR\"><\/span>\n        <span class=\"ZP_HIGHLIGHT ZP_ATTR\"><\/span>\n        <span class=\"ZP_POSTID ZP_ATTR\">21870<\/span>\n\t\t<span class=\"ZOTPRESS_PLUGIN_URL ZP_ATTR\">https:\/\/jtc.uni-halle.de\/wp-content\/plugins\/zotpress\/<\/span>\n\n\t\t<div class=\"zp-List loading\">\n\t\t\t<div class=\"zp-SEO-Content\">\n\t\t\t\t<span class=\"ZP_JSON ZP_ATTR\">%7B%22status%22%3A%22success%22%2C%22updateneeded%22%3Afalse%2C%22instance%22%3Afalse%2C%22meta%22%3A%7B%22request_last%22%3A0%2C%22request_next%22%3A0%2C%22used_cache%22%3Atrue%7D%2C%22data%22%3A%5B%7B%22key%22%3A%224X49SMAG%22%2C%22library%22%3A%7B%22id%22%3A16448592%7D%2C%22meta%22%3A%7B%22creatorSummary%22%3A%22Kriemann%20et%20al.%22%2C%22parsedDate%22%3A%222025%22%2C%22numChildren%22%3A1%7D%2C%22bib%22%3A%22%26lt%3Bdiv%20class%3D%26quot%3Bcsl-bib-body%26quot%3B%20style%3D%26quot%3Bline-height%3A%201.35%3B%20padding-left%3A%201em%3B%20text-indent%3A-1em%3B%26quot%3B%26gt%3B%5Cn%20%20%26lt%3Bdiv%20class%3D%26quot%3Bcsl-entry%26quot%3B%26gt%3BKriemann%2C%20Martin%2C%20Stephanie%20Freide%2C%20and%20Eleonore%20Freier.%202025.%20%26lt%3Bi%26gt%3BStrukturwandel%20als%20soziale%20Transformation%3A%20Bildung%20und%20Teilhabe%20im%20s%26%23xFC%3Bdlichen%20Sachsen-Anhalt%26lt%3B%5C%2Fi%26gt%3B.%20With%20Universit%26%23xE4%3Bts-%20und%20Landesbibliothek%20Sachsen-Anhalt%20and%20Martin-Luther%20Universit%26%23xE4%3Bt.%20Vol.%207.%20Policy%20Papers%20on%20Just%20Transition.%20Just%20Transition%20Center.%20%26lt%3Ba%20class%3D%26%23039%3Bzp-DOIURL%26%23039%3B%20href%3D%26%23039%3Bhttps%3A%5C%2F%5C%2Fdoi.org%5C%2F10.25673%5C%2F120985.2%26%23039%3B%26gt%3Bhttps%3A%5C%2F%5C%2Fdoi.org%5C%2F10.25673%5C%2F120985.2%26lt%3B%5C%2Fa%26gt%3B.%20%26lt%3Ba%20title%3D%26%23039%3BDownload%26%23039%3B%20class%3D%26%23039%3Bzp-DownloadURL%20zp-getDownloadURL%26%23039%3B%20data-zp-dl%3D%26%23039%3Bapi_user_id%3D16448592%26amp%3Bdlkey%3DRHTSA2XB%26amp%3Bcontent_type%3Dapplication%5C%2Fpdf%26%23039%3B%20href%3D%26%23039%3Bjavascript%3Avoid%280%29%3B%26%23039%3B%26gt%3BDownload%26lt%3B%5C%2Fa%26gt%3B%26lt%3B%5C%2Fdiv%26gt%3B%5Cn%26lt%3B%5C%2Fdiv%26gt%3B%22%2C%22data%22%3A%7B%22itemType%22%3A%22book%22%2C%22title%22%3A%22Strukturwandel%20als%20soziale%20Transformation%3A%20Bildung%20und%20Teilhabe%20im%20s%5Cu00fcdlichen%20Sachsen-Anhalt%22%2C%22creators%22%3A%5B%7B%22creatorType%22%3A%22author%22%2C%22firstName%22%3A%22Martin%22%2C%22lastName%22%3A%22Kriemann%22%7D%2C%7B%22creatorType%22%3A%22author%22%2C%22firstName%22%3A%22Stephanie%22%2C%22lastName%22%3A%22Freide%22%7D%2C%7B%22creatorType%22%3A%22author%22%2C%22firstName%22%3A%22Eleonore%22%2C%22lastName%22%3A%22Freier%22%7D%2C%7B%22creatorType%22%3A%22contributor%22%2C%22name%22%3A%22Universit%5Cu00e4ts-%20und%20Landesbibliothek%20Sachsen-Anhalt%22%7D%2C%7B%22creatorType%22%3A%22contributor%22%2C%22name%22%3A%22Martin-Luther%20Universit%5Cu00e4t%22%7D%5D%2C%22abstractNote%22%3A%22Der%20Industriestandort%20Mitteldeutsches%20Braunkohlerevier%20gilt%20als%20unverr%5Cu00fcckbare%20Voraussetzung%20f%5Cu00fcr%20die%20Zukunft%20der%20Region.%20Doch%20im%20Gespr%5Cu00e4ch%20mit%20den%20Menschen%20vor%20Ort%20wird%20deutlich%3A%20Lebensqualit%5Cu00e4t%20entsteht%20nicht%20allein%20durch%20Arbeitspl%5Cu00e4tze%2C%20sondern%20ebenso%20durch%20soziale%20Infrastruktur%2C%20Kulturangebote%2C%20verl%5Cu00e4sslichen%20Nahverkehr%2C%20medizinische%20Versorgung%2C%20Bildungsangebote%20sowie%20ausreichend%20Orte%20f%5Cu00fcr%20Kinder%20und%20Jugendliche%2C%20die%20nicht%20unter%20Vorbehalt%2C%20Finanzierungsl%5Cu00fccken%20oder%20Verwertungsdruck%20stehen.%20Im%20Forschungs-%20und%20Transferprojekt%20Gerechte%20%5Cu00dcberg%5Cu00e4nge%2C%20Bildungs-%20und%20Teilhabechancen%20f%5Cu00fcr%20Kinder%2C%20Jugendliche%20und%20Erwachsene%20untersuchen%20wir%2C%20wie%20sich%20der%20Umbau%20von%20der%20fossilen%20zur%20dekarbonisierten%20Wirtschaft%20f%5Cu00fcr%20die%20Menschen%20vor%20Ort%20bemerkbar%20macht%20und%20welche%20Ein-%20und%20Ausschl%5Cu00fcsse%20in%20Bildung%20und%20Gesellschaft%20damit%20verbunden%20sind.%20Im%20Folgenden%20zeigen%20wir%2C%20warum%20es%20wichtig%20ist%2C%20der%20sozialen%20Seite%20des%20Strukturwandels%20mehr%20Aufmerksamkeit%20zukommen%20zu%20lassen%2C%20um%20gerechte%20%5Cu00dcberg%5Cu00e4nge%20in%20eine%20postfossile%20Region%20zu%20gestalten.%22%2C%22date%22%3A%222025%22%2C%22originalDate%22%3A%22%22%2C%22originalPublisher%22%3A%22%22%2C%22originalPlace%22%3A%22%22%2C%22format%22%3A%22%22%2C%22ISBN%22%3A%22%22%2C%22DOI%22%3A%2210.25673%5C%2F120985.2%22%2C%22citationKey%22%3A%22%22%2C%22url%22%3A%22https%3A%5C%2F%5C%2Fopendata.uni-halle.de%5C%2F%5C%2Fhandle%5C%2F1981185920%5C%2F122940.2%22%2C%22ISSN%22%3A%22%22%2C%22language%22%3A%22de%22%2C%22collections%22%3A%5B%22L99PPHTB%22%2C%22UID37CJL%22%2C%22X3TLFS6F%22%5D%2C%22dateModified%22%3A%222026-06-26T08%3A40%3A39Z%22%7D%7D%2C%7B%22key%22%3A%22ZRJKH3RV%22%2C%22library%22%3A%7B%22id%22%3A16448592%7D%2C%22meta%22%3A%7B%22creatorSummary%22%3A%22Kahlfuss%20et%20al.%22%2C%22parsedDate%22%3A%222026%22%2C%22numChildren%22%3A0%7D%2C%22bib%22%3A%22%26lt%3Bdiv%20class%3D%26quot%3Bcsl-bib-body%26quot%3B%20style%3D%26quot%3Bline-height%3A%201.35%3B%20padding-left%3A%201em%3B%20text-indent%3A-1em%3B%26quot%3B%26gt%3B%5Cn%20%20%26lt%3Bdiv%20class%3D%26quot%3Bcsl-entry%26quot%3B%26gt%3BKahlfuss%2C%20Pia%2C%20Jonathan%20Everts%2C%20and%20Mareike%20Pampus.%202026.%20%26lt%3Bi%26gt%3BTransformative%20Praxis%3A%20Wissenschaft%2C%20Transfer%20Und%20Strukturwandel%20Im%20Mitteldeutschen%20Revier%26lt%3B%5C%2Fi%26gt%3B.%20With%20Universit%26%23xE4%3Bts-%20und%20Landesbibliothek%20Sachsen-Anhalt%20and%20Martin-Luther%20Universit%26%23xE4%3Bt.%20Institut%20f%26%23xFC%3Br%20Strukturwandel%20und%20Nachhaltigkeit.%20%26lt%3Ba%20class%3D%26%23039%3Bzp-DOIURL%26%23039%3B%20href%3D%26%23039%3Bhttps%3A%5C%2F%5C%2Fdoi.org%5C%2F10.25673%5C%2F121727.2%26%23039%3B%26gt%3Bhttps%3A%5C%2F%5C%2Fdoi.org%5C%2F10.25673%5C%2F121727.2%26lt%3B%5C%2Fa%26gt%3B.%26lt%3B%5C%2Fdiv%26gt%3B%5Cn%26lt%3B%5C%2Fdiv%26gt%3B%22%2C%22data%22%3A%7B%22itemType%22%3A%22book%22%2C%22title%22%3A%22Transformative%20Praxis%3A%20Wissenschaft%2C%20Transfer%20und%20Strukturwandel%20im%20Mitteldeutschen%20Revier%22%2C%22creators%22%3A%5B%7B%22creatorType%22%3A%22author%22%2C%22firstName%22%3A%22Pia%22%2C%22lastName%22%3A%22Kahlfuss%22%7D%2C%7B%22creatorType%22%3A%22author%22%2C%22firstName%22%3A%22Jonathan%22%2C%22lastName%22%3A%22Everts%22%7D%2C%7B%22creatorType%22%3A%22author%22%2C%22firstName%22%3A%22Mareike%22%2C%22lastName%22%3A%22Pampus%22%7D%2C%7B%22creatorType%22%3A%22contributor%22%2C%22name%22%3A%22Universit%5Cu00e4ts-%20und%20Landesbibliothek%20Sachsen-Anhalt%22%7D%2C%7B%22creatorType%22%3A%22contributor%22%2C%22name%22%3A%22Martin-Luther%20Universit%5Cu00e4t%22%7D%5D%2C%22abstractNote%22%3A%22Die%20Konferenz%20%26quot%3BTransformative%20Praxis%20%5Cu2013%20Wissenschaft%2C%20Transfer%20und%20Strukturwandel%20im%20Mitteldeutschen%20Revier%26quot%3B%20fand%20vom%203.%20bis%205.%20April%202024%20an%20der%20Martin-Luther-Universit%5Cu00e4t%20Halle-Wittenberg%20statt.%20Sie%20wurde%20vom%20Institut%20f%5Cu00fcr%20Strukturwandel%20und%20Nachhaltigkeit%20%28HALIS%29%20in%20Kooperation%20mit%20dem%20Ministerium%20f%5Cu00fcr%20Wissenschaft%2C%20Energie%2C%20Klimaschutz%20und%20Umwelt%20des%20Landes%20Sachsen-Anhalt%20sowie%20dem%20Stifterverband%20organisiert%20und%20von%20diesen%20finanziell%20unterst%5Cu00fctzt.%20Der%20Konferenzband%20basiert%20auf%20den%20inhaltlichen%20Beitr%5Cu00e4gen%20der%20Veranstaltung%20und%20fasst%20die%20wichtigsten%20Erkenntnisse%20und%20Diskussionspunkte%20zusammen.%22%2C%22date%22%3A%222026%22%2C%22originalDate%22%3A%22%22%2C%22originalPublisher%22%3A%22%22%2C%22originalPlace%22%3A%22%22%2C%22format%22%3A%22%22%2C%22ISBN%22%3A%22%22%2C%22DOI%22%3A%2210.25673%5C%2F121727.2%22%2C%22citationKey%22%3A%22%22%2C%22url%22%3A%22https%3A%5C%2F%5C%2Fopendata.uni-halle.de%5C%2F%5C%2Fhandle%5C%2F1981185920%5C%2F123678.2%22%2C%22ISSN%22%3A%22%22%2C%22language%22%3A%22%22%2C%22collections%22%3A%5B%22UID37CJL%22%5D%2C%22dateModified%22%3A%222026-03-05T07%3A45%3A24Z%22%7D%7D%2C%7B%22key%22%3A%22LBFAC86Y%22%2C%22library%22%3A%7B%22id%22%3A16448592%7D%2C%22meta%22%3A%7B%22creatorSummary%22%3A%22M%5Cu00fcller%20and%20Schwarz%22%2C%22parsedDate%22%3A%222026-02-03%22%2C%22numChildren%22%3A0%7D%2C%22bib%22%3A%22%26lt%3Bdiv%20class%3D%26quot%3Bcsl-bib-body%26quot%3B%20style%3D%26quot%3Bline-height%3A%201.35%3B%20padding-left%3A%201em%3B%20text-indent%3A-1em%3B%26quot%3B%26gt%3B%5Cn%20%20%26lt%3Bdiv%20class%3D%26quot%3Bcsl-entry%26quot%3B%26gt%3BM%26%23xFC%3Bller%2C%20Frank%20I.%2C%20and%20Anke%20Schwarz.%202026.%20%26%23x201C%3BBetween%20Extrapolation%20and%20Speculation%3A%20Reading%20Octavia%20E.%20Butler%20in%20the%20Geography%20Classroom.%26%23x201D%3B%20%26lt%3Bi%26gt%3BThe%20Geographical%20Journal%26lt%3B%5C%2Fi%26gt%3B%2C%20February%203%2C%20e70067.%20%26lt%3Ba%20class%3D%26%23039%3Bzp-DOIURL%26%23039%3B%20href%3D%26%23039%3Bhttps%3A%5C%2F%5C%2Fdoi.org%5C%2F10.1111%5C%2Fgeoj.70067%26%23039%3B%26gt%3Bhttps%3A%5C%2F%5C%2Fdoi.org%5C%2F10.1111%5C%2Fgeoj.70067%26lt%3B%5C%2Fa%26gt%3B.%26lt%3B%5C%2Fdiv%26gt%3B%5Cn%26lt%3B%5C%2Fdiv%26gt%3B%22%2C%22data%22%3A%7B%22itemType%22%3A%22journalArticle%22%2C%22title%22%3A%22Between%20Extrapolation%20and%20Speculation%3A%20Reading%20Octavia%20E.%20Butler%20in%20the%20Geography%20Classroom%22%2C%22creators%22%3A%5B%7B%22creatorType%22%3A%22author%22%2C%22firstName%22%3A%22Frank%20I.%22%2C%22lastName%22%3A%22M%5Cu00fcller%22%7D%2C%7B%22creatorType%22%3A%22author%22%2C%22firstName%22%3A%22Anke%22%2C%22lastName%22%3A%22Schwarz%22%7D%5D%2C%22abstractNote%22%3A%22ABSTRACT%5Cn%20%20%20%20%20%20%20%20%20%20%20%20%5Cn%20%20%20%20%20%20%20%20%20%20%20%20%20%20In%20this%20commentary%2C%20we%20explore%20how%20the%20work%20of%20Octavia%20E.%20Butler%2C%20a%20prominent%20Black%20feminist%20speculative%20fiction%20author%2C%20can%20enrich%20teaching%20practices%20aimed%20at%20fostering%20collective%20and%20emancipatory%20forms%20of%20future%5Cu2010making%20in%20Political%20and%20Urban%20Geography.%20Focusing%20on%20Butler%26%23039%3Bs%5Cn%20%20%20%20%20%20%20%20%20%20%20%20%20%20Parables%5Cn%20%20%20%20%20%20%20%20%20%20%20%20%20%20duology%2C%20a%20significant%20example%20of%20climate%20fiction%2C%20we%20demonstrate%20how%20fictional%20narratives%20of%20home%5Cu2010making%20can%20shape%20our%20understanding%20of%20the%20present%20and%20encourage%20reflection%20on%20methods%20of%20envisioning%20the%20future.%20We%20argue%20that%20Butler%26%23039%3Bs%20approach%2C%20which%20combines%20logical%20extrapolation%20with%20creative%20speculation%2C%20can%20cultivate%20transformative%20practices.%20This%20dual%20and%20intertwined%20methodology%20supports%20a%20critical%20engagement%20with%20plausible%20futures%20and%20spatial%20imaginaries%2C%20making%20it%20a%20valuable%20component%20of%20geographical%20curricula.%5Cn%20%20%20%20%20%20%20%20%20%20%20%20%5Cn%20%20%20%20%20%20%20%20%20%20%2C%20%5Cn%20%20%20%20%20%20%20%20%20%20%20%20Short%20Abstract%5Cn%20%20%20%20%20%20%20%20%20%20%20%20%5Cn%20%20%20%20%20%20%20%20%20%20%20%20%20%20This%20commentary%20explores%20how%20the%20work%20of%20Octavia%20E.%20Butler%20may%20enrich%20teaching%20practices%20aimed%20at%20fostering%20collective%20and%20emancipatory%20forms%20of%20future%5Cu2010making%20in%20Political%20and%20Urban%20Geography.%20Focusing%20on%20Butler%26%23039%3Bs%5Cn%20%20%20%20%20%20%20%20%20%20%20%20%20%20Parables%5Cn%20%20%20%20%20%20%20%20%20%20%20%20%20%20duology%2C%20we%20demonstrate%20how%20fictional%20narratives%20of%20home%5Cu2010making%20can%20shape%20our%20understanding%20of%20the%20present%20and%20encourage%20reflection%20on%20methods%20of%20envisioning%20the%20future.%20Combining%20logical%20extrapolation%20with%20creative%20speculation%2C%20Butler%26%23039%3Bs%20approach%20supports%20a%20critical%20engagement%20with%20plausible%20futures%20and%20spatial%20imaginaries%2C%20making%20it%20a%20valuable%20component%20of%20geographical%20curricula.%22%2C%22date%22%3A%222026-02-03%22%2C%22section%22%3A%22%22%2C%22partNumber%22%3A%22%22%2C%22partTitle%22%3A%22%22%2C%22DOI%22%3A%2210.1111%5C%2Fgeoj.70067%22%2C%22citationKey%22%3A%22%22%2C%22url%22%3A%22https%3A%5C%2F%5C%2Frgs-ibg.onlinelibrary.wiley.com%5C%2Fdoi%5C%2F10.1111%5C%2Fgeoj.70067%22%2C%22PMID%22%3A%22%22%2C%22PMCID%22%3A%22%22%2C%22ISSN%22%3A%220016-7398%2C%201475-4959%22%2C%22language%22%3A%22en%22%2C%22collections%22%3A%5B%227BZXRSS4%22%2C%22UID37CJL%22%5D%2C%22dateModified%22%3A%222026-03-04T10%3A41%3A00Z%22%7D%7D%2C%7B%22key%22%3A%22NRCKM33H%22%2C%22library%22%3A%7B%22id%22%3A16448592%7D%2C%22meta%22%3A%7B%22creatorSummary%22%3A%22Sureau%22%2C%22parsedDate%22%3A%222024-12-01%22%2C%22numChildren%22%3A0%7D%2C%22bib%22%3A%22%26lt%3Bdiv%20class%3D%26quot%3Bcsl-bib-body%26quot%3B%20style%3D%26quot%3Bline-height%3A%201.35%3B%20padding-left%3A%201em%3B%20text-indent%3A-1em%3B%26quot%3B%26gt%3B%5Cn%20%20%26lt%3Bdiv%20class%3D%26quot%3Bcsl-entry%26quot%3B%26gt%3BSureau%2C%20Timm%20Pascal.%202024.%20%26%23x201C%3BSentiments%20of%20Crisis%3A%20A%20Catalyst%20for%20Bureaucratic%20Transformation%20and%20Digitalisation.%26%23x201D%3B%20%26lt%3Bi%26gt%3BAdministory%26lt%3B%5C%2Fi%26gt%3B%209%20%281%29%3A%20142%26%23x2013%3B59.%20%26lt%3Ba%20class%3D%26%23039%3Bzp-DOIURL%26%23039%3B%20href%3D%26%23039%3Bhttps%3A%5C%2F%5C%2Fdoi.org%5C%2F10.2478%5C%2Fadhi-2024-0009%26%23039%3B%26gt%3Bhttps%3A%5C%2F%5C%2Fdoi.org%5C%2F10.2478%5C%2Fadhi-2024-0009%26lt%3B%5C%2Fa%26gt%3B.%26lt%3B%5C%2Fdiv%26gt%3B%5Cn%26lt%3B%5C%2Fdiv%26gt%3B%22%2C%22data%22%3A%7B%22itemType%22%3A%22journalArticle%22%2C%22title%22%3A%22Sentiments%20of%20Crisis%3A%20A%20Catalyst%20for%20Bureaucratic%20Transformation%20and%20Digitalisation%22%2C%22creators%22%3A%5B%7B%22creatorType%22%3A%22author%22%2C%22firstName%22%3A%22Timm%20Pascal%22%2C%22lastName%22%3A%22Sureau%22%7D%5D%2C%22abstractNote%22%3A%22Abstract%5Cn%20%20%20%20%20%20%20%20%20%20%20%20This%20paper%20proposes%20the%20concept%20of%20%5Cu00bbsentiment%20of%20crisis%5Cu00ab%20as%20a%20collective%20affective%20and%20cognitive%20response%20that%20can%20trigger%20rapid%20institutional%20change%20in%2C%20for%20example%2C%20state%20bureaucracies.%20Timm%20Sureau%20argues%20that%20the%20refugee%20crisis%202015%20in%20Germany%20led%20to%20an%20administrative%20crisis%20within%20the%20IT%20department%20of%20Germany%5Cu2019s%20Federal%20Office%20for%20Migration%20and%20Refugees%20%28BAMF%29%2C%20triggering%20a%20shared%20sentiment%20of%20crisis%20among%20its%20employees.%20Leveraging%20Turner%5Cu2019s%20theory%20of%20ritual%2C%20Sureau%20examines%20how%20this%20sentiment%20created%20a%20transitional%20phase%20during%20which%20old%20bureaucratic%20procedures%20were%20temporarily%20suspended%20and%20new%20technological%20innovations%20were%20introduced.%20Failing%20to%20attract%20sufficient%20IT%20staff%2C%20BAMF%20resorted%20to%20outsourcing%20programming%20and%20maintenance%20to%20external%20IT%20companies.%20The%20post-crisis%20%5Cu203anew%20normal%5Cu2039%2C%20therefore%20also%20included%20a%20quasi-permanent%20dependency%20on%20IT%20companies.%20Drawing%20on%20Blumenberg%5Cu2019s%20concept%20of%20technicisation%2C%20Sureau%20demonstrates%20how%20this%20process%20of%20institutional%20change%20produced%20a%20new%2C%20seemingly%20self-evident%20reality%2C%20where%20recently%20introduced%20technologies%20%5Cu2013%20and%20dependencies%20%5Cu2013%20became%20accepted%20as%20a%20matter%20of%20fact.%20The%20paper%20contributes%20to%20understanding%20the%20complex%20interplay%20between%20crises%2C%20collective%20emotions%2C%20technological%20innovation%2C%20and%20institutional%20change.%22%2C%22date%22%3A%222024-12-01%22%2C%22section%22%3A%22%22%2C%22partNumber%22%3A%22%22%2C%22partTitle%22%3A%22%22%2C%22DOI%22%3A%2210.2478%5C%2Fadhi-2024-0009%22%2C%22citationKey%22%3A%22%22%2C%22url%22%3A%22https%3A%5C%2F%5C%2Fwww.sciendo.com%5C%2Farticle%5C%2F10.2478%5C%2Fadhi-2024-0009%22%2C%22PMID%22%3A%22%22%2C%22PMCID%22%3A%22%22%2C%22ISSN%22%3A%222519-1187%22%2C%22language%22%3A%22en%22%2C%22collections%22%3A%5B%22IR3MBM77%22%2C%22UID37CJL%22%5D%2C%22dateModified%22%3A%222026-01-23T12%3A51%3A43Z%22%7D%7D%2C%7B%22key%22%3A%22L8EFSA2U%22%2C%22library%22%3A%7B%22id%22%3A16448592%7D%2C%22meta%22%3A%7B%22creatorSummary%22%3A%22Winkler%20et%20al.%22%2C%22parsedDate%22%3A%222025-08-13%22%2C%22numChildren%22%3A0%7D%2C%22bib%22%3A%22%26lt%3Bdiv%20class%3D%26quot%3Bcsl-bib-body%26quot%3B%20style%3D%26quot%3Bline-height%3A%201.35%3B%20padding-left%3A%201em%3B%20text-indent%3A-1em%3B%26quot%3B%26gt%3B%5Cn%20%20%26lt%3Bdiv%20class%3D%26quot%3Bcsl-entry%26quot%3B%26gt%3BWinkler%2C%20Jan%2C%20Lilith%20Kuhn%2C%20and%20Louisa%20Freytag.%202025.%20%26%23x201C%3BThe%20Affective%20Topologies%20of%20the%20Climate%20Crisis%3A%20On%20the%20Spatial%20Intensities%20of%20the%20Climate%20Political%20Protests%20in%20L%26%23xFC%3Btzerath%2C%20Germany.%26%23x201D%3B%20%26lt%3Bi%26gt%3BEnvironment%20and%20Planning%20D%3A%20Society%20and%20Space%26lt%3B%5C%2Fi%26gt%3B%2C%20August%2013%2C%2002637758251362526.%20%26lt%3Ba%20class%3D%26%23039%3Bzp-DOIURL%26%23039%3B%20href%3D%26%23039%3Bhttps%3A%5C%2F%5C%2Fdoi.org%5C%2F10.1177%5C%2F02637758251362526%26%23039%3B%26gt%3Bhttps%3A%5C%2F%5C%2Fdoi.org%5C%2F10.1177%5C%2F02637758251362526%26lt%3B%5C%2Fa%26gt%3B.%26lt%3B%5C%2Fdiv%26gt%3B%5Cn%26lt%3B%5C%2Fdiv%26gt%3B%22%2C%22data%22%3A%7B%22itemType%22%3A%22journalArticle%22%2C%22title%22%3A%22The%20affective%20topologies%20of%20the%20climate%20crisis%3A%20On%20the%20spatial%20intensities%20of%20the%20climate%20political%20protests%20in%20L%5Cu00fctzerath%2C%20Germany%22%2C%22creators%22%3A%5B%7B%22creatorType%22%3A%22author%22%2C%22firstName%22%3A%22Jan%22%2C%22lastName%22%3A%22Winkler%22%7D%2C%7B%22creatorType%22%3A%22author%22%2C%22firstName%22%3A%22Lilith%22%2C%22lastName%22%3A%22Kuhn%22%7D%2C%7B%22creatorType%22%3A%22author%22%2C%22firstName%22%3A%22Louisa%22%2C%22lastName%22%3A%22Freytag%22%7D%5D%2C%22abstractNote%22%3A%22The%20study%20analyzes%20the%20affective%20spaces%20and%20atmospheres%20that%20were%20operative%20within%2C%20and%20relevant%20to%2C%20climate-political%20protest%20practices%20in%20and%20around%20the%20village%20of%20L%5Cu00fctzerath%2C%20Germany.%20In%20L%5Cu00fctzerath%2C%20which%20will%20become%5Cn%20%20%20%20%20%20%20%20%20%20%20%20%20%20the%5Cn%20%20%20%20%20%20%20%20%20%20%20%20%20%20place%20of%20national%20and%20international%20climate%20justice%20struggles%20from%202020%20to%202023%2C%20activists%20protested%20against%20coal-based%20energy%20production%2C%20the%20expansion%20of%20open-pit%20mines%2C%20and%20the%20destruction%20of%20villages%20and%20the%20environment.%20Drawing%20on%20qualitative%20ethnographic%20research%20between%202020%20and%202023%20and%20developing%20the%20notion%20of%20affective%20topologies%2C%20we%20show%20how%20protest%20practices%20were%20linked%20to%20spatializations%20and%20materializations%20of%20the%20affective%20atmospheres%20of%20the%20climate%20crisis.%20We%20analyzed%20how%20such%20spatio-affective%20relations%20influenced%20situated%20protest%20dynamics%20and%20contributed%20to%20shaping%20political%20subjectivities%20and%20capacities.%20We%20argue%20that%20climate%20political%20%28protest%29%20practices%20bring%20themselves%20into%20place%2C%20into%20play%2C%20and%20into%20power%5Cn%20%20%20%20%20%20%20%20%20%20%20%20%20%20%2C%5Cn%20%20%20%20%20%20%20%20%20%20%20%20%20%20precisely%20in%20and%20through%20their%20involvement%20in%20the%20%28re%29production%20of%20affective%20atmospheres%5C%2Fatmospheric%20spaces.%20The%20paper%20highlights%20the%20relevance%20of%20affect%20and%20emotion%5Cu2014and%20their%20spatialities%5Cu2014for%20emplaced%20climate%20protests.%22%2C%22date%22%3A%222025-08-13%22%2C%22section%22%3A%22%22%2C%22partNumber%22%3A%22%22%2C%22partTitle%22%3A%22%22%2C%22DOI%22%3A%2210.1177%5C%2F02637758251362526%22%2C%22citationKey%22%3A%22%22%2C%22url%22%3A%22https%3A%5C%2F%5C%2Fjournals.sagepub.com%5C%2Fdoi%5C%2F10.1177%5C%2F02637758251362526%22%2C%22PMID%22%3A%22%22%2C%22PMCID%22%3A%22%22%2C%22ISSN%22%3A%220263-7758%2C%201472-3433%22%2C%22language%22%3A%22en%22%2C%22collections%22%3A%5B%22T8BZU27T%22%2C%22UID37CJL%22%5D%2C%22dateModified%22%3A%222026-01-12T11%3A12%3A21Z%22%7D%7D%2C%7B%22key%22%3A%223SD7KHDX%22%2C%22library%22%3A%7B%22id%22%3A16448592%7D%2C%22meta%22%3A%7B%22creatorSummary%22%3A%22Klose%20et%20al.%22%2C%22parsedDate%22%3A%222023%22%2C%22numChildren%22%3A0%7D%2C%22bib%22%3A%22%26lt%3Bdiv%20class%3D%26quot%3Bcsl-bib-body%26quot%3B%20style%3D%26quot%3Bline-height%3A%201.35%3B%20padding-left%3A%201em%3B%20text-indent%3A-1em%3B%26quot%3B%26gt%3B%5Cn%20%20%26lt%3Bdiv%20class%3D%26quot%3Bcsl-entry%26quot%3B%26gt%3BKlose%2C%20Alexander%2C%20Benjamin%20Steininger%2C%20and%20et%20al.%202023.%20%26lt%3Bi%26gt%3BDritte%20Natur%2006%7C%201.2023%20Technik%20Kapital%20Umwelt.%26lt%3B%5C%2Fi%26gt%3B%201.%20Auflage.%20With%20Steffen%20Richter%20and%20MSB%20Matthes%20%26amp%3B%20Seitz%20Berlin%20Verlagsgesellschaft.%20Berlin%20Matthes%20%26amp%3B%20Seitz%20Berlin%202023.%26lt%3B%5C%2Fdiv%26gt%3B%5Cn%26lt%3B%5C%2Fdiv%26gt%3B%22%2C%22data%22%3A%7B%22itemType%22%3A%22book%22%2C%22title%22%3A%22Dritte%20Natur%2006%7C%201.2023%20Technik%20Kapital%20Umwelt.%22%2C%22creators%22%3A%5B%7B%22creatorType%22%3A%22contributor%22%2C%22firstName%22%3A%22Steffen%22%2C%22lastName%22%3A%22Richter%22%7D%2C%7B%22creatorType%22%3A%22author%22%2C%22firstName%22%3A%22Alexander%22%2C%22lastName%22%3A%22Klose%22%7D%2C%7B%22creatorType%22%3A%22author%22%2C%22firstName%22%3A%22Benjamin%22%2C%22lastName%22%3A%22Steininger%22%7D%2C%7B%22creatorType%22%3A%22author%22%2C%22firstName%22%3A%22et%22%2C%22lastName%22%3A%22al.%22%7D%2C%7B%22creatorType%22%3A%22contributor%22%2C%22name%22%3A%22MSB%20Matthes%20%26%20Seitz%20Berlin%20Verlagsgesellschaft%22%7D%5D%2C%22abstractNote%22%3A%22%22%2C%22date%22%3A%222023%22%2C%22originalDate%22%3A%22%22%2C%22originalPublisher%22%3A%22%22%2C%22originalPlace%22%3A%22%22%2C%22format%22%3A%22%22%2C%22ISBN%22%3A%22978-3-7518-0704-3%22%2C%22DOI%22%3A%22%22%2C%22citationKey%22%3A%22%22%2C%22url%22%3A%22%22%2C%22ISSN%22%3A%22%22%2C%22language%22%3A%22ger%22%2C%22collections%22%3A%5B%223ZZX4T3Q%22%2C%22UID37CJL%22%5D%2C%22dateModified%22%3A%222025-12-05T10%3A20%3A07Z%22%7D%7D%2C%7B%22key%22%3A%22TCQC764W%22%2C%22library%22%3A%7B%22id%22%3A16448592%7D%2C%22meta%22%3A%7B%22creatorSummary%22%3A%22Kriemann%20and%20Janowitz%22%2C%22parsedDate%22%3A%222025-12-04%22%2C%22numChildren%22%3A0%7D%2C%22bib%22%3A%22%26lt%3Bdiv%20class%3D%26quot%3Bcsl-bib-body%26quot%3B%20style%3D%26quot%3Bline-height%3A%201.35%3B%20padding-left%3A%201em%3B%20text-indent%3A-1em%3B%26quot%3B%26gt%3B%5Cn%20%20%26lt%3Bdiv%20class%3D%26quot%3Bcsl-entry%26quot%3B%26gt%3BKriemann%2C%20Martin%2C%20and%20Michael%20Janowitz.%202025.%20%26%23x201C%3BJugendarbeit-Ost%3A%20keine%20westdeutsche%20Erfolgsgeschichte%3A%20Eine%20postsozialistische%20Perspektive%20auf%20ostdeutsche%20Jugendarbeit%20im%20Wandel.%26%23x201D%3B%20%26lt%3Bi%26gt%3BSozial%20Extra%26lt%3B%5C%2Fi%26gt%3B%2C%20ahead%20of%20print%2C%20December%204.%20%26lt%3Ba%20class%3D%26%23039%3Bzp-DOIURL%26%23039%3B%20href%3D%26%23039%3Bhttps%3A%5C%2F%5C%2Fdoi.org%5C%2F10.1007%5C%2Fs12054-025-00834-9%26%23039%3B%26gt%3Bhttps%3A%5C%2F%5C%2Fdoi.org%5C%2F10.1007%5C%2Fs12054-025-00834-9%26lt%3B%5C%2Fa%26gt%3B.%26lt%3B%5C%2Fdiv%26gt%3B%5Cn%26lt%3B%5C%2Fdiv%26gt%3B%22%2C%22data%22%3A%7B%22itemType%22%3A%22journalArticle%22%2C%22title%22%3A%22Jugendarbeit-Ost%3A%20keine%20westdeutsche%20Erfolgsgeschichte%3A%20Eine%20postsozialistische%20Perspektive%20auf%20ostdeutsche%20Jugendarbeit%20im%20Wandel%22%2C%22creators%22%3A%5B%7B%22creatorType%22%3A%22author%22%2C%22firstName%22%3A%22Martin%22%2C%22lastName%22%3A%22Kriemann%22%7D%2C%7B%22creatorType%22%3A%22author%22%2C%22firstName%22%3A%22Michael%22%2C%22lastName%22%3A%22Janowitz%22%7D%5D%2C%22abstractNote%22%3A%22Zusammenfassung%5Cn%20%20%20%20%20%20%20%20%20%20%20%20Der%20Beitrag%20beleuchtet%20aus%20einer%20postsozialistischen%20Perspektive%20die%20Geschichte%20der%20ostdeutschen%20Jugendarbeit%20als%20eigenst%5Cu00e4ndige%20fachliche%20Entwicklung%2C%20die%20durch%20widerspr%5Cu00fcchliche%20Dynamiken%20von%20staatlicher%20Kontrolle%2C%20jugendlichem%20Eigensinn%20und%20gesellschaftlichem%20Wandel%20gepr%5Cu00e4gt%20ist.%20Anhand%20der%20Jugendklubs%20in%20der%20DDR%20und%20deren%20Transformation%20nach%20der%20Deutschen%20Einheit%20werden%20Br%5Cu00fcche%2C%20Verluste%20und%20neue%20M%5Cu00f6glichkeitsr%5Cu00e4ume%20sichtbar%20gemacht.%20Der%20Text%20zeigt%2C%20wie%20ostdeutsche%20Erfahrungen%20in%20hegemonialen%20Diskursen%20h%5Cu00e4ufig%20marginalisiert%20oder%20abgewertet%20wurden%20%5Cu2013%5Cu00a0und%20pl%5Cu00e4diert%20daf%5Cu00fcr%2C%20diese%20nicht%20als%20Abweichung%20vom%20westdeutschen%20Modell%2C%20sondern%20als%20eigenst%5Cu00e4ndige%20Beitr%5Cu00e4ge%20zur%20gesamtdeutschen%20Jugendarbeit%20anzuerkennen.%20Gerade%20in%20ihrer%20Ambivalenz%20und%20Br%5Cu00fcchigkeit%20liegen%20Potenziale%20f%5Cu00fcr%20eine%20partizipative%20und%20sozial%20gerechte%20Weiterentwicklung%20des%20Arbeitsfeldes.%20Voraussetzung%20daf%5Cu00fcr%20ist%2C%20Differenzen%20nicht%20zu%20%5Cu00fcbergehen%2C%20sondern%20sie%20produktiv%20aufzugreifen%5Cu00a0%5Cu2013%20fachlich%2C%20historisch%20und%20politisch.%5Cn%20%20%20%20%20%20%20%20%20%20%20%20Dieser%20Beitrag%20ist%20Teil%20des%20Schwerpunktes%20%5Cu201eRaus%20aus%20der%20Fu%5Cu00dfnote%5Cu00a0%5Cu2013%20Soziale%20Arbeit%20in%20der%20DDR%20und%20in%20Ostdeutschland%20nach%20der%20deutschen%20Einheit%5Cu201c%20in%20Ausgabe%206%5C%2F25.%5Cn%20%20%20%20%20%20%20%20%20%20%2C%20%5Cn%20%20%20%20%20%20%20%20%20%20%20%20Abstract%5Cn%20%20%20%20%20%20%20%20%20%20%20%20This%20article%20examines%20the%20history%20of%20East%20German%20youth%20work%20from%20a%5Cu00a0post-socialist%20perspective%2C%20framing%20it%20as%20a%5Cu00a0distinct%20professional%20development%20shaped%20by%20the%20contradictory%20dynamics%20of%20state%20control%2C%20youth%20agency%2C%20and%20social%20transformation.%20Using%20the%20example%20of%20youth%20clubs%20in%20the%20GDR%20and%20their%20transformation%20after%20German%20reunification%2C%20it%20highlights%20ruptures%2C%20losses%2C%20and%20emergent%20spaces%20of%20possibility.%20The%20article%20shows%20how%20East%20German%20experiences%20have%20often%20been%20marginalized%20or%20devalued%20within%20hegemonic%20discourses%5Cu2014and%20argues%20that%20these%20should%20not%20be%20understood%20as%20deviations%20from%20the%20West%20German%20model%2C%20but%20as%20independent%20contributions%20to%20the%20development%20of%20youth%20work%20in%20reunified%20Germany.%20Precisely%20in%20their%20ambivalence%20and%20fragility%20lie%20important%20potentials%20for%20a%5Cu00a0more%20participatory%20and%20socially%20just%20future%20of%20the%20field.%20Realizing%20these%20potentials%2C%20however%2C%20requires%20that%20difference%20is%20not%20ignored%2C%20but%20actively%20and%20productively%20engaged%20with%5Cu2014professionally%2C%20historically%2C%20and%20politically.%22%2C%22date%22%3A%222025-12-04%22%2C%22section%22%3A%22%22%2C%22partNumber%22%3A%22%22%2C%22partTitle%22%3A%22%22%2C%22DOI%22%3A%2210.1007%5C%2Fs12054-025-00834-9%22%2C%22citationKey%22%3A%22%22%2C%22url%22%3A%22https%3A%5C%2F%5C%2Flink.springer.com%5C%2F10.1007%5C%2Fs12054-025-00834-9%22%2C%22PMID%22%3A%22%22%2C%22PMCID%22%3A%22%22%2C%22ISSN%22%3A%220931-279X%2C%201863-8953%22%2C%22language%22%3A%22de%22%2C%22collections%22%3A%5B%22L99PPHTB%22%2C%22UID37CJL%22%5D%2C%22dateModified%22%3A%222025-12-05T08%3A21%3A40Z%22%7D%7D%2C%7B%22key%22%3A%22CF244BZZ%22%2C%22library%22%3A%7B%22id%22%3A16448592%7D%2C%22meta%22%3A%7B%22creatorSummary%22%3A%22Klose%22%2C%22parsedDate%22%3A%222024-05%22%2C%22numChildren%22%3A0%7D%2C%22bib%22%3A%22%26lt%3Bdiv%20class%3D%26quot%3Bcsl-bib-body%26quot%3B%20style%3D%26quot%3Bline-height%3A%201.35%3B%20padding-left%3A%201em%3B%20text-indent%3A-1em%3B%26quot%3B%26gt%3B%5Cn%20%20%26lt%3Bdiv%20class%3D%26quot%3Bcsl-entry%26quot%3B%26gt%3BKlose%2C%20Alexander.%202024.%20%26%23x201C%3BPlanetary%20Peasants.%26%23x201D%3B%20%26lt%3Bi%26gt%3BThe%20Laboratory%20Planet%26lt%3B%5C%2Fi%26gt%3B%2C%20no.%206%20%28May%29%3A%202.%20https%3A%5C%2F%5C%2Flaboratoryplanet.org%5C%2Fwp-content%5C%2Fuploads%5C%2F2024%5C%2F06%5C%2FPL06_EN_web.pdf.%20%26lt%3Ba%20class%3D%26%23039%3Bzp-ItemURL%26%23039%3B%20href%3D%26%23039%3Bhttps%3A%5C%2F%5C%2Flaboratoryplanet.org%5C%2Fenglish%5C%2F%26%23039%3B%26gt%3Bhttps%3A%5C%2F%5C%2Flaboratoryplanet.org%5C%2Fenglish%5C%2F%26lt%3B%5C%2Fa%26gt%3B.%26lt%3B%5C%2Fdiv%26gt%3B%5Cn%26lt%3B%5C%2Fdiv%26gt%3B%22%2C%22data%22%3A%7B%22itemType%22%3A%22journalArticle%22%2C%22title%22%3A%22Planetary%20Peasants%22%2C%22creators%22%3A%5B%7B%22creatorType%22%3A%22author%22%2C%22firstName%22%3A%22Alexander%22%2C%22lastName%22%3A%22Klose%22%7D%5D%2C%22abstractNote%22%3A%22%22%2C%22date%22%3A%22May%202024%22%2C%22section%22%3A%22%22%2C%22partNumber%22%3A%22%22%2C%22partTitle%22%3A%22%22%2C%22DOI%22%3A%22%22%2C%22citationKey%22%3A%22%22%2C%22url%22%3A%22https%3A%5C%2F%5C%2Flaboratoryplanet.org%5C%2Fenglish%5C%2F%22%2C%22PMID%22%3A%22%22%2C%22PMCID%22%3A%22%22%2C%22ISSN%22%3A%22%22%2C%22language%22%3A%22en%22%2C%22collections%22%3A%5B%223ZZX4T3Q%22%2C%22UID37CJL%22%5D%2C%22dateModified%22%3A%222025-11-25T18%3A05%3A41Z%22%7D%7D%2C%7B%22key%22%3A%22366I7W2P%22%2C%22library%22%3A%7B%22id%22%3A16448592%7D%2C%22meta%22%3A%7B%22creatorSummary%22%3A%22Wolter%22%2C%22parsedDate%22%3A%222025%22%2C%22numChildren%22%3A0%7D%2C%22bib%22%3A%22%26lt%3Bdiv%20class%3D%26quot%3Bcsl-bib-body%26quot%3B%20style%3D%26quot%3Bline-height%3A%201.35%3B%20padding-left%3A%201em%3B%20text-indent%3A-1em%3B%26quot%3B%26gt%3B%5Cn%20%20%26lt%3Bdiv%20class%3D%26quot%3Bcsl-entry%26quot%3B%26gt%3BWolter%2C%20Daniel.%202025.%20%26lt%3Bi%26gt%3BUmwelt%20%26amp%3B%20Archiv%3A%20Oppositionelle%20Umgebungen%20in%20Der%20DDR%20%3D%20Environment%20%26amp%3B%20Archive%3A%20Oppositional%20Surroundings%20in%20the%20GDR%26lt%3B%5C%2Fi%26gt%3B.%20Edited%20by%20Katharina%20Neuburger.%20Zweierlei.%20Schriftenreihe%20Des%20Institut%20F%26%23xFC%3Br%20Umwelt%20Und%20Gestaltung%2C%20Band%201.%20Deutscher%20Kunstverlag.%26lt%3B%5C%2Fdiv%26gt%3B%5Cn%26lt%3B%5C%2Fdiv%26gt%3B%22%2C%22data%22%3A%7B%22itemType%22%3A%22book%22%2C%22title%22%3A%22Umwelt%20%26%20Archiv%3A%20oppositionelle%20Umgebungen%20in%20der%20DDR%20%3D%20Environment%20%26%20archive%3A%20oppositional%20surroundings%20in%20the%20GDR%22%2C%22creators%22%3A%5B%7B%22creatorType%22%3A%22author%22%2C%22firstName%22%3A%22Daniel%22%2C%22lastName%22%3A%22Wolter%22%7D%2C%7B%22creatorType%22%3A%22editor%22%2C%22firstName%22%3A%22Katharina%22%2C%22lastName%22%3A%22Neuburger%22%7D%5D%2C%22abstractNote%22%3A%22%22%2C%22date%22%3A%222025%22%2C%22originalDate%22%3A%22%22%2C%22originalPublisher%22%3A%22%22%2C%22originalPlace%22%3A%22%22%2C%22format%22%3A%22%22%2C%22ISBN%22%3A%229783422803640%22%2C%22DOI%22%3A%22%22%2C%22citationKey%22%3A%22%22%2C%22url%22%3A%22%22%2C%22ISSN%22%3A%22%22%2C%22language%22%3A%22eng%20ger%22%2C%22collections%22%3A%5B%223ZZX4T3Q%22%2C%22UID37CJL%22%5D%2C%22dateModified%22%3A%222025-11-25T08%3A19%3A59Z%22%7D%7D%2C%7B%22key%22%3A%22F2WRETGX%22%2C%22library%22%3A%7B%22id%22%3A16448592%7D%2C%22meta%22%3A%7B%22creatorSummary%22%3A%22Klose%20and%20Steininger%22%2C%22parsedDate%22%3A%222024-07-05%22%2C%22numChildren%22%3A0%7D%2C%22bib%22%3A%22%26lt%3Bdiv%20class%3D%26quot%3Bcsl-bib-body%26quot%3B%20style%3D%26quot%3Bline-height%3A%201.35%3B%20padding-left%3A%201em%3B%20text-indent%3A-1em%3B%26quot%3B%26gt%3B%5Cn%20%20%26lt%3Bdiv%20class%3D%26quot%3Bcsl-entry%26quot%3B%26gt%3BKlose%2C%20Alexander%2C%20and%20Benjamin%20Steininger.%202024.%20%26lt%3Bi%26gt%3BAtlas%20of%20Petromodernity%26lt%3B%5C%2Fi%26gt%3B.%201st%20ed.%20Translated%20by%20Ay%26%23xE7%3Ba%20T%26%23xFC%3Brko%26%23x11F%3Blu.%20Punctum%20books.%20%26lt%3Ba%20class%3D%26%23039%3Bzp-DOIURL%26%23039%3B%20href%3D%26%23039%3Bhttps%3A%5C%2F%5C%2Fdoi.org%5C%2F10.53288%5C%2F0514.1.00%26%23039%3B%26gt%3Bhttps%3A%5C%2F%5C%2Fdoi.org%5C%2F10.53288%5C%2F0514.1.00%26lt%3B%5C%2Fa%26gt%3B.%26lt%3B%5C%2Fdiv%26gt%3B%5Cn%26lt%3B%5C%2Fdiv%26gt%3B%22%2C%22data%22%3A%7B%22itemType%22%3A%22book%22%2C%22title%22%3A%22Atlas%20of%20Petromodernity%22%2C%22creators%22%3A%5B%7B%22creatorType%22%3A%22author%22%2C%22firstName%22%3A%22Alexander%22%2C%22lastName%22%3A%22Klose%22%7D%2C%7B%22creatorType%22%3A%22author%22%2C%22firstName%22%3A%22Benjamin%22%2C%22lastName%22%3A%22Steininger%22%7D%2C%7B%22creatorType%22%3A%22translator%22%2C%22firstName%22%3A%22Ay%5Cu00e7a%22%2C%22lastName%22%3A%22T%5Cu00fcrko%5Cu011flu%22%7D%5D%2C%22abstractNote%22%3A%22The%20Atlas%20of%20Petromodernity%20is%20many%20things%20in%20one%3A%20historical%20and%20geographical%20non-fiction%2C%20cultural%20theory%20essay%2C%20and%20picture%20book.%20In%20forty-four%20short%20essays%2C%20inspired%20by%20an%20equal%20amount%20of%20pictorial%20findings%2C%20Klose%20and%20Steininger%20develop%20a%20technical%2C%20geographical%2C%20political%2C%20and%20speculative%20panorama%20of%20the%20declining%20era%20of%20petroleum%20modernity.%20%5Cn%20%20%20%20%20%20%20%20%20%20%20%20The%20authors%20stroll%20through%20Baku%2C%20Rotterdam%2C%20and%20Louisiana%2C%20into%20Manchuria%20and%20through%20the%20Vienna%20Basin.%20They%20read%20Bertolt%20Brecht%2C%20technical%20manuals%2C%20and%20petroculture%20theory%2C%20and%20they%20listen%20to%20Neil%20Young.%20They%20go%20to%20the%20moon%2C%20through%20refineries%20and%20over%20highways%20emptied%20by%20the%20COVID-19%20pandemic.%20They%20confront%20petrochemistry%20with%20petromelancholy%2C%20catalysis%20with%20catharsis%2C%20cosmos%20with%20cosmetics.%20The%20Atlas%20of%20Petromodernity%20tackles%20the%20contradictory%20ambivalences%20of%20a%20substance%20that%20has%20been%20vital%20for%20our%20epoch%2C%20and%20whose%20roles%20and%20meanings%20need%20to%20be%20understood%20in%20order%20to%20be%20able%20to%20leave%20this%20epoch%20behind.%22%2C%22date%22%3A%222024-07-05%22%2C%22originalDate%22%3A%22%22%2C%22originalPublisher%22%3A%22%22%2C%22originalPlace%22%3A%22%22%2C%22format%22%3A%22%22%2C%22ISBN%22%3A%22978-1-68571-218-1%20978-1-68571-219-8%22%2C%22DOI%22%3A%2210.53288%5C%2F0514.1.00%22%2C%22citationKey%22%3A%22%22%2C%22url%22%3A%22https%3A%5C%2F%5C%2Fpunctumbooks.com%5C%2Ftitles%5C%2Fatlas-of-petromodernity%5C%2F%22%2C%22ISSN%22%3A%22%22%2C%22language%22%3A%22en%22%2C%22collections%22%3A%5B%223ZZX4T3Q%22%2C%22UID37CJL%22%5D%2C%22dateModified%22%3A%222025-11-25T08%3A10%3A45Z%22%7D%7D%2C%7B%22key%22%3A%22HRCLAKJ4%22%2C%22library%22%3A%7B%22id%22%3A16448592%7D%2C%22meta%22%3A%7B%22creatorSummary%22%3A%22Altmiks%20et%20al.%22%2C%22parsedDate%22%3A%222025-09%22%2C%22numChildren%22%3A0%7D%2C%22bib%22%3A%22%26lt%3Bdiv%20class%3D%26quot%3Bcsl-bib-body%26quot%3B%20style%3D%26quot%3Bline-height%3A%201.35%3B%20padding-left%3A%201em%3B%20text-indent%3A-1em%3B%26quot%3B%26gt%3B%5Cn%20%20%26lt%3Bdiv%20class%3D%26quot%3Bcsl-entry%26quot%3B%26gt%3BAltmiks%2C%20Sophie%2C%20J%26%23xFC%3Brgen%20Viet%20Anh%20H%26%23xF6%3Bpfel%2C%20Alexander%20Klose%2C%20and%20Daniel%20Wolter.%202025.%20%26lt%3Bi%26gt%3BChemistry%20in%20Transition%3A%20Kultur-%20und%20sozialwissenschaftliche%20Beitr%26%23xE4%3Bge%20zu%20einer%20nachhaltigen%20Chemie%20in%20einer%20sozial-%26%23xF6%3Bkologisch%20transformierten%20Gesellschaft%26lt%3B%5C%2Fi%26gt%3B.%20With%20Universit%26%23xE4%3Bts-%20und%20Landesbibliothek%20Sachsen-Anhalt%20and%20Martin-Luther%20Universit%26%23xE4%3Bt.%20Vol.%205.%20Policy%20Papers%20on%20Just%20Transition.%20Just%20Transition%20Center.%20%26lt%3Ba%20class%3D%26%23039%3Bzp-DOIURL%26%23039%3B%20href%3D%26%23039%3Bhttps%3A%5C%2F%5C%2Fdoi.org%5C%2F10.25673%5C%2F120643.2%26%23039%3B%26gt%3Bhttps%3A%5C%2F%5C%2Fdoi.org%5C%2F10.25673%5C%2F120643.2%26lt%3B%5C%2Fa%26gt%3B.%26lt%3B%5C%2Fdiv%26gt%3B%5Cn%26lt%3B%5C%2Fdiv%26gt%3B%22%2C%22data%22%3A%7B%22itemType%22%3A%22book%22%2C%22title%22%3A%22Chemistry%20in%20Transition%3A%20Kultur-%20und%20sozialwissenschaftliche%20Beitr%5Cu00e4ge%20zu%20einer%20nachhaltigen%20Chemie%20in%20einer%20sozial-%5Cu00f6kologisch%20transformierten%20Gesellschaft%22%2C%22creators%22%3A%5B%7B%22creatorType%22%3A%22author%22%2C%22firstName%22%3A%22Sophie%22%2C%22lastName%22%3A%22Altmiks%22%7D%2C%7B%22creatorType%22%3A%22author%22%2C%22firstName%22%3A%22J%5Cu00fcrgen%20Viet%20Anh%22%2C%22lastName%22%3A%22H%5Cu00f6pfel%22%7D%2C%7B%22creatorType%22%3A%22author%22%2C%22firstName%22%3A%22Alexander%22%2C%22lastName%22%3A%22Klose%22%7D%2C%7B%22creatorType%22%3A%22author%22%2C%22firstName%22%3A%22Daniel%22%2C%22lastName%22%3A%22Wolter%22%7D%2C%7B%22creatorType%22%3A%22contributor%22%2C%22name%22%3A%22Universit%5Cu00e4ts-%20und%20Landesbibliothek%20Sachsen-Anhalt%22%7D%2C%7B%22creatorType%22%3A%22contributor%22%2C%22name%22%3A%22Martin-Luther%20Universit%5Cu00e4t%22%7D%5D%2C%22abstractNote%22%3A%22F%5Cu00fcr%20die%20%5Cu00f6kologische%20Wende%20der%20gegenw%5Cu00e4rtigen%20Gesellschaft%20bildet%20die%20Transformation%20zu%20einer%20nachhaltigen%20chemischen%20Industrie%20eine%20der%20zentralen%20Voraussetzungen.%20Denn%20die%20materiellen%20Grundlagen%20dieser%20Gesellschaft%20sind%20zum%20gr%5Cu00f6%5Cu00dften%20Teil%20von%20der%20chemischen%20Industrie%20hervorgebracht.%20Diese%20Situation%20stellt%20eine%20gro%5Cu00dfe%20Herausforderung%20dar%2C%20k%5Cu00f6nnte%20aber%20auch%20eine%20Chance%20bieten%2C%20die%20gesellschaftliche%20Stellung%20der%20Chemie%20neu%20zu%20definieren%2C%20indem%20sie%20sich%20glaubw%5Cu00fcrdig%20mit%20den%20gesellschaftlichen%20Ver%5Cu00e4nderungsprozessen%20verkn%5Cu00fcpft%2C%20die%20unter%20der%20%5Cu00dcberschrift%20Just%20transition%20zusammengefasst%20werden.%20Wertewandel%20in%20Industrie%20und%20Gesellschaft%20scheinen%20notwendig%20zu%20sein%2C%20um%20mit%20g%5Cu00e4ngigen%20Rationalit%5Cu00e4ten%2C%20Anspr%5Cu00fcchen%20und%20Verhaltensmustern%20in%20der%20materiellen%20Kultur%20der%20Gegenwart%20zu%20brechen%20und%20neue%20dauerhaft%20zu%20begr%5Cu00fcnden.%20Eine%20konstruktiv%20kritische%20sozial-%20und%20kulturwissenschaftliche%20Begleitung%20kann%20dazu%20beitragen%2C%20diese%20%5Cu201eweichen%5Cu201c%20Aspekte%20der%20Transformation%20zu%20erfassen%20und%20zu%20adressieren.%20Die%20zu%20begleitenden%20Transformationsprozesse%20umfassen%20dabei%20sowohl%20die%20in%20den%20Produktionsnetzwerken%20der%20chemischen%20Industrie%20vorherrschenden%20Handlungsmuster%2C%20Organisationsformen%20und%20Zielvorgaben%20als%20auch%20die%20gesellschaftlichen%20Umg%5Cu00e4nge%20mit%20%5Cu201eder%20Chemie%5Cu201c%20und%20ihren%20Produkten.%22%2C%22date%22%3A%222025-09%22%2C%22originalDate%22%3A%22%22%2C%22originalPublisher%22%3A%22%22%2C%22originalPlace%22%3A%22%22%2C%22format%22%3A%22%22%2C%22ISBN%22%3A%22%22%2C%22DOI%22%3A%2210.25673%5C%2F120643.2%22%2C%22citationKey%22%3A%22%22%2C%22url%22%3A%22https%3A%5C%2F%5C%2Fopendata.uni-halle.de%5C%2F%5C%2Fhandle%5C%2F1981185920%5C%2F122598.2%22%2C%22ISSN%22%3A%22%22%2C%22language%22%3A%22de%22%2C%22collections%22%3A%5B%223ZZX4T3Q%22%2C%22UID37CJL%22%5D%2C%22dateModified%22%3A%222025-11-21T08%3A53%3A58Z%22%7D%7D%2C%7B%22key%22%3A%22VTXVYCR5%22%2C%22library%22%3A%7B%22id%22%3A16448592%7D%2C%22meta%22%3A%7B%22creatorSummary%22%3A%22Schwarz%22%2C%22parsedDate%22%3A%222025%22%2C%22numChildren%22%3A0%7D%2C%22bib%22%3A%22%26lt%3Bdiv%20class%3D%26quot%3Bcsl-bib-body%26quot%3B%20style%3D%26quot%3Bline-height%3A%201.35%3B%20padding-left%3A%201em%3B%20text-indent%3A-1em%3B%26quot%3B%26gt%3B%5Cn%20%20%26lt%3Bdiv%20class%3D%26quot%3Bcsl-entry%26quot%3B%26gt%3BSchwarz%2C%20Anke.%202025.%20%26%23x201C%3BBuchbesprechung%3A%20Bernd%20Belina%2C%20Matthias%20Naumann%20und%20Anke%20Str%26%23xFC%3Bver%20%28Hrsg.%29%3A%20Handbuch%20Kritische%20Stadtgeographie%3A%206.%2C%20v%26%23xF6%3Bllig%20%26%23xFC%3Bberarbeitete%20und%20erweiterte%20Auflage%2C%20M%26%23xFC%3Bnster%3A%20Westf%26%23xE4%3Blisches%20Dampfboot%2C%202024%2C%20430%20S.%26%23x201D%3B%20%26lt%3Bi%26gt%3BGeographische%20Zeitschrift%26lt%3B%5C%2Fi%26gt%3B%20113%20%282%29%3A%20130%26%23x2013%3B32.%20%26lt%3Ba%20class%3D%26%23039%3Bzp-ItemURL%26%23039%3B%20href%3D%26%23039%3Bhttps%3A%5C%2F%5C%2Fbiblioscout.net%5C%2Farticle%5C%2F99.140005%5C%2Fgz202502013001%26%23039%3B%26gt%3Bhttps%3A%5C%2F%5C%2Fbiblioscout.net%5C%2Farticle%5C%2F99.140005%5C%2Fgz202502013001%26lt%3B%5C%2Fa%26gt%3B.%26lt%3B%5C%2Fdiv%26gt%3B%5Cn%26lt%3B%5C%2Fdiv%26gt%3B%22%2C%22data%22%3A%7B%22itemType%22%3A%22journalArticle%22%2C%22title%22%3A%22Buchbesprechung%3A%20Bernd%20Belina%2C%20Matthias%20Naumann%20und%20Anke%20Str%5Cu00fcver%20%28Hrsg.%29%3A%20Handbuch%20Kritische%20Stadtgeographie%3A%206.%2C%20v%5Cu00f6llig%20%5Cu00fcberarbeitete%20und%20erweiterte%20Auflage%2C%20M%5Cu00fcnster%3A%20Westf%5Cu00e4lisches%20Dampfboot%2C%202024%2C%20430%20S.%22%2C%22creators%22%3A%5B%7B%22creatorType%22%3A%22author%22%2C%22firstName%22%3A%22Anke%22%2C%22lastName%22%3A%22Schwarz%22%7D%5D%2C%22abstractNote%22%3A%22No%20abstract%20available.%22%2C%22date%22%3A%222025%22%2C%22section%22%3A%22%22%2C%22partNumber%22%3A%22%22%2C%22partTitle%22%3A%22%22%2C%22DOI%22%3A%22%22%2C%22citationKey%22%3A%22%22%2C%22url%22%3A%22https%3A%5C%2F%5C%2Fbiblioscout.net%5C%2Farticle%5C%2F99.140005%5C%2Fgz202502013001%22%2C%22PMID%22%3A%22%22%2C%22PMCID%22%3A%22%22%2C%22ISSN%22%3A%220016-7479%22%2C%22language%22%3A%22de%22%2C%22collections%22%3A%5B%227BZXRSS4%22%2C%22UID37CJL%22%5D%2C%22dateModified%22%3A%222025-09-30T09%3A50%3A57Z%22%7D%7D%2C%7B%22key%22%3A%22CKEHK97F%22%2C%22library%22%3A%7B%22id%22%3A16448592%7D%2C%22meta%22%3A%7B%22creatorSummary%22%3A%22Braun%20and%20Schwarz%22%2C%22parsedDate%22%3A%222025-12-19%22%2C%22numChildren%22%3A0%7D%2C%22bib%22%3A%22%26lt%3Bdiv%20class%3D%26quot%3Bcsl-bib-body%26quot%3B%20style%3D%26quot%3Bline-height%3A%201.35%3B%20padding-left%3A%201em%3B%20text-indent%3A-1em%3B%26quot%3B%26gt%3B%5Cn%20%20%26lt%3Bdiv%20class%3D%26quot%3Bcsl-entry%26quot%3B%26gt%3BBraun%2C%20Johann%2C%20and%20Anke%20Schwarz.%202025.%20%26%23x201C%3BRegression%20Als%20Aufbruch%3F%3A%20Kritische%20Geographien%20Rechter%20Zukunftsentw%26%23xFC%3Brfe.%26%23x201D%3B%20%26lt%3Bi%26gt%3BSub%5C%5Curban.%20Zeitschrift%20F%26%23xFC%3Br%20Kritische%20Stadtforschung%26lt%3B%5C%2Fi%26gt%3B%2013%20%281%29.%20%26lt%3Ba%20class%3D%26%23039%3Bzp-DOIURL%26%23039%3B%20href%3D%26%23039%3Bhttps%3A%5C%2F%5C%2Fdoi.org%5C%2F10.36900%5C%2Fsuburban.v13i1.1021%26%23039%3B%26gt%3Bhttps%3A%5C%2F%5C%2Fdoi.org%5C%2F10.36900%5C%2Fsuburban.v13i1.1021%26lt%3B%5C%2Fa%26gt%3B.%26lt%3B%5C%2Fdiv%26gt%3B%5Cn%26lt%3B%5C%2Fdiv%26gt%3B%22%2C%22data%22%3A%7B%22itemType%22%3A%22journalArticle%22%2C%22title%22%3A%22Regression%20als%20Aufbruch%3F%3A%20Kritische%20Geographien%20rechter%20Zukunftsentw%5Cu00fcrfe%22%2C%22creators%22%3A%5B%7B%22creatorType%22%3A%22author%22%2C%22firstName%22%3A%22Johann%22%2C%22lastName%22%3A%22Braun%22%7D%2C%7B%22creatorType%22%3A%22author%22%2C%22firstName%22%3A%22Anke%22%2C%22lastName%22%3A%22Schwarz%22%7D%5D%2C%22abstractNote%22%3A%22Wie%20stehen%20Zukunft%20und%20Aufbruch%20im%20Verh%5Cu00e4ltnis%20zum%20Reaktion%5Cu00e4ren%20und%20Regressiven%3F%20Welche%20r%5Cu00e4umlichen%20Formen%20nehmen%20rechte%20Zukunftsentw%5Cu00fcrfe%20an%3F%20Und%20welche%20Ambivalenzen%20treten%20in%20diesen%20Spannungsverh%5Cu00e4ltnissen%20zutage%3F%20Diese%20Fragen%20tr%5Cu00e4gt%20die%20hier%20initiierte%20Debatte%20an%20empirische%20Kontexte%20heran%20und%20erprobt%2C%20wie%20sich%20Retrospektive%20und%20Regression%20explizit%20als%20Pr%5Cu00e4figurationen%20von%20Zukunft%20lesen%20lassen.%20Den%20Debattenaufschlag%20von%20Johann%20Braun%20und%20Anke%20Schwarz%20diskutieren%20Valentin%20Domann%2C%20David%20Higgins%2C%20Agnieszka%20Pasieka%2C%20Zita%20Seichter%20und%20Matt%20Varco.%22%2C%22date%22%3A%222025-12-19%22%2C%22section%22%3A%22%22%2C%22partNumber%22%3A%22%22%2C%22partTitle%22%3A%22%22%2C%22DOI%22%3A%2210.36900%5C%2Fsuburban.v13i1.1021%22%2C%22citationKey%22%3A%22%22%2C%22url%22%3A%22https%3A%5C%2F%5C%2Fzeitschrift-suburban.de%5C%2Fsys%5C%2Findex.php%5C%2Fsuburban%5C%2Farticle%5C%2Fview%5C%2F1021%22%2C%22PMID%22%3A%22%22%2C%22PMCID%22%3A%22%22%2C%22ISSN%22%3A%222197-2567%22%2C%22language%22%3A%22%22%2C%22collections%22%3A%5B%227BZXRSS4%22%2C%22UID37CJL%22%5D%2C%22dateModified%22%3A%222025-09-30T09%3A45%3A21Z%22%7D%7D%2C%7B%22key%22%3A%22Z8MR2AQX%22%2C%22library%22%3A%7B%22id%22%3A16448592%7D%2C%22meta%22%3A%7B%22creatorSummary%22%3A%22Autor%2Ainnenkollektiv%20Terra-R%22%2C%22parsedDate%22%3A%222025%22%2C%22numChildren%22%3A0%7D%2C%22bib%22%3A%22%26lt%3Bdiv%20class%3D%26quot%3Bcsl-bib-body%26quot%3B%20style%3D%26quot%3Bline-height%3A%201.35%3B%20padding-left%3A%201em%3B%20text-indent%3A-1em%3B%26quot%3B%26gt%3B%5Cn%20%20%26lt%3Bdiv%20class%3D%26quot%3Bcsl-entry%26quot%3B%26gt%3BAutor%2Ainnenkollektiv%20Terra-R.%202025.%20%26lt%3Bi%26gt%3BDas%20Ende%20Rechter%20R%26%23xE4%3Bume%20-%20Zu%20Territorialisierungen%20Der%20Radikalen%20Rechten%26lt%3B%5C%2Fi%26gt%3B.%201st%20ed.%20Verlag%20Westf%26%23xE4%3Blisches%20Dampfboot.%20%26lt%3Ba%20class%3D%26%23039%3Bzp-ItemURL%26%23039%3B%20href%3D%26%23039%3Bdoi.org%5C%2F10.56715%5C%2F978398634192%26%23039%3B%26gt%3Bdoi.org%5C%2F10.56715%5C%2F978398634192%26lt%3B%5C%2Fa%26gt%3B.%26lt%3B%5C%2Fdiv%26gt%3B%5Cn%26lt%3B%5C%2Fdiv%26gt%3B%22%2C%22data%22%3A%7B%22itemType%22%3A%22book%22%2C%22title%22%3A%22Das%20Ende%20rechter%20R%5Cu00e4ume%20-%20Zu%20Territorialisierungen%20der%20radikalen%20Rechten%22%2C%22creators%22%3A%5B%7B%22creatorType%22%3A%22author%22%2C%22firstName%22%3A%22%22%2C%22lastName%22%3A%22Autor%2Ainnenkollektiv%20Terra-R%22%7D%5D%2C%22abstractNote%22%3A%22Rechtsradikalismus%20wirkt%20als%20gesamtgesellschaftliches%20Ph%5Cu00e4nomen%20durch%20r%5Cu00e4umliche%20Praktiken%20und%20Diskurse%2C%20Symboliken%20und%20Affekte.%20Ebenso%20haben%20rechte%20Mobilisierungen%20vielf%5Cu00e4ltige%20r%5Cu00e4umliche%20Dimensionen%2C%20von%20Nationalit%5Cu00e4t%20und%20Geopolitik%20%5Cu00fcber%20Globalisierung%20und%20Migration%20bis%20hin%20zu%20Stadt-Land-Beziehungen.%20Doch%20wie%20lassen%20sich%20diese%20Dimensionen%20analysieren%20und%20f%5Cu00fcr%20die%20politische%20Opposition%20zug%5Cu00e4nglich%20machen%3F%20Um%20diese%20Frage%20zu%20adressieren%2C%20schl%5Cu00e4gt%20das%20Autor%2Ainnenkollektiv%20Terra-R%20das%20Konzept%20der%20Territorialisierung%20vor.%20In%20elf%20Kapiteln%20zeigt%20es%20Forschungszug%5Cu00e4nge%20sowie%20praxisbezogene%20Implikationen%20auf.%22%2C%22date%22%3A%222025%22%2C%22originalDate%22%3A%22%22%2C%22originalPublisher%22%3A%22%22%2C%22originalPlace%22%3A%22%22%2C%22format%22%3A%22%22%2C%22ISBN%22%3A%22978-3-89691-137-7%22%2C%22DOI%22%3A%22%22%2C%22citationKey%22%3A%22%22%2C%22url%22%3A%22doi.org%5C%2F10.56715%5C%2F978398634192%22%2C%22ISSN%22%3A%22%22%2C%22language%22%3A%22%22%2C%22collections%22%3A%5B%227BZXRSS4%22%2C%22UID37CJL%22%5D%2C%22dateModified%22%3A%222025-08-27T10%3A50%3A58Z%22%7D%7D%2C%7B%22key%22%3A%22Z4RB5RK9%22%2C%22library%22%3A%7B%22id%22%3A16448592%7D%2C%22meta%22%3A%7B%22creatorSummary%22%3A%22Walker%20et%20al.%22%2C%22parsedDate%22%3A%222025%22%2C%22numChildren%22%3A0%7D%2C%22bib%22%3A%22%26lt%3Bdiv%20class%3D%26quot%3Bcsl-bib-body%26quot%3B%20style%3D%26quot%3Bline-height%3A%201.35%3B%20padding-left%3A%201em%3B%20text-indent%3A-1em%3B%26quot%3B%26gt%3B%5Cn%20%20%26lt%3Bdiv%20class%3D%26quot%3Bcsl-entry%26quot%3B%26gt%3BWalker%2C%20Amy%2C%20Kate%20Moles%2C%20and%20J%26%23xFC%3Brgen%20Viet%20Anh%20H%26%23xF6%3Bpfel.%202025.%20%26%23x201C%3BNostalgia%20and%20the%20Cruel%20Promises%20of%20Austerity%3A%20Neoliberal%20Narratives%20and%20Post-Industrial%20Memory%20in%20the%20South%20Wales%20Coalfield.%26%23x201D%3B%20%26lt%3Bi%26gt%3BMemory%20Studies%26lt%3B%5C%2Fi%26gt%3B%2018%20%282%29%3A%20377%26%23x2013%3B92.%20%26lt%3Ba%20class%3D%26%23039%3Bzp-DOIURL%26%23039%3B%20href%3D%26%23039%3Bhttps%3A%5C%2F%5C%2Fdoi.org%5C%2F10.1177%5C%2F17506980251320778%26%23039%3B%26gt%3Bhttps%3A%5C%2F%5C%2Fdoi.org%5C%2F10.1177%5C%2F17506980251320778%26lt%3B%5C%2Fa%26gt%3B.%26lt%3B%5C%2Fdiv%26gt%3B%5Cn%26lt%3B%5C%2Fdiv%26gt%3B%22%2C%22data%22%3A%7B%22itemType%22%3A%22journalArticle%22%2C%22title%22%3A%22Nostalgia%20and%20the%20cruel%20promises%20of%20austerity%3A%20Neoliberal%20narratives%20and%20post-industrial%20memory%20in%20the%20South%20Wales%20coalfield%22%2C%22creators%22%3A%5B%7B%22creatorType%22%3A%22author%22%2C%22firstName%22%3A%22Amy%22%2C%22lastName%22%3A%22Walker%22%7D%2C%7B%22creatorType%22%3A%22author%22%2C%22firstName%22%3A%22Kate%22%2C%22lastName%22%3A%22Moles%22%7D%2C%7B%22creatorType%22%3A%22author%22%2C%22firstName%22%3A%22J%5Cu00fcrgen%20Viet%20Anh%22%2C%22lastName%22%3A%22H%5Cu00f6pfel%22%7D%5D%2C%22abstractNote%22%3A%22Austerity%20in%20the%20United%20Kingdom%20has%20been%20widely%20framed%2C%20in%20academic%20and%20popular%20representations%2C%20as%20a%20nostalgic%20project%2C%20drawing%20legitimacy%20from%20idealised%20images%20of%20a%20resilient%20past.%20We%20argue%20that%20these%20notions%20of%20resilience%20embedded%20in%20austerity%20discourses%20parallel%20nostalgic%20attachments%20to%20mining%20legacies%20in%20the%20South%20Wales%20coalfield.%20Through%20analysing%20the%20promises%20and%20strategies%20behind%20austerity%2C%20we%20explore%20its%20complex%20dynamics%20in%20post-industrial%20communities%20marked%20by%20long-standing%20marginalisation%20and%20hardship.%20Based%20on%20ethnographic%20research%20in%20the%20South%20Wales%20Valleys%2C%20we%20contend%20that%20nostalgia%20plays%20a%20key%20role%20in%20nurturing%20the%20%5Cu2018cruel%20optimism%5Cu2019%20of%20austerity%2C%20enrolling%20citizens%20into%20its%20neoliberal%20logic%20and%20material%20practices.%20Nostalgic%20practices%20such%20as%20heritage%20projects%20and%20community%20initiatives%20often%20reinforce%20values%20central%20to%20austerity%2C%20creating%20a%20conflicted%20space%20where%20memory%20serves%20both%20empowerment%20and%20exploitation.%20However%2C%20amid%20the%20legacies%20of%20deindustrialisation%20and%20austerity%2C%20a%20growing%20scepticism%20and%20recognition%20of%20austerity%5Cu2019s%20failures%20have%20given%20rise%20to%20subtle%20forms%20of%20resistance%2C%20grounded%20in%20community%20solidarity%20and%20care.%20This%20resistance%2C%20sustained%20by%20nostalgic%20narratives%20of%20perseverance%20and%20collective%20identity%2C%20holds%20potential%20for%20alternative%2C%20transformative%20politics%20in%20the%20future.%22%2C%22date%22%3A%2204%5C%2F2025%22%2C%22section%22%3A%22%22%2C%22partNumber%22%3A%22%22%2C%22partTitle%22%3A%22%22%2C%22DOI%22%3A%2210.1177%5C%2F17506980251320778%22%2C%22citationKey%22%3A%22%22%2C%22url%22%3A%22https%3A%5C%2F%5C%2Fjournals.sagepub.com%5C%2Fdoi%5C%2F10.1177%5C%2F17506980251320778%22%2C%22PMID%22%3A%22%22%2C%22PMCID%22%3A%22%22%2C%22ISSN%22%3A%221750-6980%2C%201750-6999%22%2C%22language%22%3A%22en%22%2C%22collections%22%3A%5B%223ZZX4T3Q%22%2C%22UID37CJL%22%5D%2C%22dateModified%22%3A%222025-08-14T14%3A55%3A30Z%22%7D%7D%2C%7B%22key%22%3A%22YEN7HTL7%22%2C%22library%22%3A%7B%22id%22%3A16448592%7D%2C%22meta%22%3A%7B%22creatorSummary%22%3A%22Sureau%22%2C%22parsedDate%22%3A%222025-04%22%2C%22numChildren%22%3A0%7D%2C%22bib%22%3A%22%26lt%3Bdiv%20class%3D%26quot%3Bcsl-bib-body%26quot%3B%20style%3D%26quot%3Bline-height%3A%201.35%3B%20padding-left%3A%201em%3B%20text-indent%3A-1em%3B%26quot%3B%26gt%3B%5Cn%20%20%26lt%3Bdiv%20class%3D%26quot%3Bcsl-entry%26quot%3B%26gt%3BSureau%2C%20Timm.%202025.%20%26lt%3Bi%26gt%3BMultiple%20Strukturwandel%26lt%3B%5C%2Fi%26gt%3B.%20With%20Universit%26%23xE4%3Bts-%20Und%20Landesbibliothek%20Sachsen-Anhalt%20and%20Martin-Luther%20Universit%26%23xE4%3Bt.%20Vol.%201.%20Policy%20Papers%20on%20Just%20Transition.%20Just%20Transition%20Center.%20%26lt%3Ba%20class%3D%26%23039%3Bzp-ItemURL%26%23039%3B%20href%3D%26%23039%3Bdoi.org%5C%2F10.25673%5C%2F118808%26%23039%3B%26gt%3Bdoi.org%5C%2F10.25673%5C%2F118808%26lt%3B%5C%2Fa%26gt%3B.%26lt%3B%5C%2Fdiv%26gt%3B%5Cn%26lt%3B%5C%2Fdiv%26gt%3B%22%2C%22data%22%3A%7B%22itemType%22%3A%22book%22%2C%22title%22%3A%22Multiple%20Strukturwandel%22%2C%22creators%22%3A%5B%7B%22creatorType%22%3A%22author%22%2C%22firstName%22%3A%22Timm%22%2C%22lastName%22%3A%22Sureau%22%7D%2C%7B%22creatorType%22%3A%22contributor%22%2C%22name%22%3A%22Universit%5Cu00e4ts-%20Und%20Landesbibliothek%20Sachsen-Anhalt%22%7D%2C%7B%22creatorType%22%3A%22contributor%22%2C%22name%22%3A%22Martin-Luther%20Universit%5Cu00e4t%22%7D%5D%2C%22abstractNote%22%3A%22Kurzbericht%20zur%20Konferenz%20%26quot%3BStrukturwandel%20in%20den%20Braunkohlerevieren%20%5Cu2013%20Transformationsregionen%20als%20Ressource%26quot%3B.%20Die%20Gesellschaft%20erlebt%20derzeit%20vielf%5Cu00e4ltige%20strukturelle%20Ver%5Cu00e4nderungen%2C%20die%20von%20zahlreichen%20Akteuren%20gestaltet%2C%20gesteuert%20und%20in%20positivie%20Bahnen%20gelenkt%20werden.%20Diese%20multiplen%20Strukturwandel%20diverser%20gesellschaftlicher%20Dimensionen%20bieten%20Chancen%2C%20voneinander%20und%20miteinander%20zu%20lernen%20und%20zu%20partizipieren.%20Dazu%20bot%20die%20Konferenz%20mehrere%20Praxisbeispiele%2C%20die%20in%20diesem%20Bericht%20vorgestellt%20und%20analysiert%20werden.%22%2C%22date%22%3A%222025-04%22%2C%22originalDate%22%3A%22%22%2C%22originalPublisher%22%3A%22%22%2C%22originalPlace%22%3A%22%22%2C%22format%22%3A%22%22%2C%22ISBN%22%3A%22%22%2C%22DOI%22%3A%22%22%2C%22citationKey%22%3A%22%22%2C%22url%22%3A%22doi.org%5C%2F10.25673%5C%2F118808%22%2C%22ISSN%22%3A%22%22%2C%22language%22%3A%22%22%2C%22collections%22%3A%5B%22IR3MBM77%22%2C%22UID37CJL%22%2C%22X3TLFS6F%22%5D%2C%22dateModified%22%3A%222025-08-13T10%3A38%3A05Z%22%7D%7D%2C%7B%22key%22%3A%22F6EYYKAT%22%2C%22library%22%3A%7B%22id%22%3A16448592%7D%2C%22meta%22%3A%7B%22creatorSummary%22%3A%22Seidel%22%2C%22parsedDate%22%3A%222025-07%22%2C%22numChildren%22%3A0%7D%2C%22bib%22%3A%22%26lt%3Bdiv%20class%3D%26quot%3Bcsl-bib-body%26quot%3B%20style%3D%26quot%3Bline-height%3A%201.35%3B%20padding-left%3A%201em%3B%20text-indent%3A-1em%3B%26quot%3B%26gt%3B%5Cn%20%20%26lt%3Bdiv%20class%3D%26quot%3Bcsl-entry%26quot%3B%26gt%3BSeidel%2C%20Katrin.%202025.%20%26lt%3Bi%26gt%3BJust%20Transitions%20Beyond%20Silos%3A%20Toward%20Inclusive%20and%20Ethical%20Governance%26lt%3B%5C%2Fi%26gt%3B.%20Vol.%203.%20Policy%20Papers%20on%20Just%20Transition.%20Just%20Transition%20Center.%20%26lt%3Ba%20class%3D%26%23039%3Bzp-ItemURL%26%23039%3B%20href%3D%26%23039%3Bdoi.org%5C%2F10.25673%5C%2F119421%26%23039%3B%26gt%3Bdoi.org%5C%2F10.25673%5C%2F119421%26lt%3B%5C%2Fa%26gt%3B.%26lt%3B%5C%2Fdiv%26gt%3B%5Cn%26lt%3B%5C%2Fdiv%26gt%3B%22%2C%22data%22%3A%7B%22itemType%22%3A%22book%22%2C%22title%22%3A%22Just%20Transitions%20Beyond%20Silos%3A%20Toward%20Inclusive%20and%20Ethical%20Governance%22%2C%22creators%22%3A%5B%7B%22creatorType%22%3A%22author%22%2C%22firstName%22%3A%22Katrin%22%2C%22lastName%22%3A%22Seidel%22%7D%5D%2C%22abstractNote%22%3A%22This%20policy%20paper%20outlines%20pathways%20to%20recalibrate%20just%20transition%20research%20and%20governance%2C%20addressing%20inappropriate%20siloed%20approaches%20that%20overlook%20lived%20realities%2C%20impact%20and%20unintended%20consequences%20of%20regulation%2C%20as%20well%20as%20various%20forms%20of%20resistance.%20It%20advocates%20for%20inclusive%2C%20ethical%20governance%20to%20address%20the%20interconnected%20challenges%20of%20climate%20and%20societal%20transitions.%20The%20paper%20calls%20for%20interdisciplinary%20collaboration%20and%20context-sensitive%20frameworks%20that%20balance%20urgency%20with%20ecological%20sustainability%2C%20social%20equity%20and%20technological%20innovation%2C%20alongside%20ethical%20safeguards.%20Key%20themes%20include%20legal%20pluralism%20to%20navigate%20overlapping%20and%20often%20conflicting%20legal%20and%20governance%20frameworks%2C%20centering%20marginalised%20voices%20through%20knowledge%20diversity%2C%20and%20addressing%20power%20imbalances%20through%20ethical%20reflexivity.%20The%20recommendations%20prioritise%20participatory%20policymaking%2C%20auditing%20of%20legal%20pluralism%20and%20power%20dynamics%2C%20as%20well%20as%20strengthening%20global%20climate%20equity%2C%20to%20ensure%20inclusive%20ecosocial%20transitions.%22%2C%22date%22%3A%222025-07%22%2C%22originalDate%22%3A%22%22%2C%22originalPublisher%22%3A%22%22%2C%22originalPlace%22%3A%22%22%2C%22format%22%3A%22%22%2C%22ISBN%22%3A%22%22%2C%22DOI%22%3A%22%22%2C%22citationKey%22%3A%22%22%2C%22url%22%3A%22doi.org%5C%2F10.25673%5C%2F119421%22%2C%22ISSN%22%3A%22%22%2C%22language%22%3A%22ger%22%2C%22collections%22%3A%5B%22IR3MBM77%22%2C%22UID37CJL%22%2C%22X3TLFS6F%22%5D%2C%22dateModified%22%3A%222025-08-13T10%3A37%3A53Z%22%7D%7D%2C%7B%22key%22%3A%22DQQ9EQSV%22%2C%22library%22%3A%7B%22id%22%3A16448592%7D%2C%22meta%22%3A%7B%22creatorSummary%22%3A%22Schwarz%22%2C%22parsedDate%22%3A%222025-07-03%22%2C%22numChildren%22%3A0%7D%2C%22bib%22%3A%22%26lt%3Bdiv%20class%3D%26quot%3Bcsl-bib-body%26quot%3B%20style%3D%26quot%3Bline-height%3A%201.35%3B%20padding-left%3A%201em%3B%20text-indent%3A-1em%3B%26quot%3B%26gt%3B%5Cn%20%20%26lt%3Bdiv%20class%3D%26quot%3Bcsl-entry%26quot%3B%26gt%3BSchwarz%2C%20Anke.%202025.%20%26%23x201C%3BCapturing%20Dissent%3A%20Forensic%20Photography%20of%20Graffiti%20in%20the%20Late%20German%20Democratic%20Republic.%26%23x201D%3B%20%26lt%3Bi%26gt%3BTerritory%2C%20Politics%2C%20Governance%26lt%3B%5C%2Fi%26gt%3B%2013%20%286%29%3A%20828%26%23x2013%3B46.%20%26lt%3Ba%20class%3D%26%23039%3Bzp-DOIURL%26%23039%3B%20href%3D%26%23039%3Bhttps%3A%5C%2F%5C%2Fdoi.org%5C%2F10.1080%5C%2F21622671.2024.2419367%26%23039%3B%26gt%3Bhttps%3A%5C%2F%5C%2Fdoi.org%5C%2F10.1080%5C%2F21622671.2024.2419367%26lt%3B%5C%2Fa%26gt%3B.%26lt%3B%5C%2Fdiv%26gt%3B%5Cn%26lt%3B%5C%2Fdiv%26gt%3B%22%2C%22data%22%3A%7B%22itemType%22%3A%22journalArticle%22%2C%22title%22%3A%22Capturing%20dissent%3A%20forensic%20photography%20of%20graffiti%20in%20the%20late%20German%20Democratic%20Republic%22%2C%22creators%22%3A%5B%7B%22creatorType%22%3A%22author%22%2C%22firstName%22%3A%22Anke%22%2C%22lastName%22%3A%22Schwarz%22%7D%5D%2C%22abstractNote%22%3A%22%22%2C%22date%22%3A%222025-07-03%22%2C%22section%22%3A%22%22%2C%22partNumber%22%3A%22%22%2C%22partTitle%22%3A%22%22%2C%22DOI%22%3A%2210.1080%5C%2F21622671.2024.2419367%22%2C%22citationKey%22%3A%22%22%2C%22url%22%3A%22https%3A%5C%2F%5C%2Fwww.tandfonline.com%5C%2Fdoi%5C%2Ffull%5C%2F10.1080%5C%2F21622671.2024.2419367%22%2C%22PMID%22%3A%22%22%2C%22PMCID%22%3A%22%22%2C%22ISSN%22%3A%222162-2671%2C%202162-268X%22%2C%22language%22%3A%22en%22%2C%22collections%22%3A%5B%227BZXRSS4%22%2C%22UID37CJL%22%5D%2C%22dateModified%22%3A%222025-08-08T12%3A48%3A12Z%22%7D%7D%2C%7B%22key%22%3A%224AJCPUHT%22%2C%22library%22%3A%7B%22id%22%3A16448592%7D%2C%22meta%22%3A%7B%22creatorSummary%22%3A%22Mattiucci%20and%20Schwarz%22%2C%22parsedDate%22%3A%222025-06-26%22%2C%22numChildren%22%3A0%7D%2C%22bib%22%3A%22%26lt%3Bdiv%20class%3D%26quot%3Bcsl-bib-body%26quot%3B%20style%3D%26quot%3Bline-height%3A%201.35%3B%20padding-left%3A%201em%3B%20text-indent%3A-1em%3B%26quot%3B%26gt%3B%5Cn%20%20%26lt%3Bdiv%20class%3D%26quot%3Bcsl-entry%26quot%3B%26gt%3BMattiucci%2C%20Cristina%2C%20and%20Anke%20Schwarz.%202025.%20%26%23x201C%3BHow%20Urban%20Decorum%20Works.%20Territorial%20Othering%20in%20Italian%20Cities.%26%23x201D%3B%20%26lt%3Bi%26gt%3BCity%26lt%3B%5C%2Fi%26gt%3B%2C%20June%2026%2C%201%26%23x2013%3B21.%20%26lt%3Ba%20class%3D%26%23039%3Bzp-DOIURL%26%23039%3B%20href%3D%26%23039%3Bhttps%3A%5C%2F%5C%2Fdoi.org%5C%2F10.1080%5C%2F13604813.2025.2516325%26%23039%3B%26gt%3Bhttps%3A%5C%2F%5C%2Fdoi.org%5C%2F10.1080%5C%2F13604813.2025.2516325%26lt%3B%5C%2Fa%26gt%3B.%26lt%3B%5C%2Fdiv%26gt%3B%5Cn%26lt%3B%5C%2Fdiv%26gt%3B%22%2C%22data%22%3A%7B%22itemType%22%3A%22journalArticle%22%2C%22title%22%3A%22How%20Urban%20Decorum%20works.%20Territorial%20othering%20in%20Italian%20cities%22%2C%22creators%22%3A%5B%7B%22creatorType%22%3A%22author%22%2C%22firstName%22%3A%22Cristina%22%2C%22lastName%22%3A%22Mattiucci%22%7D%2C%7B%22creatorType%22%3A%22author%22%2C%22firstName%22%3A%22Anke%22%2C%22lastName%22%3A%22Schwarz%22%7D%5D%2C%22abstractNote%22%3A%22%22%2C%22date%22%3A%222025-06-26%22%2C%22section%22%3A%22%22%2C%22partNumber%22%3A%22%22%2C%22partTitle%22%3A%22%22%2C%22DOI%22%3A%2210.1080%5C%2F13604813.2025.2516325%22%2C%22citationKey%22%3A%22%22%2C%22url%22%3A%22https%3A%5C%2F%5C%2Fwww.tandfonline.com%5C%2Fdoi%5C%2Ffull%5C%2F10.1080%5C%2F13604813.2025.2516325%22%2C%22PMID%22%3A%22%22%2C%22PMCID%22%3A%22%22%2C%22ISSN%22%3A%221360-4813%2C%201470-3629%22%2C%22language%22%3A%22en%22%2C%22collections%22%3A%5B%227BZXRSS4%22%2C%22UID37CJL%22%5D%2C%22dateModified%22%3A%222025-08-08T12%3A47%3A24Z%22%7D%7D%2C%7B%22key%22%3A%22V977IP75%22%2C%22library%22%3A%7B%22id%22%3A16448592%7D%2C%22meta%22%3A%7B%22creatorSummary%22%3A%22Kriemann%22%2C%22parsedDate%22%3A%222024-08-12%22%2C%22numChildren%22%3A0%7D%2C%22bib%22%3A%22%26lt%3Bdiv%20class%3D%26quot%3Bcsl-bib-body%26quot%3B%20style%3D%26quot%3Bline-height%3A%201.35%3B%20padding-left%3A%201em%3B%20text-indent%3A-1em%3B%26quot%3B%26gt%3B%5Cn%20%20%26lt%3Bdiv%20class%3D%26quot%3Bcsl-entry%26quot%3B%26gt%3BKriemann%2C%20Martin.%202024.%20%26%23x201C%3BZum%20Sozialisatorischen%20Erbe%20Der%20DDR.%26%23x201D%3B%20%26lt%3Bi%26gt%3BDiskurs%20Kindheits-%20Und%20Jugendforschung%20%5C%2F%20Discourse%20Journal%20of%20Childhood%20and%20Adolescence%20Research%26lt%3B%5C%2Fi%26gt%3B%2019%20%282%29%3A%20281%26%23x2013%3B86.%20%26lt%3Ba%20class%3D%26%23039%3Bzp-DOIURL%26%23039%3B%20href%3D%26%23039%3Bhttps%3A%5C%2F%5C%2Fdoi.org%5C%2F10.3224%5C%2Fdiskurs.v19i2.09%26%23039%3B%26gt%3Bhttps%3A%5C%2F%5C%2Fdoi.org%5C%2F10.3224%5C%2Fdiskurs.v19i2.09%26lt%3B%5C%2Fa%26gt%3B.%26lt%3B%5C%2Fdiv%26gt%3B%5Cn%26lt%3B%5C%2Fdiv%26gt%3B%22%2C%22data%22%3A%7B%22itemType%22%3A%22journalArticle%22%2C%22title%22%3A%22Zum%20sozialisatorischen%20Erbe%20der%20DDR%22%2C%22creators%22%3A%5B%7B%22creatorType%22%3A%22author%22%2C%22firstName%22%3A%22Martin%22%2C%22lastName%22%3A%22Kriemann%22%7D%5D%2C%22abstractNote%22%3A%22%22%2C%22date%22%3A%222024-08-12%22%2C%22section%22%3A%22%22%2C%22partNumber%22%3A%22%22%2C%22partTitle%22%3A%22%22%2C%22DOI%22%3A%2210.3224%5C%2Fdiskurs.v19i2.09%22%2C%22citationKey%22%3A%22%22%2C%22url%22%3A%22https%3A%5C%2F%5C%2Fwww.budrich-journals.de%5C%2Findex.php%5C%2Fdiskurs%5C%2Farticle%5C%2Fview%5C%2F44608%22%2C%22PMID%22%3A%22%22%2C%22PMCID%22%3A%22%22%2C%22ISSN%22%3A%2218625002%2C%2021939713%22%2C%22language%22%3A%22%22%2C%22collections%22%3A%5B%22L99PPHTB%22%2C%22UID37CJL%22%5D%2C%22dateModified%22%3A%222025-08-08T12%3A46%3A40Z%22%7D%7D%2C%7B%22key%22%3A%22MK5BWJUT%22%2C%22library%22%3A%7B%22id%22%3A16448592%7D%2C%22meta%22%3A%7B%22creatorSummary%22%3A%22H%5Cu00fcnersdorf%20and%20Kriemann%22%2C%22parsedDate%22%3A%222025%22%2C%22numChildren%22%3A0%7D%2C%22bib%22%3A%22%26lt%3Bdiv%20class%3D%26quot%3Bcsl-bib-body%26quot%3B%20style%3D%26quot%3Bline-height%3A%201.35%3B%20padding-left%3A%201em%3B%20text-indent%3A-1em%3B%26quot%3B%26gt%3B%5Cn%20%20%26lt%3Bdiv%20class%3D%26quot%3Bcsl-entry%26quot%3B%26gt%3BH%26%23xFC%3Bnersdorf%2C%20Bettina%2C%20and%20Martin%20Kriemann.%202025.%20%26%23x201C%3BQualit%26%23xE4%3Bt%20%26%23x201E%3Bvor%20Ort%26%23x201C%3B%3A%20Zur%20Ambivalenz%20der%20Herstellung%20sozialr%26%23xE4%3Bumlicher%20Qualit%26%23xE4%3Bt%20von%20Bildungs-%20und%20Betreuungslandschaften%20in%20einer%20peripheren%20l%26%23xE4%3Bndlichen%20Region.%26%23x201D%3B%20%26lt%3Bi%26gt%3BSoziale%20Passagen%26lt%3B%5C%2Fi%26gt%3B%2017%20%281%29%3A%20257%26%23x2013%3B72.%20%26lt%3Ba%20class%3D%26%23039%3Bzp-DOIURL%26%23039%3B%20href%3D%26%23039%3Bhttps%3A%5C%2F%5C%2Fdoi.org%5C%2F10.1007%5C%2Fs12592-025-00536-9%26%23039%3B%26gt%3Bhttps%3A%5C%2F%5C%2Fdoi.org%5C%2F10.1007%5C%2Fs12592-025-00536-9%26lt%3B%5C%2Fa%26gt%3B.%26lt%3B%5C%2Fdiv%26gt%3B%5Cn%26lt%3B%5C%2Fdiv%26gt%3B%22%2C%22data%22%3A%7B%22itemType%22%3A%22journalArticle%22%2C%22title%22%3A%22Qualit%5Cu00e4t%20%5Cu201evor%20Ort%5Cu201c%3A%20Zur%20Ambivalenz%20der%20Herstellung%20sozialr%5Cu00e4umlicher%20Qualit%5Cu00e4t%20von%20Bildungs-%20und%20Betreuungslandschaften%20in%20einer%20peripheren%20l%5Cu00e4ndlichen%20Region%22%2C%22creators%22%3A%5B%7B%22creatorType%22%3A%22author%22%2C%22firstName%22%3A%22Bettina%22%2C%22lastName%22%3A%22H%5Cu00fcnersdorf%22%7D%2C%7B%22creatorType%22%3A%22author%22%2C%22firstName%22%3A%22Martin%22%2C%22lastName%22%3A%22Kriemann%22%7D%5D%2C%22abstractNote%22%3A%22Zusammenfassung%20%5Cn%20%20%20%20%20%20%20%20%20%20%20%20%20%5Cn%20%20%20%20%20%20%20%20%20%20%20%20%20%20Dieser%20Artikel%20analysiert%2C%20wie%20sich%20Diskurse%20%5Cu00fcber%20sozialr%5Cu00e4umliche%20Qualit%5Cu00e4t%20fr%5Cu00fcher%20Bildung%20%5Cn%20%20%20%20%20%20%20%20%20%20%20%20%20%20lokal%20%5Cn%20%20%20%20%20%20%20%20%20%20%20%20%20%20etablieren%20und%20welche%20Herausforderungen%20sich%20f%5Cu00fcr%20verschiedene%20Akteursgruppen%20vor%20Ort%20ergeben.%20In%20l%5Cu00e4ndlichen%20Gebieten%20in%20Sachsen-Anhalt%2C%20die%20im%20Rahmen%20des%20vom%20BMBF%20finanzierten%20Forschungsprojektes%20%5Cn%20%20%20%20%20%20%20%20%20%20%20%20%20%20NeOBi%20%5Cn%20%20%20%20%20%20%20%20%20%20%20%20%20%20%5Cu201e%28Neu%5Cu2011%29Ordnungen%20von%20Bildungslandschaften%20reflexiv%20gestalten.%20Zur%20riskanten%20gesellschaftlichen%20und%20schulischen%20Teilhabe%20von%20Kindern%20in%20peripheren%20Sozialr%5Cu00e4umen%5Cu201c%20als%20kommunale%20Bildungs-%20und%20Betreuungslandschaften%20untersucht%20werden%2C%20bearbeiten%20die%20Akteur%2Ainnen%20aus%20Politik%2C%20Verwaltung%2C%20Wissenschaft%20und%20fr%5Cu00fchkindlicher%20Bildung%20explizite%20und%20implizite%20normative%20Qualit%5Cu00e4tsanspr%5Cu00fcche%20und%20%5Cu00fcbersetzen%20diese%20in%20ihre%20allt%5Cu00e4gliche%20Praxis.%20Dabei%20%5Cu00fcbernehmen%20sie%20nicht%20nur%20die%20staatlich-regulativen%20Vorgaben%2C%20sondern%20interpretieren%20diese%20neu%20und%20bringen%2C%20je%20nach%20Standort%20und%20Perspektive%2C%20Qualit%5Cu00e4t%20als%20normative%20Erwartung%2C%20aber%20auch%20in%20ihrer%20Praxis%20hervor.%20Vor%20allem%20zwischen%20der%20fr%5Cu00fchkindlichen%20Bildungspraxis%20und%20der%20Kommunalpolitik%20entfaltet%20sich%20in%20diesen%20Prozessen%20ein%20Spannungsverh%5Cu00e4ltnis%20zwischen%20Qualit%5Cu00e4tsanspr%5Cu00fcchen%2C%20die%20in%20Form%20eines%20New%20Public%20Managements%20im%20Zuge%20der%20Gebietsreform%20in%20Sachsen-Anhalt%20Einzug%20hielten%20und%20den%20M%5Cu00f6glichkeiten%20ihrer%20praktischen%20Umsetzung.%20Die%20darin%20enthaltenden%20Ambivalenzen%2C%20die%20mit%20unterschiedlichen%20politischen%2C%20%5Cu00f6konomischen%20und%20fr%5Cu00fchp%5Cu00e4dagogischen%20Perspektiven%20auf%20sozialr%5Cu00e4umliche%20Qualit%5Cu00e4t%20verbunden%20sind%2C%20m%5Cu00fcssen%20von%20den%20lokalen%20Akteur%2Ainnen%20bearbeitet%20und%20miteinander%20verhandelt%20werden.%20%5Cn%20%20%20%20%20%20%20%20%20%20%20%20%20%5Cn%20%20%20%20%20%20%20%20%20%20%2C%20%20%5Cn%20%20%20%20%20%20%20%20%20%20%20%20Abstract%20%5Cn%20%20%20%20%20%20%20%20%20%20%20%20%20%5Cn%20%20%20%20%20%20%20%20%20%20%20%20%20%20This%20article%20analyses%20how%20discourses%20on%20the%20sociospatial%20quality%20of%20early%20education%20are%20established%20%5Cu2018locally%5Cu2019%20and%20what%20challenges%20arise%20for%20different%20groups%20of%20actors%20on%20the%20ground.%20In%20rural%20areas%20in%20Saxony%5Cu2013Anhalt%2C%20which%20were%20analysed%20as%20part%20of%20the%20BMBF%20%28%5Cu2018Bundesministerium%20f%5Cu00fcr%20Bildung%20und%20Forschung%5Cu2019%29-funded%20research%20project%20%5Cn%20%20%20%20%20%20%20%20%20%20%20%20%20%20NeOBi%20%5Cn%20%20%20%20%20%20%20%20%20%20%20%20%20%20%5Cu2018%28Re%29Shaping%20educational%20landscapes%20reflexively.%20On%20the%20risky%20social%20and%20school%20participation%20of%20children%20in%20peripheral%20social%20spaces%5Cu2019%2C%20actors%20from%20politics%2C%20administration%2C%20science%20and%20early%20childhood%20education%20work%20on%20explicit%20and%20implicit%20normative%20quality%20standards%20and%20translate%20these%20into%20the%20everyday%20practice.%20In%20doing%20so%2C%20they%20not%20only%20adopt%20the%20state%5Cu2019s%20regulatory%20requirements%2C%20but%20also%20reinterpret%20them%20and%2C%20depending%20on%20their%20location%20and%20perspective%2C%20create%20quality%20as%20a%5Cu00a0normative%20expectation%2C%20but%20also%20in%20their%20practice.%20In%20these%20processes%2C%20tension%20is%20developing%20between%20early%20childhood%20education%20practice%20and%20local%20politics%20in%20particular%2C%20between%20quality%20requirements%2C%20which%20were%20introduced%20in%20the%20form%20of%20New%20Public%20Management%20in%20the%20course%20of%20the%20regional%20reform%20in%20Saxony%5Cu2013Anhalt%2C%20and%20the%20possibilities%20of%20their%20practical%20implementation.%20The%20ambivalences%20contained%20therein%2C%20which%20are%20associated%20with%20different%20political%2C%20economic%20and%20early%20education%20perspectives%20on%20sociospatial%20quality%2C%20must%20be%20addressed%20and%20negotiated%20by%20the%20local%20stakeholders.%22%2C%22date%22%3A%2206%5C%2F2025%22%2C%22section%22%3A%22%22%2C%22partNumber%22%3A%22%22%2C%22partTitle%22%3A%22%22%2C%22DOI%22%3A%2210.1007%5C%2Fs12592-025-00536-9%22%2C%22citationKey%22%3A%22%22%2C%22url%22%3A%22https%3A%5C%2F%5C%2Flink.springer.com%5C%2F10.1007%5C%2Fs12592-025-00536-9%22%2C%22PMID%22%3A%22%22%2C%22PMCID%22%3A%22%22%2C%22ISSN%22%3A%221867-0180%2C%201867-0199%22%2C%22language%22%3A%22de%22%2C%22collections%22%3A%5B%22L99PPHTB%22%2C%22UID37CJL%22%5D%2C%22dateModified%22%3A%222025-08-08T12%3A46%3A14Z%22%7D%7D%5D%7D<\/span>\n\n\t\t\t\t<div id=\"zp-ID-21870-16448592-4X49SMAG\" data-zp-author-date='Kriemann-et-al.-2025' data-zp-date-author='2025-Kriemann-et-al.' data-zp-date='2025' data-zp-year='2025' data-zp-itemtype='book' class=\"zp-Entry zpSearchResultsItem\">\n<div class=\"csl-bib-body\" style=\"line-height: 1.35; padding-left: 1em; text-indent:-1em;\">\n  <div class=\"csl-entry\">Kriemann, Martin, Stephanie Freide, and Eleonore Freier. 2025. <i>Strukturwandel als soziale Transformation: Bildung und Teilhabe im s\u00fcdlichen Sachsen-Anhalt<\/i>. With Universit\u00e4ts- und Landesbibliothek Sachsen-Anhalt and Martin-Luther Universit\u00e4t. Vol. 7. Policy Papers on Just Transition. Just Transition Center. <a class='zp-DOIURL' href='https:\/\/doi.org\/10.25673\/120985.2'>https:\/\/doi.org\/10.25673\/120985.2<\/a>. <a title='Download' class='zp-DownloadURL zp-getDownloadURL' data-zp-dl='api_user_id=16448592&dlkey=RHTSA2XB&content_type=application\/pdf' href='javascript:void(0);'>Download<\/a><\/div>\n<\/div>\n\t\t\t\t<\/div><!-- .zp-Entry .zpSearchResultsItem -->\t\t\t\t<div id=\"zp-ID-21870-16448592-ZRJKH3RV\" data-zp-author-date='Kahlfuss-et-al.-2026' data-zp-date-author='2026-Kahlfuss-et-al.' data-zp-date='2026' data-zp-year='2026' data-zp-itemtype='book' class=\"zp-Entry zpSearchResultsItem\">\n<div class=\"csl-bib-body\" style=\"line-height: 1.35; padding-left: 1em; text-indent:-1em;\">\n  <div class=\"csl-entry\">Kahlfuss, Pia, Jonathan Everts, and Mareike Pampus. 2026. <i>Transformative Praxis: Wissenschaft, Transfer Und Strukturwandel Im Mitteldeutschen Revier<\/i>. With Universit\u00e4ts- und Landesbibliothek Sachsen-Anhalt and Martin-Luther Universit\u00e4t. Institut f\u00fcr Strukturwandel und Nachhaltigkeit. <a class='zp-DOIURL' href='https:\/\/doi.org\/10.25673\/121727.2'>https:\/\/doi.org\/10.25673\/121727.2<\/a>.<\/div>\n<\/div>\n\t\t\t\t<\/div><!-- .zp-Entry .zpSearchResultsItem -->\t\t\t\t<div id=\"zp-ID-21870-16448592-LBFAC86Y\" data-zp-author-date='M\u00fcller-and-Schwarz-2026-02-03' data-zp-date-author='2026-02-03-M\u00fcller-and-Schwarz' data-zp-date='2026-02-03' data-zp-year='2026' data-zp-itemtype='journalArticle' class=\"zp-Entry zpSearchResultsItem\">\n<div class=\"csl-bib-body\" style=\"line-height: 1.35; padding-left: 1em; text-indent:-1em;\">\n  <div class=\"csl-entry\">M\u00fcller, Frank I., and Anke Schwarz. 2026. \u201cBetween Extrapolation and Speculation: Reading Octavia E. Butler in the Geography Classroom.\u201d <i>The Geographical Journal<\/i>, February 3, e70067. <a class='zp-DOIURL' href='https:\/\/doi.org\/10.1111\/geoj.70067'>https:\/\/doi.org\/10.1111\/geoj.70067<\/a>.<\/div>\n<\/div>\n\t\t\t\t<\/div><!-- .zp-Entry .zpSearchResultsItem -->\t\t\t\t<div id=\"zp-ID-21870-16448592-NRCKM33H\" data-zp-author-date='Sureau-2024-12-01' data-zp-date-author='2024-12-01-Sureau' data-zp-date='2024-12-01' data-zp-year='2024' data-zp-itemtype='journalArticle' class=\"zp-Entry zpSearchResultsItem\">\n<div class=\"csl-bib-body\" style=\"line-height: 1.35; padding-left: 1em; text-indent:-1em;\">\n  <div class=\"csl-entry\">Sureau, Timm Pascal. 2024. \u201cSentiments of Crisis: A Catalyst for Bureaucratic Transformation and Digitalisation.\u201d <i>Administory<\/i> 9 (1): 142\u201359. <a class='zp-DOIURL' href='https:\/\/doi.org\/10.2478\/adhi-2024-0009'>https:\/\/doi.org\/10.2478\/adhi-2024-0009<\/a>.<\/div>\n<\/div>\n\t\t\t\t<\/div><!-- .zp-Entry .zpSearchResultsItem -->\t\t\t\t<div id=\"zp-ID-21870-16448592-L8EFSA2U\" data-zp-author-date='Winkler-et-al.-2025-08-13' data-zp-date-author='2025-08-13-Winkler-et-al.' data-zp-date='2025-08-13' data-zp-year='2025' data-zp-itemtype='journalArticle' class=\"zp-Entry zpSearchResultsItem\">\n<div class=\"csl-bib-body\" style=\"line-height: 1.35; padding-left: 1em; text-indent:-1em;\">\n  <div class=\"csl-entry\">Winkler, Jan, Lilith Kuhn, and Louisa Freytag. 2025. \u201cThe Affective Topologies of the Climate Crisis: On the Spatial Intensities of the Climate Political Protests in L\u00fctzerath, Germany.\u201d <i>Environment and Planning D: Society and Space<\/i>, August 13, 02637758251362526. <a class='zp-DOIURL' href='https:\/\/doi.org\/10.1177\/02637758251362526'>https:\/\/doi.org\/10.1177\/02637758251362526<\/a>.<\/div>\n<\/div>\n\t\t\t\t<\/div><!-- .zp-Entry .zpSearchResultsItem -->\t\t\t\t<div id=\"zp-ID-21870-16448592-3SD7KHDX\" data-zp-author-date='Klose-et-al.-2023' data-zp-date-author='2023-Klose-et-al.' data-zp-date='2023' data-zp-year='2023' data-zp-itemtype='book' class=\"zp-Entry zpSearchResultsItem\">\n<div class=\"csl-bib-body\" style=\"line-height: 1.35; padding-left: 1em; text-indent:-1em;\">\n  <div class=\"csl-entry\">Klose, Alexander, Benjamin Steininger, and et al. 2023. <i>Dritte Natur 06| 1.2023 Technik Kapital Umwelt.<\/i> 1. Auflage. With Steffen Richter and MSB Matthes & Seitz Berlin Verlagsgesellschaft. Berlin Matthes & Seitz Berlin 2023.<\/div>\n<\/div>\n\t\t\t\t<\/div><!-- .zp-Entry .zpSearchResultsItem -->\t\t\t\t<div id=\"zp-ID-21870-16448592-TCQC764W\" data-zp-author-date='Kriemann-and-Janowitz-2025-12-04' data-zp-date-author='2025-12-04-Kriemann-and-Janowitz' data-zp-date='2025-12-04' data-zp-year='2025' data-zp-itemtype='journalArticle' class=\"zp-Entry zpSearchResultsItem\">\n<div class=\"csl-bib-body\" style=\"line-height: 1.35; padding-left: 1em; text-indent:-1em;\">\n  <div class=\"csl-entry\">Kriemann, Martin, and Michael Janowitz. 2025. \u201cJugendarbeit-Ost: keine westdeutsche Erfolgsgeschichte: Eine postsozialistische Perspektive auf ostdeutsche Jugendarbeit im Wandel.\u201d <i>Sozial Extra<\/i>, ahead of print, December 4. <a class='zp-DOIURL' href='https:\/\/doi.org\/10.1007\/s12054-025-00834-9'>https:\/\/doi.org\/10.1007\/s12054-025-00834-9<\/a>.<\/div>\n<\/div>\n\t\t\t\t<\/div><!-- .zp-Entry .zpSearchResultsItem -->\t\t\t\t<div id=\"zp-ID-21870-16448592-CF244BZZ\" data-zp-author-date='Klose-2024-05' data-zp-date-author='2024-05-Klose' data-zp-date='2024-05' data-zp-year='2024' data-zp-itemtype='journalArticle' class=\"zp-Entry zpSearchResultsItem\">\n<div class=\"csl-bib-body\" style=\"line-height: 1.35; padding-left: 1em; text-indent:-1em;\">\n  <div class=\"csl-entry\">Klose, Alexander. 2024. \u201cPlanetary Peasants.\u201d <i>The Laboratory Planet<\/i>, no. 6 (May): 2. https:\/\/laboratoryplanet.org\/wp-content\/uploads\/2024\/06\/PL06_EN_web.pdf. <a class='zp-ItemURL' href='https:\/\/laboratoryplanet.org\/english\/'>https:\/\/laboratoryplanet.org\/english\/<\/a>.<\/div>\n<\/div>\n\t\t\t\t<\/div><!-- .zp-Entry .zpSearchResultsItem -->\t\t\t\t<div id=\"zp-ID-21870-16448592-366I7W2P\" data-zp-author-date='Wolter-2025' data-zp-date-author='2025-Wolter' data-zp-date='2025' data-zp-year='2025' data-zp-itemtype='book' class=\"zp-Entry zpSearchResultsItem\">\n<div class=\"csl-bib-body\" style=\"line-height: 1.35; padding-left: 1em; text-indent:-1em;\">\n  <div class=\"csl-entry\">Wolter, Daniel. 2025. <i>Umwelt & Archiv: Oppositionelle Umgebungen in Der DDR = Environment & Archive: Oppositional Surroundings in the GDR<\/i>. Edited by Katharina Neuburger. Zweierlei. Schriftenreihe Des Institut F\u00fcr Umwelt Und Gestaltung, Band 1. Deutscher Kunstverlag.<\/div>\n<\/div>\n\t\t\t\t<\/div><!-- .zp-Entry .zpSearchResultsItem -->\t\t\t\t<div id=\"zp-ID-21870-16448592-F2WRETGX\" data-zp-author-date='Klose-and-Steininger-2024-07-05' data-zp-date-author='2024-07-05-Klose-and-Steininger' data-zp-date='2024-07-05' data-zp-year='2024' data-zp-itemtype='book' class=\"zp-Entry zpSearchResultsItem\">\n<div class=\"csl-bib-body\" style=\"line-height: 1.35; padding-left: 1em; text-indent:-1em;\">\n  <div class=\"csl-entry\">Klose, Alexander, and Benjamin Steininger. 2024. <i>Atlas of Petromodernity<\/i>. 1st ed. Translated by Ay\u00e7a T\u00fcrko\u011flu. Punctum books. <a class='zp-DOIURL' href='https:\/\/doi.org\/10.53288\/0514.1.00'>https:\/\/doi.org\/10.53288\/0514.1.00<\/a>.<\/div>\n<\/div>\n\t\t\t\t<\/div><!-- .zp-Entry .zpSearchResultsItem -->\t\t\t\t<div id=\"zp-ID-21870-16448592-HRCLAKJ4\" data-zp-author-date='Altmiks-et-al.-2025-09' data-zp-date-author='2025-09-Altmiks-et-al.' data-zp-date='2025-09' data-zp-year='2025' data-zp-itemtype='book' class=\"zp-Entry zpSearchResultsItem\">\n<div class=\"csl-bib-body\" style=\"line-height: 1.35; padding-left: 1em; text-indent:-1em;\">\n  <div class=\"csl-entry\">Altmiks, Sophie, J\u00fcrgen Viet Anh H\u00f6pfel, Alexander Klose, and Daniel Wolter. 2025. <i>Chemistry in Transition: Kultur- und sozialwissenschaftliche Beitr\u00e4ge zu einer nachhaltigen Chemie in einer sozial-\u00f6kologisch transformierten Gesellschaft<\/i>. With Universit\u00e4ts- und Landesbibliothek Sachsen-Anhalt and Martin-Luther Universit\u00e4t. Vol. 5. Policy Papers on Just Transition. Just Transition Center. <a class='zp-DOIURL' href='https:\/\/doi.org\/10.25673\/120643.2'>https:\/\/doi.org\/10.25673\/120643.2<\/a>.<\/div>\n<\/div>\n\t\t\t\t<\/div><!-- .zp-Entry .zpSearchResultsItem -->\t\t\t\t<div id=\"zp-ID-21870-16448592-VTXVYCR5\" data-zp-author-date='Schwarz-2025' data-zp-date-author='2025-Schwarz' data-zp-date='2025' data-zp-year='2025' data-zp-itemtype='journalArticle' class=\"zp-Entry zpSearchResultsItem\">\n<div class=\"csl-bib-body\" style=\"line-height: 1.35; padding-left: 1em; text-indent:-1em;\">\n  <div class=\"csl-entry\">Schwarz, Anke. 2025. \u201cBuchbesprechung: Bernd Belina, Matthias Naumann und Anke Str\u00fcver (Hrsg.): Handbuch Kritische Stadtgeographie: 6., v\u00f6llig \u00fcberarbeitete und erweiterte Auflage, M\u00fcnster: Westf\u00e4lisches Dampfboot, 2024, 430 S.\u201d <i>Geographische Zeitschrift<\/i> 113 (2): 130\u201332. <a class='zp-ItemURL' href='https:\/\/biblioscout.net\/article\/99.140005\/gz202502013001'>https:\/\/biblioscout.net\/article\/99.140005\/gz202502013001<\/a>.<\/div>\n<\/div>\n\t\t\t\t<\/div><!-- .zp-Entry .zpSearchResultsItem -->\t\t\t\t<div id=\"zp-ID-21870-16448592-CKEHK97F\" data-zp-author-date='Braun-and-Schwarz-2025-12-19' data-zp-date-author='2025-12-19-Braun-and-Schwarz' data-zp-date='2025-12-19' data-zp-year='2025' data-zp-itemtype='journalArticle' class=\"zp-Entry zpSearchResultsItem\">\n<div class=\"csl-bib-body\" style=\"line-height: 1.35; padding-left: 1em; text-indent:-1em;\">\n  <div class=\"csl-entry\">Braun, Johann, and Anke Schwarz. 2025. \u201cRegression Als Aufbruch?: Kritische Geographien Rechter Zukunftsentw\u00fcrfe.\u201d <i>Sub\\urban. Zeitschrift F\u00fcr Kritische Stadtforschung<\/i> 13 (1). <a class='zp-DOIURL' href='https:\/\/doi.org\/10.36900\/suburban.v13i1.1021'>https:\/\/doi.org\/10.36900\/suburban.v13i1.1021<\/a>.<\/div>\n<\/div>\n\t\t\t\t<\/div><!-- .zp-Entry .zpSearchResultsItem -->\t\t\t\t<div id=\"zp-ID-21870-16448592-Z8MR2AQX\" data-zp-author-date='Autor*innenkollektiv-Terra-R-2025' data-zp-date-author='2025-Autor*innenkollektiv-Terra-R' data-zp-date='2025' data-zp-year='2025' data-zp-itemtype='book' class=\"zp-Entry zpSearchResultsItem\">\n<div class=\"csl-bib-body\" style=\"line-height: 1.35; padding-left: 1em; text-indent:-1em;\">\n  <div class=\"csl-entry\">Autor*innenkollektiv Terra-R. 2025. <i>Das Ende Rechter R\u00e4ume - Zu Territorialisierungen Der Radikalen Rechten<\/i>. 1st ed. Verlag Westf\u00e4lisches Dampfboot. <a class='zp-ItemURL' href='doi.org\/10.56715\/978398634192'>doi.org\/10.56715\/978398634192<\/a>.<\/div>\n<\/div>\n\t\t\t\t<\/div><!-- .zp-Entry .zpSearchResultsItem -->\t\t\t\t<div id=\"zp-ID-21870-16448592-Z4RB5RK9\" data-zp-author-date='Walker-et-al.-2025' data-zp-date-author='2025-Walker-et-al.' data-zp-date='2025' data-zp-year='2025' data-zp-itemtype='journalArticle' class=\"zp-Entry zpSearchResultsItem\">\n<div class=\"csl-bib-body\" style=\"line-height: 1.35; padding-left: 1em; text-indent:-1em;\">\n  <div class=\"csl-entry\">Walker, Amy, Kate Moles, and J\u00fcrgen Viet Anh H\u00f6pfel. 2025. \u201cNostalgia and the Cruel Promises of Austerity: Neoliberal Narratives and Post-Industrial Memory in the South Wales Coalfield.\u201d <i>Memory Studies<\/i> 18 (2): 377\u201392. <a class='zp-DOIURL' href='https:\/\/doi.org\/10.1177\/17506980251320778'>https:\/\/doi.org\/10.1177\/17506980251320778<\/a>.<\/div>\n<\/div>\n\t\t\t\t<\/div><!-- .zp-Entry .zpSearchResultsItem -->\t\t\t\t<div id=\"zp-ID-21870-16448592-YEN7HTL7\" data-zp-author-date='Sureau-2025-04' data-zp-date-author='2025-04-Sureau' data-zp-date='2025-04' data-zp-year='2025' data-zp-itemtype='book' class=\"zp-Entry zpSearchResultsItem\">\n<div class=\"csl-bib-body\" style=\"line-height: 1.35; padding-left: 1em; text-indent:-1em;\">\n  <div class=\"csl-entry\">Sureau, Timm. 2025. <i>Multiple Strukturwandel<\/i>. With Universit\u00e4ts- Und Landesbibliothek Sachsen-Anhalt and Martin-Luther Universit\u00e4t. Vol. 1. Policy Papers on Just Transition. Just Transition Center. <a class='zp-ItemURL' href='doi.org\/10.25673\/118808'>doi.org\/10.25673\/118808<\/a>.<\/div>\n<\/div>\n\t\t\t\t<\/div><!-- .zp-Entry .zpSearchResultsItem -->\t\t\t\t<div id=\"zp-ID-21870-16448592-F6EYYKAT\" data-zp-author-date='Seidel-2025-07' data-zp-date-author='2025-07-Seidel' data-zp-date='2025-07' data-zp-year='2025' data-zp-itemtype='book' class=\"zp-Entry zpSearchResultsItem\">\n<div class=\"csl-bib-body\" style=\"line-height: 1.35; padding-left: 1em; text-indent:-1em;\">\n  <div class=\"csl-entry\">Seidel, Katrin. 2025. <i>Just Transitions Beyond Silos: Toward Inclusive and Ethical Governance<\/i>. Vol. 3. Policy Papers on Just Transition. Just Transition Center. <a class='zp-ItemURL' href='doi.org\/10.25673\/119421'>doi.org\/10.25673\/119421<\/a>.<\/div>\n<\/div>\n\t\t\t\t<\/div><!-- .zp-Entry .zpSearchResultsItem -->\t\t\t\t<div id=\"zp-ID-21870-16448592-DQQ9EQSV\" data-zp-author-date='Schwarz-2025-07-03' data-zp-date-author='2025-07-03-Schwarz' data-zp-date='2025-07-03' data-zp-year='2025' data-zp-itemtype='journalArticle' class=\"zp-Entry zpSearchResultsItem\">\n<div class=\"csl-bib-body\" style=\"line-height: 1.35; padding-left: 1em; text-indent:-1em;\">\n  <div class=\"csl-entry\">Schwarz, Anke. 2025. \u201cCapturing Dissent: Forensic Photography of Graffiti in the Late German Democratic Republic.\u201d <i>Territory, Politics, Governance<\/i> 13 (6): 828\u201346. <a class='zp-DOIURL' href='https:\/\/doi.org\/10.1080\/21622671.2024.2419367'>https:\/\/doi.org\/10.1080\/21622671.2024.2419367<\/a>.<\/div>\n<\/div>\n\t\t\t\t<\/div><!-- .zp-Entry .zpSearchResultsItem -->\t\t\t\t<div id=\"zp-ID-21870-16448592-4AJCPUHT\" data-zp-author-date='Mattiucci-and-Schwarz-2025-06-26' data-zp-date-author='2025-06-26-Mattiucci-and-Schwarz' data-zp-date='2025-06-26' data-zp-year='2025' data-zp-itemtype='journalArticle' class=\"zp-Entry zpSearchResultsItem\">\n<div class=\"csl-bib-body\" style=\"line-height: 1.35; padding-left: 1em; text-indent:-1em;\">\n  <div class=\"csl-entry\">Mattiucci, Cristina, and Anke Schwarz. 2025. \u201cHow Urban Decorum Works. Territorial Othering in Italian Cities.\u201d <i>City<\/i>, June 26, 1\u201321. <a class='zp-DOIURL' href='https:\/\/doi.org\/10.1080\/13604813.2025.2516325'>https:\/\/doi.org\/10.1080\/13604813.2025.2516325<\/a>.<\/div>\n<\/div>\n\t\t\t\t<\/div><!-- .zp-Entry .zpSearchResultsItem -->\t\t\t\t<div id=\"zp-ID-21870-16448592-V977IP75\" data-zp-author-date='Kriemann-2024-08-12' data-zp-date-author='2024-08-12-Kriemann' data-zp-date='2024-08-12' data-zp-year='2024' data-zp-itemtype='journalArticle' class=\"zp-Entry zpSearchResultsItem\">\n<div class=\"csl-bib-body\" style=\"line-height: 1.35; padding-left: 1em; text-indent:-1em;\">\n  <div class=\"csl-entry\">Kriemann, Martin. 2024. \u201cZum Sozialisatorischen Erbe Der DDR.\u201d <i>Diskurs Kindheits- Und Jugendforschung \/ Discourse Journal of Childhood and Adolescence Research<\/i> 19 (2): 281\u201386. <a class='zp-DOIURL' href='https:\/\/doi.org\/10.3224\/diskurs.v19i2.09'>https:\/\/doi.org\/10.3224\/diskurs.v19i2.09<\/a>.<\/div>\n<\/div>\n\t\t\t\t<\/div><!-- .zp-Entry .zpSearchResultsItem -->\t\t\t\t<div id=\"zp-ID-21870-16448592-MK5BWJUT\" data-zp-author-date='H\u00fcnersdorf-and-Kriemann-2025' data-zp-date-author='2025-H\u00fcnersdorf-and-Kriemann' data-zp-date='2025' data-zp-year='2025' data-zp-itemtype='journalArticle' class=\"zp-Entry zpSearchResultsItem\">\n<div class=\"csl-bib-body\" style=\"line-height: 1.35; padding-left: 1em; text-indent:-1em;\">\n  <div class=\"csl-entry\">H\u00fcnersdorf, Bettina, and Martin Kriemann. 2025. \u201cQualit\u00e4t \u201evor Ort\u201c: Zur Ambivalenz der Herstellung sozialr\u00e4umlicher Qualit\u00e4t von Bildungs- und Betreuungslandschaften in einer peripheren l\u00e4ndlichen Region.\u201d <i>Soziale Passagen<\/i> 17 (1): 257\u201372. <a class='zp-DOIURL' href='https:\/\/doi.org\/10.1007\/s12592-025-00536-9'>https:\/\/doi.org\/10.1007\/s12592-025-00536-9<\/a>.<\/div>\n<\/div>\n\t\t\t\t<\/div><!-- .zp-Entry .zpSearchResultsItem -->\n\t\t\t<\/div><!-- .zp-zp-SEO-Content -->\n\t\t<\/div><!-- .zp-List -->\n\t<\/div><!--.zp-Zotpress-->\n\n\n<p>[\/et_pb_tab][\/et_pb_tabs][\/et_pb_column][\/et_pb_row][\/et_pb_section][et_pb_section fb_built=&#8221;1&#8243; disabled_on=&#8221;off|off|off&#8221; admin_label=&#8221; Personen Titel BG section&#8221; module_class=&#8221;relaunch tab-section&#8221; _builder_version=&#8221;4.27.3&#8243; _module_preset=&#8221;default&#8221; background_color=&#8221;#F08161&#8243; transform_scale_tablet=&#8221;&#8221; transform_scale_phone=&#8221;&#8221; transform_scale_last_edited=&#8221;on|desktop&#8221; transform_translate_tablet=&#8221;&#8221; transform_translate_phone=&#8221;&#8221; transform_translate_last_edited=&#8221;on|tablet&#8221; transform_translate_linked_tablet=&#8221;off&#8221; transform_rotate_tablet=&#8221;&#8221; transform_rotate_phone=&#8221;&#8221; transform_rotate_last_edited=&#8221;on|tablet&#8221; transform_skew_tablet=&#8221;&#8221; transform_skew_phone=&#8221;&#8221; transform_skew_last_edited=&#8221;on|tablet&#8221; transform_origin_tablet=&#8221;&#8221; transform_origin_phone=&#8221;&#8221; transform_origin_last_edited=&#8221;on|tablet&#8221; transform_styles_last_edited=&#8221;on|desktop&#8221; custom_margin=&#8221;||0px||false|false&#8221; custom_margin_tablet=&#8221;0px||||false|false&#8221; custom_margin_phone=&#8221;||||false|false&#8221; custom_margin_last_edited=&#8221;on|phone&#8221; custom_padding=&#8221;||0px||false|false&#8221; transform_styles_tablet=&#8221;&#8221; transform_styles_phone=&#8221;&#8221; global_colors_info=&#8221;{}&#8221;][et_pb_row use_custom_gutter=&#8221;on&#8221; gutter_width=&#8221;2&#8243; make_equal=&#8221;on&#8221; custom_padding_last_edited=&#8221;on|desktop&#8221; disabled_on=&#8221;off|off|off&#8221; _builder_version=&#8221;4.27.3&#8243; _module_preset=&#8221;default&#8221; width=&#8221;96%&#8221; width_tablet=&#8221;90%&#8221; width_phone=&#8221;90%&#8221; width_last_edited=&#8221;on|desktop&#8221; max_width=&#8221;1440px&#8221; module_alignment=&#8221;center&#8221; height=&#8221;350px&#8221; height_tablet=&#8221;350px&#8221; height_phone=&#8221;350px&#8221; height_last_edited=&#8221;on|desktop&#8221; custom_margin=&#8221;||||false|false&#8221; custom_padding=&#8221;||||false|false&#8221; custom_padding_tablet=&#8221;||||false|false&#8221; custom_padding_phone=&#8221;||||false|false&#8221; global_colors_info=&#8221;{}&#8221;][et_pb_column type=&#8221;4_4&#8243; _builder_version=&#8221;4.27.3&#8243; _module_preset=&#8221;default&#8221; background_enable_color=&#8221;off&#8221; custom_padding=&#8221;56px|0rem||0rem|false|false&#8221; custom_padding_tablet=&#8221;3rem|2rem|2rem|2rem|false|false&#8221; custom_padding_phone=&#8221;3rem|2rem|2rem|2rem|false|false&#8221; custom_padding_last_edited=&#8221;on|tablet&#8221; global_colors_info=&#8221;{}&#8221; custom_css_main_element_last_edited=&#8221;on|tablet&#8221;][et_pb_text admin_label=&#8221;H2 Persons&#8221; _builder_version=&#8221;4.27.5&#8243; _module_preset=&#8221;default&#8221; background_color=&#8221;#ffffff&#8221; height=&#8221;40px&#8221; custom_padding=&#8221;|15px||15px|false|false&#8221; custom_css_main_element=&#8221;width: fit-content;||h2 {||  top: 3px;||  position: relative;||  ||} ||&#8221; border_radii=&#8221;on|16px|16px|16px|16px&#8221; border_width_all=&#8221;2px&#8221; global_colors_info=&#8221;{}&#8221;]<\/p>\n<h2>Team<\/h2>\n<p>[\/et_pb_text][\/et_pb_column][\/et_pb_row][\/et_pb_section][et_pb_section fb_built=&#8221;1&#8243; disabled_on=&#8221;off|off|off&#8221; admin_label=&#8221; Personen section&#8221; module_class=&#8221;relaunch tab-section&#8221; _builder_version=&#8221;4.27.3&#8243; _module_preset=&#8221;default&#8221; background_enable_color=&#8221;off&#8221; transform_scale_tablet=&#8221;&#8221; transform_scale_phone=&#8221;&#8221; transform_scale_last_edited=&#8221;on|tablet&#8221; transform_translate=&#8221;0px|-235px&#8221; transform_translate_tablet=&#8221;0px|-335px&#8221; transform_translate_phone=&#8221;&#8221; transform_translate_last_edited=&#8221;on|tablet&#8221; transform_translate_linked=&#8221;off&#8221; transform_translate_linked_tablet=&#8221;off&#8221; transform_rotate_tablet=&#8221;&#8221; transform_rotate_phone=&#8221;&#8221; transform_rotate_last_edited=&#8221;on|tablet&#8221; transform_skew_tablet=&#8221;&#8221; transform_skew_phone=&#8221;&#8221; transform_skew_last_edited=&#8221;on|tablet&#8221; transform_origin_tablet=&#8221;&#8221; transform_origin_phone=&#8221;&#8221; transform_origin_last_edited=&#8221;on|tablet&#8221; transform_styles_last_edited=&#8221;on|tablet&#8221; custom_margin=&#8221;||-235px||false|false&#8221; custom_margin_tablet=&#8221;1px||-335px||false|false&#8221; custom_margin_phone=&#8221;||||false|false&#8221; custom_margin_last_edited=&#8221;on|phone&#8221; custom_padding=&#8221;||0px||false|false&#8221; transform_styles_tablet=&#8221;&#8221; transform_styles_phone=&#8221;&#8221; custom_css_main_element=&#8221;overflow: hidden;&#8221; global_colors_info=&#8221;{}&#8221;][et_pb_row use_custom_gutter=&#8221;on&#8221; gutter_width=&#8221;2&#8243; make_equal=&#8221;on&#8221; custom_padding_last_edited=&#8221;on|desktop&#8221; _builder_version=&#8221;4.27.3&#8243; _module_preset=&#8221;default&#8221; width=&#8221;96%&#8221; width_tablet=&#8221;90%&#8221; width_phone=&#8221;90%&#8221; width_last_edited=&#8221;on|desktop&#8221; max_width=&#8221;1440px&#8221; module_alignment=&#8221;center&#8221; custom_margin=&#8221;||||false|false&#8221; custom_padding=&#8221;||||false|false&#8221; custom_padding_tablet=&#8221;||||false|false&#8221; custom_padding_phone=&#8221;||||false|false&#8221; global_colors_info=&#8221;{}&#8221;][et_pb_column type=&#8221;4_4&#8243; _builder_version=&#8221;4.27.3&#8243; _module_preset=&#8221;default&#8221; background_enable_color=&#8221;off&#8221; custom_padding=&#8221;|0rem||0rem|false|false&#8221; custom_padding_tablet=&#8221;3rem|2rem|2rem|2rem|false|false&#8221; custom_padding_phone=&#8221;3rem|2rem|2rem|2rem|false|false&#8221; custom_padding_last_edited=&#8221;on|tablet&#8221; global_colors_info=&#8221;{}&#8221; custom_css_main_element_last_edited=&#8221;on|tablet&#8221;][et_pb_code _builder_version=&#8221;4.27.5&#8243; _module_preset=&#8221;default&#8221; global_colors_info=&#8221;{}&#8221;]<div class=\"blog-personen swiper slider-container\" data-arrows=\"false\" data-dots=\"false\"><div class=\"swiper-wrapper\"><div class=\"swiper-slide\"><div class=\"blog-item\"><h3><a href=\"https:\/\/jtc.uni-halle.de\/en\/jonathan-everts\/\">Prof. Dr. Jonathan Everts<\/a><\/h3><div class=\"excerpt\">Member Executive Board | Speaker Pillar A<\/div><a class=\"read-more\" href=\"https:\/\/jtc.uni-halle.de\/en\/jonathan-everts\/\">Read more<\/a><div class=\"thumbnail\"><img loading=\"lazy\" decoding=\"async\" width=\"2560\" height=\"1707\" src=\"https:\/\/jtc.uni-halle.de\/wp-content\/uploads\/2026\/03\/4381_Jonathan-Everts_Foto_Uni-Halle-Markus-Scholz-scaled.jpg\" class=\"attachment-full size-full wp-post-image\" alt=\"\" srcset=\"https:\/\/jtc.uni-halle.de\/wp-content\/uploads\/2026\/03\/4381_Jonathan-Everts_Foto_Uni-Halle-Markus-Scholz-scaled.jpg 2560w, https:\/\/jtc.uni-halle.de\/wp-content\/uploads\/2026\/03\/4381_Jonathan-Everts_Foto_Uni-Halle-Markus-Scholz-1280x854.jpg 1280w, https:\/\/jtc.uni-halle.de\/wp-content\/uploads\/2026\/03\/4381_Jonathan-Everts_Foto_Uni-Halle-Markus-Scholz-980x653.jpg 980w, https:\/\/jtc.uni-halle.de\/wp-content\/uploads\/2026\/03\/4381_Jonathan-Everts_Foto_Uni-Halle-Markus-Scholz-480x320.jpg 480w\" sizes=\"(min-width: 0px) and (max-width: 480px) 480px, (min-width: 481px) and (max-width: 980px) 980px, (min-width: 981px) and (max-width: 1280px) 1280px, (min-width: 1281px) 2560px, 100vw\" \/><\/div><\/div><\/div><div class=\"swiper-slide\"><div class=\"blog-item\"><h3><a href=\"https:\/\/jtc.uni-halle.de\/en\/dr-gregory-gan\/\">Dr. Gregory Gan<\/a><\/h3><div class=\"excerpt\">Research Associate<\/div><a class=\"read-more\" href=\"https:\/\/jtc.uni-halle.de\/en\/dr-gregory-gan\/\">Read more<\/a><div class=\"thumbnail\"><img loading=\"lazy\" decoding=\"async\" width=\"1920\" height=\"1280\" src=\"https:\/\/jtc.uni-halle.de\/wp-content\/uploads\/2025\/06\/b8573.webp\" class=\"attachment-full size-full wp-post-image\" alt=\"\" srcset=\"https:\/\/jtc.uni-halle.de\/wp-content\/uploads\/2025\/06\/b8573.webp 1920w, https:\/\/jtc.uni-halle.de\/wp-content\/uploads\/2025\/06\/b8573-1280x853.webp 1280w, https:\/\/jtc.uni-halle.de\/wp-content\/uploads\/2025\/06\/b8573-980x653.webp 980w, https:\/\/jtc.uni-halle.de\/wp-content\/uploads\/2025\/06\/b8573-480x320.webp 480w\" sizes=\"(min-width: 0px) and (max-width: 480px) 480px, (min-width: 481px) and (max-width: 980px) 980px, (min-width: 981px) and (max-width: 1280px) 1280px, (min-width: 1281px) 1920px, 100vw\" \/><\/div><\/div><\/div><div class=\"swiper-slide\"><div class=\"blog-item\"><h3><a href=\"https:\/\/jtc.uni-halle.de\/en\/pia-kahlfuss-2\/\">Pia Kahlfu\u00df<\/a><\/h3><div class=\"excerpt\">Research Associate<\/div><a class=\"read-more\" href=\"https:\/\/jtc.uni-halle.de\/en\/pia-kahlfuss-2\/\">Read more<\/a><div class=\"thumbnail\"><img loading=\"lazy\" decoding=\"async\" width=\"2299\" height=\"1533\" src=\"https:\/\/jtc.uni-halle.de\/wp-content\/uploads\/2026\/05\/b5991.jpg\" class=\"attachment-full size-full wp-post-image\" alt=\"\" srcset=\"https:\/\/jtc.uni-halle.de\/wp-content\/uploads\/2026\/05\/b5991.jpg 2299w, https:\/\/jtc.uni-halle.de\/wp-content\/uploads\/2026\/05\/b5991-1280x854.jpg 1280w, https:\/\/jtc.uni-halle.de\/wp-content\/uploads\/2026\/05\/b5991-980x653.jpg 980w, https:\/\/jtc.uni-halle.de\/wp-content\/uploads\/2026\/05\/b5991-480x320.jpg 480w\" sizes=\"(min-width: 0px) and (max-width: 480px) 480px, (min-width: 481px) and (max-width: 980px) 980px, (min-width: 981px) and (max-width: 1280px) 1280px, (min-width: 1281px) 2299px, 100vw\" \/><\/div><\/div><\/div><div class=\"swiper-slide\"><div class=\"blog-item\"><h3><a href=\"https:\/\/jtc.uni-halle.de\/en\/felix-schiedlowski\/\">Felix Schiedlowski<\/a><\/h3><div class=\"excerpt\">Research Associate<\/div><a class=\"read-more\" href=\"https:\/\/jtc.uni-halle.de\/en\/felix-schiedlowski\/\">Read more<\/a><div class=\"thumbnail\"><img loading=\"lazy\" decoding=\"async\" width=\"2560\" height=\"1707\" src=\"https:\/\/jtc.uni-halle.de\/wp-content\/uploads\/2026\/05\/Felix-Schiedlowski-scaled.jpg\" class=\"attachment-full size-full wp-post-image\" alt=\"\" srcset=\"https:\/\/jtc.uni-halle.de\/wp-content\/uploads\/2026\/05\/Felix-Schiedlowski-scaled.jpg 2560w, https:\/\/jtc.uni-halle.de\/wp-content\/uploads\/2026\/05\/Felix-Schiedlowski-1280x854.jpg 1280w, https:\/\/jtc.uni-halle.de\/wp-content\/uploads\/2026\/05\/Felix-Schiedlowski-980x653.jpg 980w, https:\/\/jtc.uni-halle.de\/wp-content\/uploads\/2026\/05\/Felix-Schiedlowski-480x320.jpg 480w\" sizes=\"(min-width: 0px) and (max-width: 480px) 480px, (min-width: 481px) and (max-width: 980px) 980px, (min-width: 981px) and (max-width: 1280px) 1280px, (min-width: 1281px) 2560px, 100vw\" \/><\/div><\/div><\/div><div class=\"swiper-slide\"><div class=\"blog-item\"><h3><a href=\"https:\/\/jtc.uni-halle.de\/en\/katja-reich\/\">Katja Reich<\/a><\/h3><div class=\"excerpt\">Project Assistant<\/div><a class=\"read-more\" href=\"https:\/\/jtc.uni-halle.de\/en\/katja-reich\/\">Read more<\/a><div class=\"thumbnail\"><img loading=\"lazy\" decoding=\"async\" width=\"1920\" height=\"1280\" src=\"https:\/\/jtc.uni-halle.de\/wp-content\/uploads\/2025\/06\/b8125.webp\" class=\"attachment-full size-full wp-post-image\" alt=\"\" srcset=\"https:\/\/jtc.uni-halle.de\/wp-content\/uploads\/2025\/06\/b8125.webp 1920w, https:\/\/jtc.uni-halle.de\/wp-content\/uploads\/2025\/06\/b8125-1280x853.webp 1280w, https:\/\/jtc.uni-halle.de\/wp-content\/uploads\/2025\/06\/b8125-980x653.webp 980w, https:\/\/jtc.uni-halle.de\/wp-content\/uploads\/2025\/06\/b8125-480x320.webp 480w\" sizes=\"(min-width: 0px) and (max-width: 480px) 480px, (min-width: 481px) and (max-width: 980px) 980px, (min-width: 981px) and (max-width: 1280px) 1280px, (min-width: 1281px) 1920px, 100vw\" \/><\/div><\/div><\/div><\/div><\/div>[\/et_pb_code][\/et_pb_column][\/et_pb_row][\/et_pb_section]<\/p>\n","protected":false},"excerpt":{"rendered":"<p>[et_pb_section fb_built=&#8221;1&#8243; admin_label=&#8221;Hero section&#8221; module_class=&#8221;relaunch&#8221; _builder_version=&#8221;4.27.3&#8243; _module_preset=&#8221;default&#8221; transform_scale_tablet=&#8221;&#8221; transform_scale_phone=&#8221;&#8221; transform_scale_last_edited=&#8221;on|tablet&#8221; transform_translate_tablet=&#8221;&#8221; transform_translate_phone=&#8221;&#8221; transform_translate_last_edited=&#8221;on|tablet&#8221; transform_translate_linked_tablet=&#8221;off&#8221; transform_rotate_tablet=&#8221;&#8221; transform_rotate_phone=&#8221;&#8221; transform_rotate_last_edited=&#8221;on|tablet&#8221; transform_skew_tablet=&#8221;&#8221; transform_skew_phone=&#8221;&#8221; transform_skew_last_edited=&#8221;on|tablet&#8221; transform_origin_tablet=&#8221;&#8221; transform_origin_phone=&#8221;&#8221; transform_origin_last_edited=&#8221;on|tablet&#8221; transform_styles_last_edited=&#8221;on|tablet&#8221; custom_margin=&#8221;4rem||||false|false&#8221; custom_margin_tablet=&#8221;1rem||||false|false&#8221; custom_margin_phone=&#8221;||||false|false&#8221; custom_margin_last_edited=&#8221;on|desktop&#8221; transform_styles_tablet=&#8221;&#8221; transform_styles_phone=&#8221;&#8221; [&hellip;]<\/p>\n","protected":false},"author":3,"featured_media":0,"parent":0,"menu_order":10,"comment_status":"closed","ping_status":"closed","template":"","meta":{"_et_pb_use_builder":"on","_et_pb_old_content":"","_et_gb_content_width":"","inline_featured_image":false,"_price":"","_stock":"","_tribe_ticket_header":"","_tribe_default_ticket_provider":"","_ticket_start_date":"","_ticket_end_date":"","_tribe_ticket_show_description":"","_tribe_ticket_show_not_going":false,"_tribe_ticket_use_global_stock":"","_tribe_ticket_global_stock_level":"","_global_stock_mode":"","_global_stock_cap":"","_tribe_rsvp_for_event":"","_tribe_ticket_going_count":"","_tribe_ticket_not_going_count":"","_tribe_tickets_list":"[]","_tribe_ticket_has_attendee_info_fields":false,"footnotes":"","_tec_slr_enabled":"","_tec_slr_layout":""},"categories":[381,17,67],"tags":[],"class_list":["post-1134","page","type-page","status-publish","hentry","category-a0-en","category-a","category-relaunch"],"ticketed":false,"_links":{"self":[{"href":"https:\/\/jtc.uni-halle.de\/en\/wp-json\/wp\/v2\/pages\/1134","targetHints":{"allow":["GET"]}}],"collection":[{"href":"https:\/\/jtc.uni-halle.de\/en\/wp-json\/wp\/v2\/pages"}],"about":[{"href":"https:\/\/jtc.uni-halle.de\/en\/wp-json\/wp\/v2\/types\/page"}],"author":[{"embeddable":true,"href":"https:\/\/jtc.uni-halle.de\/en\/wp-json\/wp\/v2\/users\/3"}],"replies":[{"embeddable":true,"href":"https:\/\/jtc.uni-halle.de\/en\/wp-json\/wp\/v2\/comments?post=1134"}],"version-history":[{"count":35,"href":"https:\/\/jtc.uni-halle.de\/en\/wp-json\/wp\/v2\/pages\/1134\/revisions"}],"predecessor-version":[{"id":25076,"href":"https:\/\/jtc.uni-halle.de\/en\/wp-json\/wp\/v2\/pages\/1134\/revisions\/25076"}],"wp:attachment":[{"href":"https:\/\/jtc.uni-halle.de\/en\/wp-json\/wp\/v2\/media?parent=1134"}],"wp:term":[{"taxonomy":"category","embeddable":true,"href":"https:\/\/jtc.uni-halle.de\/en\/wp-json\/wp\/v2\/categories?post=1134"},{"taxonomy":"post_tag","embeddable":true,"href":"https:\/\/jtc.uni-halle.de\/en\/wp-json\/wp\/v2\/tags?post=1134"}],"curies":[{"name":"wp","href":"https:\/\/api.w.org\/{rel}","templated":true}]}}