

{"id":1958,"date":"2025-04-03T16:54:54","date_gmt":"2025-04-03T14:54:54","guid":{"rendered":"https:\/\/jtc.uni-halle.de\/?page_id=1958"},"modified":"2026-08-28T08:52:32","modified_gmt":"2026-08-28T06:52:32","slug":"a4","status":"publish","type":"page","link":"https:\/\/jtc.uni-halle.de\/en\/a\/a4\/","title":{"rendered":"Team A4 Just transitions, educational and participation opportunities"},"content":{"rendered":"<p>[et_pb_section fb_built=&#8221;1&#8243; admin_label=&#8221;Hero section&#8221; module_id=&#8221;a3&#8243; module_class=&#8221;relaunch&#8221; _builder_version=&#8221;4.27.3&#8243; _module_preset=&#8221;default&#8221; transform_scale_tablet=&#8221;&#8221; transform_scale_phone=&#8221;&#8221; transform_scale_last_edited=&#8221;on|tablet&#8221; transform_translate_tablet=&#8221;&#8221; transform_translate_phone=&#8221;&#8221; transform_translate_last_edited=&#8221;on|tablet&#8221; transform_translate_linked_tablet=&#8221;off&#8221; transform_rotate_tablet=&#8221;&#8221; transform_rotate_phone=&#8221;&#8221; transform_rotate_last_edited=&#8221;on|tablet&#8221; transform_skew_tablet=&#8221;&#8221; transform_skew_phone=&#8221;&#8221; transform_skew_last_edited=&#8221;on|tablet&#8221; transform_origin_tablet=&#8221;&#8221; transform_origin_phone=&#8221;&#8221; transform_origin_last_edited=&#8221;on|tablet&#8221; transform_styles_last_edited=&#8221;on|tablet&#8221; custom_margin=&#8221;4rem||||false|false&#8221; custom_margin_tablet=&#8221;1px||||false|false&#8221; custom_margin_phone=&#8221;||||false|false&#8221; custom_margin_last_edited=&#8221;on|desktop&#8221; transform_styles_tablet=&#8221;&#8221; transform_styles_phone=&#8221;&#8221; global_colors_info=&#8221;{}&#8221;][et_pb_row column_structure=&#8221;1_2,1_2&#8243; use_custom_gutter=&#8221;on&#8221; gutter_width=&#8221;2&#8243; make_equal=&#8221;on&#8221; custom_padding_last_edited=&#8221;on|desktop&#8221; _builder_version=&#8221;4.27.3&#8243; _module_preset=&#8221;default&#8221; width=&#8221;96%&#8221; width_tablet=&#8221;90%&#8221; width_phone=&#8221;90%&#8221; width_last_edited=&#8221;on|desktop&#8221; max_width=&#8221;1440px&#8221; module_alignment=&#8221;center&#8221; custom_margin=&#8221;||||false|false&#8221; custom_padding=&#8221;||||false|false&#8221; custom_padding_tablet=&#8221;||||false|false&#8221; custom_padding_phone=&#8221;||||false|false&#8221; global_colors_info=&#8221;{}&#8221;][et_pb_column type=&#8221;1_2&#8243; admin_label=&#8221;Spalte H1 Intro&#8221; _builder_version=&#8221;4.27.3&#8243; _module_preset=&#8221;default&#8221; background_color=&#8221;#B18DC0&#8243; custom_padding=&#8221;4rem|3rem|2rem|3rem|false|false&#8221; custom_padding_tablet=&#8221;3rem|2rem|2rem|2rem|false|false&#8221; custom_padding_phone=&#8221;3rem|2rem|2rem|2rem|false|false&#8221; custom_padding_last_edited=&#8221;on|tablet&#8221; border_radii=&#8221;on|18px|18px|18px|18px&#8221; global_colors_info=&#8221;{}&#8221; custom_css_main_element_last_edited=&#8221;on|tablet&#8221;][et_pb_text admin_label=&#8221;H1 + Introtext&#8221; module_class=&#8221;gruppe-a4&#8243; _builder_version=&#8221;4.27.3&#8243; _module_preset=&#8221;default&#8221; text_font=&#8221;||||||||&#8221; global_colors_info=&#8221;{}&#8221;]<\/p>\n<h1>Just Transitions, Educational and Participation Opportunities for Children, Youth, and Adults<\/h1>\n<p class=\"p1\">Education enables empowerment and contributes to social transformations. We examine the needs in the region and trace possibilities for social and economic participation.\u00a0<\/p>\n<p>[\/et_pb_text][\/et_pb_column][et_pb_column type=&#8221;1_2&#8243; admin_label=&#8221;Spalte Inhalt&#8221; _builder_version=&#8221;4.27.3&#8243; _module_preset=&#8221;default&#8221; global_colors_info=&#8221;{}&#8221;][et_pb_image src=&#8221;https:\/\/jtc.uni-halle.de\/wp-content\/uploads\/2025\/08\/JTC-Meeting-186.jpg&#8221; alt=&#8221;JTC Team A1 Strukturwandel &#038;<br \/>\nPartizipation: Gruppenbild \u2013 Dr. Jan Winkler, Hermine B\u00e4r, Cheyenne Wolf, Pia Kahlfu\u00df, nicht abgebildet: Felix Schiedlowski&#8221; title_text=&#8221;Teamfoto A4, Leonore Freier, Martin Kriemann, Stephanie Freide, Foto: JTC | Laura Stoll&#8221; disabled_on=&#8221;off|off|off&#8221; admin_label=&#8221;Teamfoto&#8221; _builder_version=&#8221;4.27.3&#8243; _module_preset=&#8221;default&#8221; border_radii=&#8221;on|18px|18px|18px|18px&#8221; global_colors_info=&#8221;{}&#8221;][\/et_pb_image][et_pb_code disabled_on=&#8221;on|on|on&#8221; admin_label=&#8221;Newsteaser&#8221; _builder_version=&#8221;4.27.3&#8243; _module_preset=&#8221;default&#8221; disabled=&#8221;on&#8221; global_colors_info=&#8221;{}&#8221;]<div class=\"blog-news-teaser swiper slider-container\" data-arrows=\"false\" data-dots=\"false\"><div class=\"swiper-wrapper\"><div class=\"swiper-slide\"><div class=\"blog-item\"><div class=\"badges\"><\/div><h3><a href=\"https:\/\/jtc.uni-halle.de\/en\/jtc-meets-region-research-dialogue-and-the-future-of-anhalt-bitterfeld\/\">JTC meets Region: Research, Dialogue and the Future of Anhalt-Bitterfeld<\/a><\/h3><p class=\"meta\">7 November, 2025<\/p><div class=\"excerpt\">\u2018JTC meets Region: Anhalt-Bitterfeld\u2019 \u2013 A meeting on equal terms between politics, research, business, and society.<\/div><a class=\"read-more\" href=\"https:\/\/jtc.uni-halle.de\/en\/jtc-meets-region-research-dialogue-and-the-future-of-anhalt-bitterfeld\/\">Read more<\/a><div class=\"thumbnail\"><img loading=\"lazy\" decoding=\"async\" width=\"2560\" height=\"1707\" src=\"https:\/\/jtc.uni-halle.de\/wp-content\/uploads\/2025\/11\/6-JTC-trifft-Region_ABI-scaled.jpg\" class=\"attachment-full size-full wp-post-image\" alt=\"\" srcset=\"https:\/\/jtc.uni-halle.de\/wp-content\/uploads\/2025\/11\/6-JTC-trifft-Region_ABI-scaled.jpg 2560w, https:\/\/jtc.uni-halle.de\/wp-content\/uploads\/2025\/11\/6-JTC-trifft-Region_ABI-1280x854.jpg 1280w, https:\/\/jtc.uni-halle.de\/wp-content\/uploads\/2025\/11\/6-JTC-trifft-Region_ABI-980x653.jpg 980w, https:\/\/jtc.uni-halle.de\/wp-content\/uploads\/2025\/11\/6-JTC-trifft-Region_ABI-480x320.jpg 480w\" sizes=\"(min-width: 0px) and (max-width: 480px) 480px, (min-width: 481px) and (max-width: 980px) 980px, (min-width: 981px) and (max-width: 1280px) 1280px, (min-width: 1281px) 2560px, 100vw\" \/><\/div><\/div><\/div><\/div><\/div>[\/et_pb_code][et_pb_code disabled_on=&#8221;on|on|on&#8221; admin_label=&#8221;Eventteaser&#8221; _builder_version=&#8221;4.27.3&#8243; _module_preset=&#8221;default&#8221; disabled=&#8221;on&#8221; global_colors_info=&#8221;{}&#8221;]<!=========Events list Template 2.4.6=========><div id=\"ect-events-list-content\"><div id=\"list-wrp\" class=\"ect-list-wrapper jtc a a1\"><div id=\"event-23939\" class=\"ect-list-post style-1 ect-simple-event future\"><div class=\"ect-list-post-left \">\n\t\t\t\t<div class=\"ect-list-img\" style=\"background-image:url(&#039;https:\/\/jtc.uni-halle.de\/wp-content\/uploads\/2026\/07\/Webseite-Event-Header_GBM-1024x683.jpg&#039;);background-size:cover;\"><a href=\"https:\/\/jtc.uni-halle.de\/en\/event\/gbm-award-ceremony\/\" alt=\"GBM Award Ceremony &#8211; Recipient M. Sc. Ludwig Krau\u00df\" rel=\"bookmark\"><div class=\"ect-list-date\"><div class=\"ect-date-area default-schedule\"><span class=\"ev-day\">01<\/span>\n\t\t\t\t\t<span class=\"ev-mo\">September<\/span>\n\t\t\t\t\t<span class=\"ev-yr\">2026<\/span><\/div><\/div><\/a><\/div><\/div><!-- left-post close --><div class=\"ect-list-post-right\">\n\t\t\t\t<div class=\"ect-list-post-right-table\"><div class=\"ect-list-description\"><h2 class=\"ect-list-title\"><a class=\"ect-event-url\" href=\"https:\/\/jtc.uni-halle.de\/en\/event\/gbm-award-ceremony\/\" rel=\"bookmark\">GBM Award Ceremony &#8211; Recipient M. Sc. Ludwig Krau\u00df<\/a><\/h2><!-- Event Content --><div class=\"ect-event-content\"><p>Award ceremony for an outstanding Master\u2019s thesis in the field of biochemistry and molecular biology within the JTC innovation team \u2018Designer proteins as bio-based binders\u2019<\/p>\n<\/div><a href=\"https:\/\/jtc.uni-halle.de\/en\/event\/gbm-award-ceremony\/\" class=\"ect-events-read-more\" rel=\"bookmark\">mehr<\/a><\/div><div class=\"ect-list-venue default-venue\"><span class=\"ect-icon\"><i class=\"ect-icon-location\"><\/i><\/span><!-- Event Venue Info -->\n\t\t\t\t\t\t\t<span class=\"ect-venue-details ect-address\">\n\t\t\t\t\t\t\t<div>Gro\u00dfer H\u00f6rsaal Biochemie,<span class=\"tribe-address\">\n\n<span class=\"tribe-street-address\">Kurt-Mothes-Stra\u00dfe 3<\/span>\n\t\n\t\t<br>\n\t\t<span class=\"tribe-locality\">Halle (Saale)<\/span><span class=\"tribe-delimiter\">,<\/span>\n\n\t<abbr class=\"tribe-region tribe-events-abbr\" title=\"Sachsen-Anhalt\">Sachsen-Anhalt<\/abbr>\n\n\t<span class=\"tribe-postal-code\">06120<\/span>\n\n\t<span class=\"tribe-country-name\">Germany<\/span>\n\n<\/span>\n<\/div><span class=\"ect-google\"><a class=\"tribe-events-gmap\" href=\"https:\/\/maps.google.com\/maps?f=q&#038;source=s_q&#038;hl=en&#038;geocode=&#038;q=Kurt-Mothes-Stra%C3%9Fe+3+Halle+%28Saale%29+Sachsen-Anhalt+06120+Germany\" title=\"Click to view a Google Map\" target=\"_blank\" rel=\"noreferrer noopener\">+ Google Map<\/a><\/span><\/span><\/div><\/div><\/div><!-- right-wrapper close --><\/div><!-- event-loop-end --><\/div><\/div>[\/et_pb_code][\/et_pb_column][\/et_pb_row][\/et_pb_section][et_pb_section fb_built=&#8221;1&#8243; admin_label=&#8221;Info section&#8221; module_class=&#8221;relaunch&#8221; _builder_version=&#8221;4.27.3&#8243; _module_preset=&#8221;default&#8221; transform_scale_tablet=&#8221;&#8221; transform_scale_phone=&#8221;&#8221; transform_scale_last_edited=&#8221;on|tablet&#8221; transform_translate_tablet=&#8221;&#8221; transform_translate_phone=&#8221;&#8221; transform_translate_last_edited=&#8221;on|tablet&#8221; transform_translate_linked_tablet=&#8221;off&#8221; transform_rotate_tablet=&#8221;&#8221; transform_rotate_phone=&#8221;&#8221; transform_rotate_last_edited=&#8221;on|tablet&#8221; transform_skew_tablet=&#8221;&#8221; transform_skew_phone=&#8221;&#8221; transform_skew_last_edited=&#8221;on|tablet&#8221; transform_origin_tablet=&#8221;&#8221; transform_origin_phone=&#8221;&#8221; transform_origin_last_edited=&#8221;on|tablet&#8221; transform_styles_last_edited=&#8221;on|tablet&#8221; custom_margin=&#8221;4rem||||false|false&#8221; custom_margin_tablet=&#8221;1px||||false|false&#8221; custom_margin_phone=&#8221;||||false|false&#8221; custom_margin_last_edited=&#8221;on|desktop&#8221; custom_padding=&#8221;||6rem||false|false&#8221; transform_styles_tablet=&#8221;&#8221; transform_styles_phone=&#8221;&#8221; border_width_bottom=&#8221;2px&#8221; global_colors_info=&#8221;{}&#8221;][et_pb_row column_structure=&#8221;1_2,1_2&#8243; use_custom_gutter=&#8221;on&#8221; gutter_width=&#8221;2&#8243; make_equal=&#8221;on&#8221; custom_padding_last_edited=&#8221;on|desktop&#8221; _builder_version=&#8221;4.27.3&#8243; _module_preset=&#8221;default&#8221; width=&#8221;96%&#8221; width_tablet=&#8221;90%&#8221; width_phone=&#8221;90%&#8221; width_last_edited=&#8221;on|desktop&#8221; max_width=&#8221;1440px&#8221; module_alignment=&#8221;center&#8221; custom_margin=&#8221;||||false|false&#8221; custom_padding=&#8221;||||false|false&#8221; custom_padding_tablet=&#8221;||||false|false&#8221; custom_padding_phone=&#8221;||||false|false&#8221; global_colors_info=&#8221;{}&#8221;][et_pb_column type=&#8221;1_2&#8243; _builder_version=&#8221;4.27.3&#8243; _module_preset=&#8221;default&#8221; background_enable_color=&#8221;off&#8221; custom_padding=&#8221;|3rem||3rem|false|false&#8221; custom_padding_tablet=&#8221;3rem|2rem|2rem|2rem|false|false&#8221; custom_padding_phone=&#8221;3rem|2rem|2rem|2rem|false|false&#8221; custom_padding_last_edited=&#8221;on|tablet&#8221; border_radii=&#8221;on|18px|18px|18px|18px&#8221; global_colors_info=&#8221;{}&#8221; custom_css_main_element_last_edited=&#8221;on|tablet&#8221;][et_pb_text admin_label=&#8221;Infotext&#8221; _builder_version=&#8221;4.27.3&#8243; _module_preset=&#8221;default&#8221; text_font=&#8221;||||||||&#8221; global_colors_info=&#8221;{}&#8221;]<\/p>\n<p>We aim to strengthen educational and participation opportunities for children, youth and adults in southern Saxony-Anhalt. We do research on educational opportunities, educational organizations and living environments in order to understand the specific conditions and needs in the region and develop recommendations for policymakers and educational organizations.<\/p>\n<p>[\/et_pb_text][et_pb_toggle title=&#8221;read more&#8221; open_toggle_text_color=&#8221;#2e2e2e&#8221; open_toggle_background_color=&#8221;RGBA(255,255,255,0)&#8221; closed_toggle_background_color=&#8221;RGBA(255,255,255,0)&#8221; icon_color=&#8221;RGBA(255,255,255,0)&#8221; open_icon_color=&#8221;RGBA(255,255,255,0)&#8221; module_class=&#8221;weiterlesen&#8221; _builder_version=&#8221;4.27.5&#8243; _module_preset=&#8221;default&#8221; title_text_color=&#8221;#2e2e2e&#8221; custom_padding=&#8221;|0px||0px|false|false&#8221; hover_enabled=&#8221;0&#8243; border_width_all=&#8221;0px&#8221; global_colors_info=&#8221;{}&#8221; sticky_enabled=&#8221;0&#8243;]<\/p>\n<p>The innovation team \u201cJust transitions, educational and participation opportunities for children, youth and adults (A4)\u201d strengthens educational and participation opportunities in southern Saxony-Anhalt. It researches regional educational and socialization conditions and develops recommendations to reduce social inequalities. The starting point is the structural disadvantage of the region since 1989\/90 due to emigration, ageing and poverty (risk), which is intensifying in the current structural change.<\/p>\n<p>\u00a0Education enables empowerment and contributes to social transformations. Our focus is therefore both on people&#8217;s living environments and on enabling participation in and through vocational and general (further) education.<\/p>\n<p>\u00a0We examine the needs in the region and trace possibilities for social and economic participation. We see regional stakeholders as experts in their practice and use their knowledge for cooperation, networks and new educational approaches.<\/p>\n<p>[\/et_pb_toggle][\/et_pb_column][et_pb_column type=&#8221;1_2&#8243; _builder_version=&#8221;4.27.3&#8243; _module_preset=&#8221;default&#8221; global_colors_info=&#8221;{}&#8221;][et_pb_text admin_label=&#8221;Schlagw\u00f6rter Themen&#8221; _builder_version=&#8221;4.27.3&#8243; _dynamic_attributes=&#8221;content&#8221; _module_preset=&#8221;default&#8221; global_colors_info=&#8221;{}&#8221;]@ET-DC@eyJkeW5hbWljIjp0cnVlLCJjb250ZW50IjoiY3VzdG9tX21ldGFfc2NobGFnd29lcnRlcl9zaG9ydGNvZGUiLCJzZXR0aW5ncyI6eyJiZWZvcmUiOiIiLCJhZnRlciI6IiIsImVuYWJsZV9odG1sIjoib2ZmIn19@[\/et_pb_text][\/et_pb_column][\/et_pb_row][\/et_pb_section][et_pb_section fb_built=&#8221;1&#8243; admin_label=&#8221;Tab section&#8221; module_class=&#8221;relaunch tab-section&#8221; _builder_version=&#8221;4.27.3&#8243; _module_preset=&#8221;default&#8221; transform_scale_tablet=&#8221;&#8221; transform_scale_phone=&#8221;&#8221; transform_scale_last_edited=&#8221;on|tablet&#8221; transform_translate_tablet=&#8221;&#8221; transform_translate_phone=&#8221;&#8221; transform_translate_last_edited=&#8221;on|tablet&#8221; transform_translate_linked_tablet=&#8221;off&#8221; transform_rotate_tablet=&#8221;&#8221; transform_rotate_phone=&#8221;&#8221; transform_rotate_last_edited=&#8221;on|tablet&#8221; transform_skew_tablet=&#8221;&#8221; transform_skew_phone=&#8221;&#8221; transform_skew_last_edited=&#8221;on|tablet&#8221; transform_origin_tablet=&#8221;&#8221; transform_origin_phone=&#8221;&#8221; transform_origin_last_edited=&#8221;on|tablet&#8221; transform_styles_last_edited=&#8221;on|tablet&#8221; custom_margin=&#8221;||0px||false|false&#8221; custom_margin_tablet=&#8221;1px||||false|false&#8221; custom_margin_phone=&#8221;||||false|false&#8221; custom_margin_last_edited=&#8221;on|desktop&#8221; custom_padding=&#8221;||0px||false|false&#8221; transform_styles_tablet=&#8221;&#8221; transform_styles_phone=&#8221;&#8221; border_width_bottom=&#8221;2px&#8221; global_colors_info=&#8221;{}&#8221;][et_pb_row use_custom_gutter=&#8221;on&#8221; gutter_width=&#8221;2&#8243; make_equal=&#8221;on&#8221; custom_padding_last_edited=&#8221;on|desktop&#8221; _builder_version=&#8221;4.27.3&#8243; _module_preset=&#8221;default&#8221; width=&#8221;96%&#8221; width_tablet=&#8221;90%&#8221; width_phone=&#8221;90%&#8221; width_last_edited=&#8221;on|desktop&#8221; max_width=&#8221;1440px&#8221; module_alignment=&#8221;center&#8221; custom_margin=&#8221;||||false|false&#8221; custom_padding=&#8221;||||false|false&#8221; custom_padding_tablet=&#8221;||||false|false&#8221; custom_padding_phone=&#8221;||||false|false&#8221; global_colors_info=&#8221;{}&#8221;][et_pb_column type=&#8221;4_4&#8243; _builder_version=&#8221;4.27.3&#8243; _module_preset=&#8221;default&#8221; background_enable_color=&#8221;off&#8221; custom_padding=&#8221;|0rem||0rem|false|false&#8221; custom_padding_tablet=&#8221;3rem|2rem|2rem|2rem|false|false&#8221; custom_padding_phone=&#8221;3rem|2rem|2rem|2rem|false|false&#8221; custom_padding_last_edited=&#8221;on|tablet&#8221; border_radii=&#8221;on|18px|18px|18px|18px&#8221; global_colors_info=&#8221;{}&#8221; custom_css_main_element_last_edited=&#8221;on|tablet&#8221;][et_pb_tabs _builder_version=&#8221;4.27.5&#8243; _module_preset=&#8221;default&#8221; global_colors_info=&#8221;{}&#8221;][et_pb_tab title=&#8221;Projects&#8221; _builder_version=&#8221;4.27.5&#8243; _module_preset=&#8221;default&#8221; global_colors_info=&#8221;{}&#8221;]<\/p>\n<div class=\"blog-projekte swiper slider-container\" data-arrows=\"false\" data-dots=\"false\"><div class=\"swiper-wrapper\"><div class=\"swiper-slide\"><div class=\"blog-item\"><h3><a href=\"https:\/\/jtc.uni-halle.de\/en\/promoting-further-professional-development\/\">Promoting further professional development in the context of structural change<\/a><\/h3><div class=\"excerpt\"><p>Educational work in rural areas as enabler of participation in structural changeJust Transitions, Educational and Participation Opportunities for Children, Youth, and Adults How can community-based educational work contribute to shaping [&hellip;]<\/p>\n<\/div><a class=\"read-more\" href=\"https:\/\/jtc.uni-halle.de\/en\/promoting-further-professional-development\/\">Read more<\/a><\/div><\/div><div class=\"swiper-slide\"><div class=\"blog-item\"><h3><a href=\"https:\/\/jtc.uni-halle.de\/en\/pedagogical-places-and-de-pedagogised-spaces-just-transitions-for-children-and-young-people-in-the-context-of-regional-structural-change\/\">Pedagogical Places and (De-)Pedagogised Spaces. Just Transitions for Children and Young People in the Context of Regional Structural Change<\/a><\/h3><div class=\"excerpt\"><p>Educational work in rural areas as enabler of participation in structural changeJust Transitions, Educational and Participation Opportunities for Children, Youth, and Adults How can community-based educational work contribute to shaping [&hellip;]<\/p>\n<\/div><a class=\"read-more\" href=\"https:\/\/jtc.uni-halle.de\/en\/pedagogical-places-and-de-pedagogised-spaces-just-transitions-for-children-and-young-people-in-the-context-of-regional-structural-change\/\">Read more<\/a><\/div><\/div><div class=\"swiper-slide\"><div class=\"blog-item\"><h3><a href=\"https:\/\/jtc.uni-halle.de\/en\/educational-work-in-rural-areas-as-enabler-of-participation-in-structural-change\/\">Educational work in rural areas as enabler of participation in structural change<\/a><\/h3><div class=\"excerpt\"><p>Educational work in rural areas as enabler of participation in structural changeJust Transitions, Educational and Participation Opportunities for Children, Youth, and Adults How can community-based educational work contribute to shaping [&hellip;]<\/p>\n<\/div><a class=\"read-more\" href=\"https:\/\/jtc.uni-halle.de\/en\/educational-work-in-rural-areas-as-enabler-of-participation-in-structural-change\/\">Read more<\/a><\/div><\/div><\/div><\/div>\n<p>[\/et_pb_tab][et_pb_tab title=&#8221;Publications&#8221; _builder_version=&#8221;4.27.5&#8243; _module_preset=&#8221;default&#8221; global_colors_info=&#8221;{}&#8221;]<\/p>\n<p><\/p>\n<div id=\"zotpress-53dbe2eae53d2651ae83b18b6be7b06c\" class=\"zp-Zotpress zp-Zotpress-Bib wp-block-group\">\n\n\t\t<span class=\"ZP_API_USER_ID ZP_ATTR\">16448592<\/span>\n\t\t<span class=\"ZP_ITEM_KEY ZP_ATTR\"><\/span>\n\t\t<span class=\"ZP_COLLECTION_ID ZP_ATTR\">L99PPHTB<\/span>\n\t\t<span class=\"ZP_TAG_ID ZP_ATTR\"><\/span>\n\t\t<span class=\"ZP_AUTHOR ZP_ATTR\"><\/span>\n\t\t<span class=\"ZP_YEAR ZP_ATTR\"><\/span>\n        <span class=\"ZP_ITEMTYPE ZP_ATTR\"><\/span>\n\t\t<span class=\"ZP_INCLUSIVE ZP_ATTR\">1<\/span>\n\t\t<span class=\"ZP_STYLE ZP_ATTR\">chicago-author-date<\/span>\n\t\t<span class=\"ZP_LIMIT ZP_ATTR\">50<\/span>\n\t\t<span class=\"ZP_SORTBY ZP_ATTR\">default<\/span>\n\t\t<span class=\"ZP_ORDER ZP_ATTR\"><\/span>\n\t\t<span class=\"ZP_TITLE ZP_ATTR\"><\/span>\n\t\t<span class=\"ZP_SHOWIMAGE ZP_ATTR\"><\/span>\n\t\t<span class=\"ZP_SHOWTAGS ZP_ATTR\"><\/span>\n\t\t<span class=\"ZP_DOWNLOADABLE ZP_ATTR\">1<\/span>\n\t\t<span class=\"ZP_NOTES ZP_ATTR\"><\/span>\n\t\t<span class=\"ZP_ABSTRACT ZP_ATTR\"><\/span>\n\t\t<span class=\"ZP_CITEABLE ZP_ATTR\"><\/span>\n\t\t<span class=\"ZP_TARGET ZP_ATTR\"><\/span>\n\t\t<span class=\"ZP_URLWRAP ZP_ATTR\"><\/span>\n\t\t<span class=\"ZP_FORCENUM ZP_ATTR\"><\/span>\n        <span class=\"ZP_HIGHLIGHT ZP_ATTR\"><\/span>\n        <span class=\"ZP_POSTID ZP_ATTR\">21842<\/span>\n\t\t<span class=\"ZOTPRESS_PLUGIN_URL ZP_ATTR\">https:\/\/jtc.uni-halle.de\/wp-content\/plugins\/zotpress\/<\/span>\n\n\t\t<div class=\"zp-List loading\">\n\t\t\t<div class=\"zp-SEO-Content\">\n\t\t\t\t<span class=\"ZP_JSON ZP_ATTR\">%7B%22status%22%3A%22success%22%2C%22updateneeded%22%3Afalse%2C%22instance%22%3Afalse%2C%22meta%22%3A%7B%22request_last%22%3A0%2C%22request_next%22%3A0%2C%22used_cache%22%3Atrue%7D%2C%22data%22%3A%5B%7B%22key%22%3A%225M52PZYJ%22%2C%22library%22%3A%7B%22id%22%3A16448592%7D%2C%22meta%22%3A%7B%22creatorSummary%22%3A%22Kriemann%20and%20H%5Cu00fcnersdorf%22%2C%22parsedDate%22%3A%222026-08-10%22%2C%22numChildren%22%3A0%7D%2C%22bib%22%3A%22%26lt%3Bdiv%20class%3D%26quot%3Bcsl-bib-body%26quot%3B%20style%3D%26quot%3Bline-height%3A%201.35%3B%20padding-left%3A%201em%3B%20text-indent%3A-1em%3B%26quot%3B%26gt%3B%5Cn%20%20%26lt%3Bdiv%20class%3D%26quot%3Bcsl-entry%26quot%3B%26gt%3BKriemann%2C%20Martin%2C%20and%20Bettina%20H%26%23xFC%3Bnersdorf.%202026.%20%26%23x201C%3BReproduction%20of%20Inequality%20in%20Peripheralised%20Education%20and%20Care%20Landscapes.%26%23x201D%3B%20%26lt%3Bi%26gt%3BContemporary%20Issues%20in%20Early%20Childhood%26lt%3B%5C%2Fi%26gt%3B%2C%20August%2010%2C%2014639491261477355.%20%26lt%3Ba%20class%3D%26%23039%3Bzp-DOIURL%26%23039%3B%20href%3D%26%23039%3Bhttps%3A%5C%2F%5C%2Fdoi.org%5C%2F10.1177%5C%2F14639491261477355%26%23039%3B%26gt%3Bhttps%3A%5C%2F%5C%2Fdoi.org%5C%2F10.1177%5C%2F14639491261477355%26lt%3B%5C%2Fa%26gt%3B.%26lt%3B%5C%2Fdiv%26gt%3B%5Cn%26lt%3B%5C%2Fdiv%26gt%3B%22%2C%22data%22%3A%7B%22itemType%22%3A%22journalArticle%22%2C%22title%22%3A%22Reproduction%20of%20inequality%20in%20peripheralised%20education%20and%20care%20landscapes%22%2C%22creators%22%3A%5B%7B%22creatorType%22%3A%22author%22%2C%22firstName%22%3A%22Martin%22%2C%22lastName%22%3A%22Kriemann%22%7D%2C%7B%22creatorType%22%3A%22author%22%2C%22firstName%22%3A%22Bettina%22%2C%22lastName%22%3A%22H%5Cu00fcnersdorf%22%7D%5D%2C%22abstractNote%22%3A%22This%20article%20examines%20processes%20of%20peripheralisation%20in%20early%20childhood%20education%20and%20care%20settings%20in%20urban%20and%20rural%20areas%20of%20eastern%20Germany.%20The%20social%20upheavals%20that%20came%20in%20the%20wake%20of%20German%20reunification%20and%20the%20shift%20to%20a%20post-socialist%20society%20have%20not%20only%20had%20a%20material%20socioeconomic%20impact%20on%20these%20regions%20in%20general%20but%20also%20a%20cultural%20impact%20on%20early%20childhood%20education%20and%20care%20institutions%20specifically.%20Those%20impacts%20have%20been%20shaped%20by%20collective%20experiences%20with%20socialism%20and%20neoliberal%20transformation.%20The%20empirical%20data%20on%20which%20the%20analysis%20in%20this%20article%20is%20based%20come%20from%20group%20discussions%20with%20childcare%20workers%20that%20were%20conducted%20as%20part%20of%20the%5Cn%20%20%20%20%20%20%20%20%20%20%20%20%20%20NeOBi%5Cn%20%20%20%20%20%20%20%20%20%20%20%20%20%20project%2C%20which%20is%20funded%20by%20the%20German%20Federal%20Ministry%20of%20Education%20and%20Research.%20In%20this%20article%2C%20these%20discussions%20are%20analysed%20through%20a%20critical%20geopolitical%20and%20post-socialist%20lens%20to%20make%20the%20%5Cu2018power%20geometries%5Cu2019%20of%20social%20change%20visible.%20By%20combining%20praxeological%20and%20spatial-analytical%20perspectives%2C%20it%20is%20possible%20to%20reconstruct%20how%20material%20conditions%2C%20demographic%20structures%20and%20the%20education%20and%20care%20curriculum%20are%20%28re%29presented%20in%20childcare%20workers%5Cu2019%20perspectives.%20The%20article%20sets%20out%20methodological%20approaches%20and%20empirical%20results%20that%20can%20be%20used%20in%20the%20study%20of%20social%20change%20in%20ECEC%20settings%20and%20shows%20how%20social%20inequalities%20are%20produced%20spatially%20and%20historically.%22%2C%22date%22%3A%222026-08-10%22%2C%22section%22%3A%22%22%2C%22partNumber%22%3A%22%22%2C%22partTitle%22%3A%22%22%2C%22DOI%22%3A%2210.1177%5C%2F14639491261477355%22%2C%22citationKey%22%3A%22%22%2C%22url%22%3A%22https%3A%5C%2F%5C%2Fjournals.sagepub.com%5C%2Fdoi%5C%2F10.1177%5C%2F14639491261477355%22%2C%22PMID%22%3A%22%22%2C%22PMCID%22%3A%22%22%2C%22ISSN%22%3A%221463-9491%2C%201463-9491%22%2C%22language%22%3A%22en%22%2C%22collections%22%3A%5B%22L99PPHTB%22%5D%2C%22dateModified%22%3A%222026-08-24T07%3A32%3A46Z%22%7D%7D%2C%7B%22key%22%3A%22NXTEAK5L%22%2C%22library%22%3A%7B%22id%22%3A16448592%7D%2C%22meta%22%3A%7B%22creatorSummary%22%3A%22Stimm%20et%20al.%22%2C%22parsedDate%22%3A%222026%22%2C%22numChildren%22%3A0%7D%2C%22bib%22%3A%22%26lt%3Bdiv%20class%3D%26quot%3Bcsl-bib-body%26quot%3B%20style%3D%26quot%3Bline-height%3A%201.35%3B%20padding-left%3A%201em%3B%20text-indent%3A-1em%3B%26quot%3B%26gt%3B%5Cn%20%20%26lt%3Bdiv%20class%3D%26quot%3Bcsl-entry%26quot%3B%26gt%3BStimm%2C%20Maria%2C%20Arne%20Arend%2C%20Eleonore%20Freier%2C%20and%20Franz-Josef%20Schmitt.%202026.%20%26%23x201C%3BStudierende%20Als%20P%26%23xE4%3Bdagogisch%20Handelnde%20in%20Der%20Wissenschaftskommunikation%26%23x202F%3B%3A%20Ausarbeitung%20Eines%20Hochschuldidaktischen%20Standpunkts.%26%23x201D%3B%20In%20%26lt%3Bi%26gt%3BTransfer%20in%20P%26%23xE4%3Bdagogik%20Und%20Erziehungswissenschaft.%20Zwischen%20Problematisierung%20Und%20Systematisierung%26lt%3B%5C%2Fi%26gt%3B%2C%20vol.%202.%20Beltz%20Juvelta.%20%26lt%3Ba%20class%3D%26%23039%3Bzp-ItemURL%26%23039%3B%20href%3D%26%23039%3Bhttps%3A%5C%2F%5C%2Fbeltz.de%5C%2Ffachmedien%5C%2Ferziehungswissenschaft%5C%2Ftransfer-in-paedagogik-und-erziehungswissenschaft-ii%5C%2FBEL449478%26%23039%3B%26gt%3Bhttps%3A%5C%2F%5C%2Fbeltz.de%5C%2Ffachmedien%5C%2Ferziehungswissenschaft%5C%2Ftransfer-in-paedagogik-und-erziehungswissenschaft-ii%5C%2FBEL449478%26lt%3B%5C%2Fa%26gt%3B.%26lt%3B%5C%2Fdiv%26gt%3B%5Cn%26lt%3B%5C%2Fdiv%26gt%3B%22%2C%22data%22%3A%7B%22itemType%22%3A%22bookSection%22%2C%22title%22%3A%22Studierende%20als%20p%5Cu00e4dagogisch%20Handelnde%20in%20der%20Wissenschaftskommunikation%20%3A%20Ausarbeitung%20eines%20hochschuldidaktischen%20Standpunkts.%22%2C%22creators%22%3A%5B%7B%22creatorType%22%3A%22author%22%2C%22firstName%22%3A%22Maria%22%2C%22lastName%22%3A%22Stimm%22%7D%2C%7B%22creatorType%22%3A%22author%22%2C%22firstName%22%3A%22Arne%22%2C%22lastName%22%3A%22Arend%22%7D%2C%7B%22creatorType%22%3A%22author%22%2C%22firstName%22%3A%22Eleonore%22%2C%22lastName%22%3A%22Freier%22%7D%2C%7B%22creatorType%22%3A%22author%22%2C%22firstName%22%3A%22Franz-Josef%22%2C%22lastName%22%3A%22Schmitt%22%7D%5D%2C%22abstractNote%22%3A%22%22%2C%22bookTitle%22%3A%22Transfer%20in%20P%5Cu00e4dagogik%20und%20Erziehungswissenschaft.%20Zwischen%20Problematisierung%20und%20Systematisierung%22%2C%22date%22%3A%222026%22%2C%22originalDate%22%3A%22%22%2C%22originalPublisher%22%3A%22%22%2C%22originalPlace%22%3A%22%22%2C%22format%22%3A%22%22%2C%22ISBN%22%3A%22978-3-7799-9478-7%22%2C%22DOI%22%3A%22%22%2C%22citationKey%22%3A%22%22%2C%22url%22%3A%22https%3A%5C%2F%5C%2Fbeltz.de%5C%2Ffachmedien%5C%2Ferziehungswissenschaft%5C%2Ftransfer-in-paedagogik-und-erziehungswissenschaft-ii%5C%2FBEL449478%22%2C%22ISSN%22%3A%22%22%2C%22language%22%3A%22%22%2C%22collections%22%3A%5B%22L99PPHTB%22%5D%2C%22dateModified%22%3A%222026-06-26T09%3A52%3A53Z%22%7D%7D%2C%7B%22key%22%3A%22NGJAWGKI%22%2C%22library%22%3A%7B%22id%22%3A16448592%7D%2C%22meta%22%3A%7B%22creatorSummary%22%3A%22Freier%22%2C%22parsedDate%22%3A%222025%22%2C%22numChildren%22%3A0%7D%2C%22bib%22%3A%22%26lt%3Bdiv%20class%3D%26quot%3Bcsl-bib-body%26quot%3B%20style%3D%26quot%3Bline-height%3A%201.35%3B%20padding-left%3A%201em%3B%20text-indent%3A-1em%3B%26quot%3B%26gt%3B%5Cn%20%20%26lt%3Bdiv%20class%3D%26quot%3Bcsl-entry%26quot%3B%26gt%3BFreier%2C%20Eleonore.%202025.%20%26%23x201C%3BProsilienz%20Und%20Rendite%20in%20Der%20Finanziellen%20Weiterbildung.%26%23x201D%3B%20%26lt%3Bi%26gt%3BForum%20Erwachsenenbildung%26lt%3B%5C%2Fi%26gt%3B%2058%20%283%29%3A%2021%26%23x2013%3B24.%20%26lt%3Ba%20class%3D%26%23039%3Bzp-ItemURL%26%23039%3B%20href%3D%26%23039%3Bhttps%3A%5C%2F%5C%2Fwww.waxmann.com%5C%2FartikelART106367%26%23039%3B%26gt%3Bhttps%3A%5C%2F%5C%2Fwww.waxmann.com%5C%2FartikelART106367%26lt%3B%5C%2Fa%26gt%3B.%26lt%3B%5C%2Fdiv%26gt%3B%5Cn%26lt%3B%5C%2Fdiv%26gt%3B%22%2C%22data%22%3A%7B%22itemType%22%3A%22journalArticle%22%2C%22title%22%3A%22Prosilienz%20und%20Rendite%20in%20der%20finanziellen%20Weiterbildung%22%2C%22creators%22%3A%5B%7B%22creatorType%22%3A%22author%22%2C%22firstName%22%3A%22Eleonore%22%2C%22lastName%22%3A%22Freier%22%7D%5D%2C%22abstractNote%22%3A%22Angesichts%20weitverbreiteter%20Geldn%5Cu00f6te%20gilt%20Finanzielle%20Bildung%20als%20ein%20gewinnbringender%20Ansatz%20zur%20F%5Cu00f6rderung%20der%20%5Cu00f6konomischen%20Teilhabe%20und%20Absicherung%2C%20wobei%20Individuen%20die%20alleinige%20Verantwortung%20f%5Cu00fcr%20ihre%20finanzielle%20Situation%20zugeschrieben%20wird.%20Der%20Beitrag%20fragt%20nach%20den%20praktischen%20Folgen%20dieser%20politischen%20Auffassung%20f%5Cu00fcr%20die%20Zielstellungen%2C%20Inhalte%20und%20Angebotsstrukturen%20in%20der%20%5Cu00f6konomischen%20Bildung%20f%5Cu00fcr%20Erwachsene.%22%2C%22date%22%3A%222025%22%2C%22section%22%3A%22%22%2C%22partNumber%22%3A%22%22%2C%22partTitle%22%3A%22%22%2C%22DOI%22%3A%22%22%2C%22citationKey%22%3A%22%22%2C%22url%22%3A%22https%3A%5C%2F%5C%2Fwww.waxmann.com%5C%2FartikelART106367%22%2C%22PMID%22%3A%22%22%2C%22PMCID%22%3A%22%22%2C%22ISSN%22%3A%22%22%2C%22language%22%3A%22%22%2C%22collections%22%3A%5B%22L99PPHTB%22%5D%2C%22dateModified%22%3A%222026-06-26T09%3A52%3A23Z%22%7D%7D%2C%7B%22key%22%3A%229LQC58ZF%22%2C%22library%22%3A%7B%22id%22%3A16448592%7D%2C%22meta%22%3A%7B%22creatorSummary%22%3A%22Cora%20et%20al.%22%2C%22parsedDate%22%3A%222025%22%2C%22numChildren%22%3A0%7D%2C%22bib%22%3A%22%26lt%3Bdiv%20class%3D%26quot%3Bcsl-bib-body%26quot%3B%20style%3D%26quot%3Bline-height%3A%201.35%3B%20padding-left%3A%201em%3B%20text-indent%3A-1em%3B%26quot%3B%26gt%3B%5Cn%20%20%26lt%3Bdiv%20class%3D%26quot%3Bcsl-entry%26quot%3B%26gt%3BCora%2C%20Song%26%23xFC%3Bl%2C%20Lukas%20Eble%2C%20Malte%20Ebner%20von%20Eschenbach%2C%20et%20al.%2C%20eds.%202025.%20%26%23x201C%3BErwachsenenbildung%20Inklusiv%3F%26%23x201D%3B%20Heft%2014.%20%26lt%3Bi%26gt%3BDebatte.%20Beitr%26%23xE4%3Bge%20Zur%20Erwachsenenbildung%26lt%3B%5C%2Fi%26gt%3B%20%28Opladen%2C%20Berlin%2C%20Toronto%29%208%20%281%26%23x2013%3B2025%29.%26lt%3B%5C%2Fdiv%26gt%3B%5Cn%26lt%3B%5C%2Fdiv%26gt%3B%22%2C%22data%22%3A%7B%22itemType%22%3A%22journalArticle%22%2C%22title%22%3A%22Erwachsenenbildung%20inklusiv%3F%22%2C%22creators%22%3A%5B%7B%22creatorType%22%3A%22editor%22%2C%22firstName%22%3A%22Song%5Cu00fcl%22%2C%22lastName%22%3A%22Cora%22%7D%2C%7B%22creatorType%22%3A%22editor%22%2C%22firstName%22%3A%22Lukas%22%2C%22lastName%22%3A%22Eble%22%7D%2C%7B%22creatorType%22%3A%22editor%22%2C%22firstName%22%3A%22Malte%22%2C%22lastName%22%3A%22Ebner%20von%20Eschenbach%22%7D%2C%7B%22creatorType%22%3A%22editor%22%2C%22firstName%22%3A%22Stephanie%22%2C%22lastName%22%3A%22Freide%22%7D%2C%7B%22creatorType%22%3A%22editor%22%2C%22firstName%22%3A%22Simone%22%2C%22lastName%22%3A%22M%5Cu00fcller%22%7D%2C%7B%22creatorType%22%3A%22editor%22%2C%22firstName%22%3A%22J%5Cu00f6rg%22%2C%22lastName%22%3A%22Schwarz%22%7D%2C%7B%22creatorType%22%3A%22editor%22%2C%22firstName%22%3A%22Maria%22%2C%22lastName%22%3A%22Stimm%22%7D%2C%7B%22creatorType%22%3A%22editor%22%2C%22firstName%22%3A%22Stefan%22%2C%22lastName%22%3A%22Rundel%22%7D%2C%7B%22creatorType%22%3A%22editor%22%2C%22firstName%22%3A%22Farina%22%2C%22lastName%22%3A%22Wagner%22%7D%5D%2C%22abstractNote%22%3A%22%22%2C%22date%22%3A%222025%22%2C%22section%22%3A%22Heft%2014%22%2C%22partNumber%22%3A%22%22%2C%22partTitle%22%3A%22%22%2C%22DOI%22%3A%22%22%2C%22citationKey%22%3A%22%22%2C%22url%22%3A%22%22%2C%22PMID%22%3A%22%22%2C%22PMCID%22%3A%22%22%2C%22ISSN%22%3A%2225675966%2C%2025675974%22%2C%22language%22%3A%22%22%2C%22collections%22%3A%5B%22L99PPHTB%22%5D%2C%22dateModified%22%3A%222026-06-26T08%3A41%3A13Z%22%7D%7D%2C%7B%22key%22%3A%22F755AMMZ%22%2C%22library%22%3A%7B%22id%22%3A16448592%7D%2C%22meta%22%3A%7B%22creatorSummary%22%3A%22Cora%20et%20al.%22%2C%22parsedDate%22%3A%222024%22%2C%22numChildren%22%3A0%7D%2C%22bib%22%3A%22%26lt%3Bdiv%20class%3D%26quot%3Bcsl-bib-body%26quot%3B%20style%3D%26quot%3Bline-height%3A%201.35%3B%20padding-left%3A%201em%3B%20text-indent%3A-1em%3B%26quot%3B%26gt%3B%5Cn%20%20%26lt%3Bdiv%20class%3D%26quot%3Bcsl-entry%26quot%3B%26gt%3BCora%2C%20Song%26%23xFC%3Bl%2C%20Lukas%20Eble%2C%20Malte%20Ebner%20Von%20Eschenbach%2C%20et%20al.%2C%20eds.%202024.%20%26%23x201C%3BKontroversen.%20Teil%20II.%26%23x201D%3B%20%26lt%3Bi%26gt%3BDebatte.%20Beitr%26%23xE4%3Bge%20Zur%20Erwachsenenbildung%26lt%3B%5C%2Fi%26gt%3B%20%28Opladen%2C%20Berlin%2C%20Toronto%29%207%20%282%26%23x2013%3B2024%29.%20%26lt%3Ba%20class%3D%26%23039%3Bzp-ItemURL%26%23039%3B%20href%3D%26%23039%3Bhttps%3A%5C%2F%5C%2Fbudrich-journals.de%5C%2Findex.php%5C%2Fdebatte%5C%2Fissue%5C%2Fview%5C%2F3513%26%23039%3B%26gt%3Bhttps%3A%5C%2F%5C%2Fbudrich-journals.de%5C%2Findex.php%5C%2Fdebatte%5C%2Fissue%5C%2Fview%5C%2F3513%26lt%3B%5C%2Fa%26gt%3B.%26lt%3B%5C%2Fdiv%26gt%3B%5Cn%26lt%3B%5C%2Fdiv%26gt%3B%22%2C%22data%22%3A%7B%22itemType%22%3A%22journalArticle%22%2C%22title%22%3A%22Kontroversen.%20Teil%20II%22%2C%22creators%22%3A%5B%7B%22creatorType%22%3A%22editor%22%2C%22firstName%22%3A%22Song%5Cu00fcl%22%2C%22lastName%22%3A%22Cora%22%7D%2C%7B%22creatorType%22%3A%22editor%22%2C%22firstName%22%3A%22Lukas%22%2C%22lastName%22%3A%22Eble%22%7D%2C%7B%22creatorType%22%3A%22editor%22%2C%22firstName%22%3A%22Malte%22%2C%22lastName%22%3A%22Ebner%20Von%20Eschenbach%22%7D%2C%7B%22creatorType%22%3A%22editor%22%2C%22firstName%22%3A%22Stephanie%22%2C%22lastName%22%3A%22Freide%22%7D%2C%7B%22creatorType%22%3A%22editor%22%2C%22firstName%22%3A%22Simone%22%2C%22lastName%22%3A%22M%5Cu00fcller%22%7D%2C%7B%22creatorType%22%3A%22editor%22%2C%22firstName%22%3A%22J%5Cu00f6rg%22%2C%22lastName%22%3A%22Schwarz%22%7D%2C%7B%22creatorType%22%3A%22editor%22%2C%22firstName%22%3A%22Maria%22%2C%22lastName%22%3A%22Stimm%22%7D%2C%7B%22creatorType%22%3A%22editor%22%2C%22firstName%22%3A%22Stefan%22%2C%22lastName%22%3A%22Rundel%22%7D%2C%7B%22creatorType%22%3A%22editor%22%2C%22firstName%22%3A%22Farina%22%2C%22lastName%22%3A%22Wagner%22%7D%5D%2C%22abstractNote%22%3A%22%22%2C%22date%22%3A%222024%22%2C%22section%22%3A%22%22%2C%22partNumber%22%3A%22%22%2C%22partTitle%22%3A%22%22%2C%22DOI%22%3A%22%22%2C%22citationKey%22%3A%22%22%2C%22url%22%3A%22https%3A%5C%2F%5C%2Fbudrich-journals.de%5C%2Findex.php%5C%2Fdebatte%5C%2Fissue%5C%2Fview%5C%2F3513%22%2C%22PMID%22%3A%22%22%2C%22PMCID%22%3A%22%22%2C%22ISSN%22%3A%2225675966%2C%2025675974%22%2C%22language%22%3A%22%22%2C%22collections%22%3A%5B%22L99PPHTB%22%5D%2C%22dateModified%22%3A%222026-06-26T08%3A40%3A54Z%22%7D%7D%2C%7B%22key%22%3A%224X49SMAG%22%2C%22library%22%3A%7B%22id%22%3A16448592%7D%2C%22meta%22%3A%7B%22creatorSummary%22%3A%22Kriemann%20et%20al.%22%2C%22parsedDate%22%3A%222025%22%2C%22numChildren%22%3A1%7D%2C%22bib%22%3A%22%26lt%3Bdiv%20class%3D%26quot%3Bcsl-bib-body%26quot%3B%20style%3D%26quot%3Bline-height%3A%201.35%3B%20padding-left%3A%201em%3B%20text-indent%3A-1em%3B%26quot%3B%26gt%3B%5Cn%20%20%26lt%3Bdiv%20class%3D%26quot%3Bcsl-entry%26quot%3B%26gt%3BKriemann%2C%20Martin%2C%20Stephanie%20Freide%2C%20and%20Eleonore%20Freier.%202025.%20%26lt%3Bi%26gt%3BStrukturwandel%20als%20soziale%20Transformation%3A%20Bildung%20und%20Teilhabe%20im%20s%26%23xFC%3Bdlichen%20Sachsen-Anhalt%26lt%3B%5C%2Fi%26gt%3B.%20With%20Universit%26%23xE4%3Bts-%20und%20Landesbibliothek%20Sachsen-Anhalt%20and%20Martin-Luther%20Universit%26%23xE4%3Bt.%20Vol.%207.%20Policy%20Papers%20on%20Just%20Transition.%20Just%20Transition%20Center.%20%26lt%3Ba%20class%3D%26%23039%3Bzp-DOIURL%26%23039%3B%20href%3D%26%23039%3Bhttps%3A%5C%2F%5C%2Fdoi.org%5C%2F10.25673%5C%2F120985.2%26%23039%3B%26gt%3Bhttps%3A%5C%2F%5C%2Fdoi.org%5C%2F10.25673%5C%2F120985.2%26lt%3B%5C%2Fa%26gt%3B.%20%26lt%3Ba%20title%3D%26%23039%3BDownload%26%23039%3B%20class%3D%26%23039%3Bzp-DownloadURL%20zp-getDownloadURL%26%23039%3B%20data-zp-dl%3D%26%23039%3Bapi_user_id%3D16448592%26amp%3Bdlkey%3DRHTSA2XB%26amp%3Bcontent_type%3Dapplication%5C%2Fpdf%26%23039%3B%20href%3D%26%23039%3Bjavascript%3Avoid%280%29%3B%26%23039%3B%26gt%3BDownload%26lt%3B%5C%2Fa%26gt%3B%26lt%3B%5C%2Fdiv%26gt%3B%5Cn%26lt%3B%5C%2Fdiv%26gt%3B%22%2C%22data%22%3A%7B%22itemType%22%3A%22book%22%2C%22title%22%3A%22Strukturwandel%20als%20soziale%20Transformation%3A%20Bildung%20und%20Teilhabe%20im%20s%5Cu00fcdlichen%20Sachsen-Anhalt%22%2C%22creators%22%3A%5B%7B%22creatorType%22%3A%22author%22%2C%22firstName%22%3A%22Martin%22%2C%22lastName%22%3A%22Kriemann%22%7D%2C%7B%22creatorType%22%3A%22author%22%2C%22firstName%22%3A%22Stephanie%22%2C%22lastName%22%3A%22Freide%22%7D%2C%7B%22creatorType%22%3A%22author%22%2C%22firstName%22%3A%22Eleonore%22%2C%22lastName%22%3A%22Freier%22%7D%2C%7B%22creatorType%22%3A%22contributor%22%2C%22name%22%3A%22Universit%5Cu00e4ts-%20und%20Landesbibliothek%20Sachsen-Anhalt%22%7D%2C%7B%22creatorType%22%3A%22contributor%22%2C%22name%22%3A%22Martin-Luther%20Universit%5Cu00e4t%22%7D%5D%2C%22abstractNote%22%3A%22Der%20Industriestandort%20Mitteldeutsches%20Braunkohlerevier%20gilt%20als%20unverr%5Cu00fcckbare%20Voraussetzung%20f%5Cu00fcr%20die%20Zukunft%20der%20Region.%20Doch%20im%20Gespr%5Cu00e4ch%20mit%20den%20Menschen%20vor%20Ort%20wird%20deutlich%3A%20Lebensqualit%5Cu00e4t%20entsteht%20nicht%20allein%20durch%20Arbeitspl%5Cu00e4tze%2C%20sondern%20ebenso%20durch%20soziale%20Infrastruktur%2C%20Kulturangebote%2C%20verl%5Cu00e4sslichen%20Nahverkehr%2C%20medizinische%20Versorgung%2C%20Bildungsangebote%20sowie%20ausreichend%20Orte%20f%5Cu00fcr%20Kinder%20und%20Jugendliche%2C%20die%20nicht%20unter%20Vorbehalt%2C%20Finanzierungsl%5Cu00fccken%20oder%20Verwertungsdruck%20stehen.%20Im%20Forschungs-%20und%20Transferprojekt%20Gerechte%20%5Cu00dcberg%5Cu00e4nge%2C%20Bildungs-%20und%20Teilhabechancen%20f%5Cu00fcr%20Kinder%2C%20Jugendliche%20und%20Erwachsene%20untersuchen%20wir%2C%20wie%20sich%20der%20Umbau%20von%20der%20fossilen%20zur%20dekarbonisierten%20Wirtschaft%20f%5Cu00fcr%20die%20Menschen%20vor%20Ort%20bemerkbar%20macht%20und%20welche%20Ein-%20und%20Ausschl%5Cu00fcsse%20in%20Bildung%20und%20Gesellschaft%20damit%20verbunden%20sind.%20Im%20Folgenden%20zeigen%20wir%2C%20warum%20es%20wichtig%20ist%2C%20der%20sozialen%20Seite%20des%20Strukturwandels%20mehr%20Aufmerksamkeit%20zukommen%20zu%20lassen%2C%20um%20gerechte%20%5Cu00dcberg%5Cu00e4nge%20in%20eine%20postfossile%20Region%20zu%20gestalten.%22%2C%22date%22%3A%222025%22%2C%22originalDate%22%3A%22%22%2C%22originalPublisher%22%3A%22%22%2C%22originalPlace%22%3A%22%22%2C%22format%22%3A%22%22%2C%22ISBN%22%3A%22%22%2C%22DOI%22%3A%2210.25673%5C%2F120985.2%22%2C%22citationKey%22%3A%22%22%2C%22url%22%3A%22https%3A%5C%2F%5C%2Fopendata.uni-halle.de%5C%2F%5C%2Fhandle%5C%2F1981185920%5C%2F122940.2%22%2C%22ISSN%22%3A%22%22%2C%22language%22%3A%22de%22%2C%22collections%22%3A%5B%22L99PPHTB%22%2C%22UID37CJL%22%2C%22X3TLFS6F%22%5D%2C%22dateModified%22%3A%222026-06-26T08%3A40%3A39Z%22%7D%7D%2C%7B%22key%22%3A%22W2IZDEAN%22%2C%22library%22%3A%7B%22id%22%3A16448592%7D%2C%22meta%22%3A%7B%22creatorSummary%22%3A%22Freide%20and%20Stimm%22%2C%22parsedDate%22%3A%222024%22%2C%22numChildren%22%3A1%7D%2C%22bib%22%3A%22%26lt%3Bdiv%20class%3D%26quot%3Bcsl-bib-body%26quot%3B%20style%3D%26quot%3Bline-height%3A%201.35%3B%20padding-left%3A%201em%3B%20text-indent%3A-1em%3B%26quot%3B%26gt%3B%5Cn%20%20%26lt%3Bdiv%20class%3D%26quot%3Bcsl-entry%26quot%3B%26gt%3BFreide%2C%20Stephanie%2C%20and%20Maria%20Stimm.%202024.%20%26%23x201C%3BHistorische%20Programmanalyse%20Als%20Spezifischer%20Zugang%20Zur%20Praktischen%20Gewordenheit%20von%20Erwachsenenbildung.%26%23x201D%3B%20In%20%26lt%3Bi%26gt%3BVolkshochschulen%20Im%20Ersten%20Drittel%20Des%2020.%20Jahrhunderts%20I.%20Abendvolkshochschulen.%20Materialbasierte%20Analysen%20Zur%20Vielfalt%20Ihrer%20Institutionalisierung%20in%20Der%20Weimarer%20Republik%26lt%3B%5C%2Fi%26gt%3B%2C%20by%20J%26%23xF6%3Brg%20Dinkelaker.%20Edited%20by%20Malte%20Ebner%20Von%20Eschenbach%20and%20Maria%20Stimm.%20Verlag%20Julius%20Klinkhardt.%20%26lt%3Ba%20class%3D%26%23039%3Bzp-DOIURL%26%23039%3B%20href%3D%26%23039%3Bhttps%3A%5C%2F%5C%2Fdoi.org%5C%2F10.35468%5C%2F6134-02%26%23039%3B%26gt%3Bhttps%3A%5C%2F%5C%2Fdoi.org%5C%2F10.35468%5C%2F6134-02%26lt%3B%5C%2Fa%26gt%3B.%20%26lt%3Ba%20title%3D%26%23039%3BDownload%26%23039%3B%20class%3D%26%23039%3Bzp-DownloadURL%20zp-getDownloadURL%26%23039%3B%20data-zp-dl%3D%26%23039%3Bapi_user_id%3D16448592%26amp%3Bdlkey%3DA7XSYXKI%26amp%3Bcontent_type%3Dapplication%5C%2Fpdf%26%23039%3B%20href%3D%26%23039%3Bjavascript%3Avoid%280%29%3B%26%23039%3B%26gt%3BDownload%26lt%3B%5C%2Fa%26gt%3B%26lt%3B%5C%2Fdiv%26gt%3B%5Cn%26lt%3B%5C%2Fdiv%26gt%3B%22%2C%22data%22%3A%7B%22itemType%22%3A%22bookSection%22%2C%22title%22%3A%22Historische%20Programmanalyse%20als%20spezifischer%20Zugang%20zur%20praktischen%20Gewordenheit%20von%20Erwachsenenbildung%22%2C%22creators%22%3A%5B%7B%22creatorType%22%3A%22editor%22%2C%22firstName%22%3A%22Malte%22%2C%22lastName%22%3A%22Ebner%20Von%20Eschenbach%22%7D%2C%7B%22creatorType%22%3A%22editor%22%2C%22firstName%22%3A%22Maria%22%2C%22lastName%22%3A%22Stimm%22%7D%2C%7B%22creatorType%22%3A%22bookAuthor%22%2C%22firstName%22%3A%22J%5Cu00f6rg%22%2C%22lastName%22%3A%22Dinkelaker%22%7D%2C%7B%22creatorType%22%3A%22author%22%2C%22firstName%22%3A%22Stephanie%22%2C%22lastName%22%3A%22Freide%22%7D%2C%7B%22creatorType%22%3A%22author%22%2C%22firstName%22%3A%22Maria%22%2C%22lastName%22%3A%22Stimm%22%7D%5D%2C%22abstractNote%22%3A%22In%20der%20Auseinandersetzung%20mit%20Diskursen%20zur%20Programmforschung%20in%20der%20Erwachsenenbildung%20bahnen%20sie%20einen%20Weg%20zur%20methodologischen%20Fundierung%20einer%20als%20historisch%20apostrophierten%20Programmforschung.%20Die%20Bahnung%20von%20der%20Programmanalyse%20zur%20historischen%20Programmanalyse%20%5Cu00f6ffne%20den%20Blick%20f%5Cu00fcr%20das%20herangezogene%20historische%20Material%20und%20die%20damit%20verbundene%20Historiografie.%20Das%20Material%20werde%20den%20Autorinnen%20nach%20zum%20aktiven%20Mitproduzenten%20historischer%20Wirklichkeit%20und%20verbleibe%20nicht%20nur%20als%20passiv%20vermittelnd.%20Der%20Eigenbedeutung%20des%20Materials%20Aufmerksamkeit%20zu%20schenken%2C%20zeichne%20daher%20das%20Proprium%20einer%20historischen%20Programmforschung%20aus.%20%28DIPF%5C%2FOrig.%29%22%2C%22bookTitle%22%3A%22Volkshochschulen%20im%20ersten%20Drittel%20des%2020.%20Jahrhunderts%20I.%20Abendvolkshochschulen.%20Materialbasierte%20Analysen%20zur%20Vielfalt%20ihrer%20Institutionalisierung%20in%20der%20Weimarer%20Republik%22%2C%22date%22%3A%222024%22%2C%22originalDate%22%3A%22%22%2C%22originalPublisher%22%3A%22%22%2C%22originalPlace%22%3A%22%22%2C%22format%22%3A%22%22%2C%22ISBN%22%3A%22978-3-7815-2678-5%22%2C%22DOI%22%3A%2210.35468%5C%2F6134-02%22%2C%22citationKey%22%3A%22%22%2C%22url%22%3A%22https%3A%5C%2F%5C%2Fwww.pedocs.de%5C%2Fvolltexte%5C%2F2025%5C%2F32198%5C%2Fpdf%5C%2FFreide_Stimm_2024_Historische_Programmanalyse.pdf%22%2C%22ISSN%22%3A%22%22%2C%22language%22%3A%22%22%2C%22collections%22%3A%5B%22L99PPHTB%22%5D%2C%22dateModified%22%3A%222026-06-26T08%3A36%3A21Z%22%7D%7D%2C%7B%22key%22%3A%227GQ5MSK6%22%2C%22library%22%3A%7B%22id%22%3A16448592%7D%2C%22meta%22%3A%7B%22creatorSummary%22%3A%22Freide%20and%20Hoffmann%22%2C%22parsedDate%22%3A%222025%22%2C%22numChildren%22%3A0%7D%2C%22bib%22%3A%22%26lt%3Bdiv%20class%3D%26quot%3Bcsl-bib-body%26quot%3B%20style%3D%26quot%3Bline-height%3A%201.35%3B%20padding-left%3A%201em%3B%20text-indent%3A-1em%3B%26quot%3B%26gt%3B%5Cn%20%20%26lt%3Bdiv%20class%3D%26quot%3Bcsl-entry%26quot%3B%26gt%3BFreide%2C%20Stephanie%2C%20and%20Stefanie%20Hoffmann.%202025.%20%26%23x201C%3BProgrammplanungshandeln%20unter%20Professionalit%26%23xE4%3Btsperspektive%20%26%23x2013%3B%20zum%20Wert%20einer%20dezidiert%20handlungstheoretisch%20fundierten%20Ausdifferenzierung%20der%20Theorie%20Wiltrud%20Giesekes.%26%23x201D%3B%20In%20%26lt%3Bi%26gt%3BBeitr%26%23xE4%3Bge%20der%20Erwachsenenbildung%20f%26%23xFC%3Br%20gesellschaftliche%20und%20individuelle%20Entwicklungen%3A%20Reflexionen%20zum%20j%26%23xFC%3Bngeren%20Werk%20Wiltrud%20Giesekes%26lt%3B%5C%2Fi%26gt%3B%2C%20edited%20by%20Marion%20Fleige%2C%20Marion%20Fleige%2C%20Steffi%20Robak%2C%20and%20Aiga%20von%20Hippel.%20Studien%20zur%20Paedagogik%2C%20Andragogik%20und%20Gerontagogik%20%5C%2F%20Studies%20in%20Pedagogy%2C%20Andragogy%2C%20and%20Gerontagogy%2084.%20Peter%20Lang%20International%20Academic%20Publishers.%26lt%3B%5C%2Fdiv%26gt%3B%5Cn%26lt%3B%5C%2Fdiv%26gt%3B%22%2C%22data%22%3A%7B%22itemType%22%3A%22bookSection%22%2C%22title%22%3A%22Programmplanungshandeln%20unter%20Professionalit%5Cu00e4tsperspektive%20%5Cu2013%20zum%20Wert%20einer%20dezidiert%20handlungstheoretisch%20fundierten%20Ausdifferenzierung%20der%20Theorie%20Wiltrud%20Giesekes%22%2C%22creators%22%3A%5B%7B%22creatorType%22%3A%22author%22%2C%22firstName%22%3A%22Stephanie%22%2C%22lastName%22%3A%22Freide%22%7D%2C%7B%22creatorType%22%3A%22author%22%2C%22firstName%22%3A%22Stefanie%22%2C%22lastName%22%3A%22Hoffmann%22%7D%2C%7B%22creatorType%22%3A%22editor%22%2C%22firstName%22%3A%22Marion%22%2C%22lastName%22%3A%22Fleige%22%7D%2C%7B%22creatorType%22%3A%22editor%22%2C%22firstName%22%3A%22Marion%22%2C%22lastName%22%3A%22Fleige%22%7D%2C%7B%22creatorType%22%3A%22editor%22%2C%22firstName%22%3A%22Steffi%22%2C%22lastName%22%3A%22Robak%22%7D%2C%7B%22creatorType%22%3A%22editor%22%2C%22firstName%22%3A%22Aiga%20von%22%2C%22lastName%22%3A%22Hippel%22%7D%5D%2C%22abstractNote%22%3A%22%22%2C%22bookTitle%22%3A%22Beitr%5Cu00e4ge%20der%20Erwachsenenbildung%20f%5Cu00fcr%20gesellschaftliche%20und%20individuelle%20Entwicklungen%3A%20Reflexionen%20zum%20j%5Cu00fcngeren%20Werk%20Wiltrud%20Giesekes%22%2C%22date%22%3A%222025%22%2C%22originalDate%22%3A%22%22%2C%22originalPublisher%22%3A%22%22%2C%22originalPlace%22%3A%22%22%2C%22format%22%3A%22%22%2C%22ISBN%22%3A%22978-3-631-92236-1%20978-3-631-92235-4%22%2C%22DOI%22%3A%22%22%2C%22citationKey%22%3A%22%22%2C%22url%22%3A%22%22%2C%22ISSN%22%3A%22%22%2C%22language%22%3A%22und%22%2C%22collections%22%3A%5B%22L99PPHTB%22%5D%2C%22dateModified%22%3A%222026-06-26T08%3A35%3A58Z%22%7D%7D%2C%7B%22key%22%3A%225CM85VNQ%22%2C%22library%22%3A%7B%22id%22%3A16448592%7D%2C%22meta%22%3A%7B%22creatorSummary%22%3A%22Ebner%20Von%20Eschenbach%20et%20al.%22%2C%22parsedDate%22%3A%222025-06-16%22%2C%22numChildren%22%3A0%7D%2C%22bib%22%3A%22%26lt%3Bdiv%20class%3D%26quot%3Bcsl-bib-body%26quot%3B%20style%3D%26quot%3Bline-height%3A%201.35%3B%20padding-left%3A%201em%3B%20text-indent%3A-1em%3B%26quot%3B%26gt%3B%5Cn%20%20%26lt%3Bdiv%20class%3D%26quot%3Bcsl-entry%26quot%3B%26gt%3BEbner%20Von%20Eschenbach%2C%20Malte%2C%20Stephanie%20Freide%2C%20and%20Stefan%20Rundel.%202025.%20%26%23x201C%3BDiskursive%20Ordnungsinstrumente.%20Betrachtungen%20von%20Begutachtungsverfahren%20in%20Erwachsenenbildungswissenschaftlichen%20Zeitschriften.%26%23x201D%3B%20In%20%26lt%3Bi%26gt%3BSchreiben%2C%20Begutachten%2C%20Ver%26%23xF6%3Bffentlichen%3A%20Praktiken%20Wissenschaftlichen%20Publizierens%26lt%3B%5C%2Fi%26gt%3B%2C%20edited%20by%20Malte%20Ebner%20Von%20Eschenbach%2C%20Stephanie%20Freide%2C%20and%20Stefan%20Rundel.%20Verlag%20Barbara%20Budrich.%20%26lt%3Ba%20class%3D%26%23039%3Bzp-DOIURL%26%23039%3B%20href%3D%26%23039%3Bhttps%3A%5C%2F%5C%2Fdoi.org%5C%2F10.3224%5C%2F84743088.08%26%23039%3B%26gt%3Bhttps%3A%5C%2F%5C%2Fdoi.org%5C%2F10.3224%5C%2F84743088.08%26lt%3B%5C%2Fa%26gt%3B.%26lt%3B%5C%2Fdiv%26gt%3B%5Cn%26lt%3B%5C%2Fdiv%26gt%3B%22%2C%22data%22%3A%7B%22itemType%22%3A%22bookSection%22%2C%22title%22%3A%22Diskursive%20Ordnungsinstrumente.%20Betrachtungen%20von%20Begutachtungsverfahren%20in%20erwachsenenbildungswissenschaftlichen%20Zeitschriften%22%2C%22creators%22%3A%5B%7B%22creatorType%22%3A%22editor%22%2C%22firstName%22%3A%22Malte%22%2C%22lastName%22%3A%22Ebner%20Von%20Eschenbach%22%7D%2C%7B%22creatorType%22%3A%22editor%22%2C%22firstName%22%3A%22Stephanie%22%2C%22lastName%22%3A%22Freide%22%7D%2C%7B%22creatorType%22%3A%22editor%22%2C%22firstName%22%3A%22Stefan%22%2C%22lastName%22%3A%22Rundel%22%7D%2C%7B%22creatorType%22%3A%22author%22%2C%22firstName%22%3A%22Malte%22%2C%22lastName%22%3A%22Ebner%20Von%20Eschenbach%22%7D%2C%7B%22creatorType%22%3A%22author%22%2C%22firstName%22%3A%22Stephanie%22%2C%22lastName%22%3A%22Freide%22%7D%2C%7B%22creatorType%22%3A%22author%22%2C%22firstName%22%3A%22Stefan%22%2C%22lastName%22%3A%22Rundel%22%7D%5D%2C%22abstractNote%22%3A%22In%20dem%20Beitrag%20gehen%20wir%20der%20These%20nach%2C%20dass%20Begutachtungsverfahren%20ordnungsbildend%20auf%20Wissenschaftsfelder%20wirken.%20Am%20Beispiel%20ausgew%5Cu00e4hlter%20Zeitschriften%20der%20Erwachsenenbildungswissenschaft%20zeigen%20wir%2C%20wie%20der%20Einsatz%20von%20Peer%20Review-Verfahren%20begr%5Cu00fcndet%20wird%2C%20welche%20Verfahrensweisen%20dargelegt%20werden%20und%20welche%20Akteure%20wie%20daran%20beteiligt%20sind.%20Im%20Ergebnis%20zeigt%20sich%2C%20dass%20es%20gerade%20die%20Zeitschriftenredaktionen%20sind%2C%20denen%20eine%20machtvolle%20Position%20in%20der%20Entscheidung%20%5Cu00fcber%20die%20Un-%5C%2FSichtbarkeit%20wissenschaftlicher%20Erkenntnisse%20zukommt.%22%2C%22bookTitle%22%3A%22Schreiben%2C%20begutachten%2C%20ver%5Cu00f6ffentlichen%3A%20Praktiken%20wissenschaftlichen%20Publizierens%22%2C%22date%22%3A%222025-06-16%22%2C%22originalDate%22%3A%22%22%2C%22originalPublisher%22%3A%22%22%2C%22originalPlace%22%3A%22%22%2C%22format%22%3A%22%22%2C%22ISBN%22%3A%22978-3-8474-3088-9%22%2C%22DOI%22%3A%2210.3224%5C%2F84743088.08%22%2C%22citationKey%22%3A%22%22%2C%22url%22%3A%22https%3A%5C%2F%5C%2Fshop.budrich.de%5C%2Fprodukt%5C%2Fschreiben-begutachten-veroeffentlichen-praktiken-wissenschaftlichen-publizierens%5C%2F%22%2C%22ISSN%22%3A%22%22%2C%22language%22%3A%22%22%2C%22collections%22%3A%5B%22L99PPHTB%22%5D%2C%22dateModified%22%3A%222026-06-26T08%3A30%3A38Z%22%7D%7D%2C%7B%22key%22%3A%22AU5Z5F2I%22%2C%22library%22%3A%7B%22id%22%3A16448592%7D%2C%22meta%22%3A%7B%22creatorSummary%22%3A%22Ebner%20von%20Eschenbach%20et%20al.%22%2C%22parsedDate%22%3A%222025%22%2C%22numChildren%22%3A1%7D%2C%22bib%22%3A%22%26lt%3Bdiv%20class%3D%26quot%3Bcsl-bib-body%26quot%3B%20style%3D%26quot%3Bline-height%3A%201.35%3B%20padding-left%3A%201em%3B%20text-indent%3A-1em%3B%26quot%3B%26gt%3B%5Cn%20%20%26lt%3Bdiv%20class%3D%26quot%3Bcsl-entry%26quot%3B%26gt%3BEbner%20von%20Eschenbach%2C%20Malte%2C%20Stephanie%20Freide%2C%20and%20Stefan%20Rundel%2C%20eds.%202025.%20%26lt%3Bi%26gt%3BSchreiben%2C%20begutachten%2C%20ver%26%23xF6%3Bffentlichen%3A%20Praktiken%20wissenschaftlichen%20Publizierens%26lt%3B%5C%2Fi%26gt%3B.%201st%20ed.%20Debatte%20Sonderheft%202.%20Verlag%20Barbara%20Budrich.%26lt%3B%5C%2Fdiv%26gt%3B%5Cn%26lt%3B%5C%2Fdiv%26gt%3B%22%2C%22data%22%3A%7B%22itemType%22%3A%22book%22%2C%22title%22%3A%22Schreiben%2C%20begutachten%2C%20ver%5Cu00f6ffentlichen%3A%20Praktiken%20wissenschaftlichen%20Publizierens%22%2C%22creators%22%3A%5B%7B%22creatorType%22%3A%22editor%22%2C%22firstName%22%3A%22Malte%22%2C%22lastName%22%3A%22Ebner%20von%20Eschenbach%22%7D%2C%7B%22creatorType%22%3A%22editor%22%2C%22firstName%22%3A%22Stephanie%22%2C%22lastName%22%3A%22Freide%22%7D%2C%7B%22creatorType%22%3A%22editor%22%2C%22firstName%22%3A%22Stefan%22%2C%22lastName%22%3A%22Rundel%22%7D%5D%2C%22abstractNote%22%3A%22Von%20der%20Wissensproduktion%20und%20Erkenntnisgenerierung%20bis%20zur%20Ver%5Cu00f6ffentlichung%20wissenschaftlicher%20Arbeiten%20wirken%20verschiedene%20machtvolle%20Selektionsmechanismen%2C%20mit%20denen%20sich%20Autor%2Ainnen%20im%20Rahmen%20der%20Praktiken%20wissenschaftlichen%20Publizierens%20im%20Bereich%20der%20Erwachsenenbildungswissenschaft%20besch%5Cu00e4ftigen.%20Schon%20die%20Formulierung%20einer%20Idee%20unterliegt%20bestimmten%20Wertzuschreibungen%20und%20Funktionslogiken%20des%20Publizierens%20und%20bei%20der%20Begutachtung%20eingereichter%20Manuskripte%20geht%20es%20nicht%20%28mehr%29%20nur%20um%20die%20Beurteilung%20dargestellter%20Ergebnisse%20und%20Erkenntnisse%2C%20sondern%20auch%20-%20selbst%20beim%20Double-Blind-Review%20-%20um%20die%20Be-%5C%2FWertung%20der%20Wissenschaftler%2Ainnen%20selbst.%20Das%20Z%5Cu00e4hlen%20und%20Sichtbarmachen%20von%20Publikationen%20und%20Zitationen%20entlang%20hierarchisierter%20Publikationsformate%20und%20spezifischer%20Publikationsmedien%20sind%20hierbei%20die%20sichtbarsten%20Marker%22%2C%22date%22%3A%222025%22%2C%22originalDate%22%3A%22%22%2C%22originalPublisher%22%3A%22%22%2C%22originalPlace%22%3A%22%22%2C%22format%22%3A%22%22%2C%22ISBN%22%3A%22978-3-8474-3088-9%20978-3-8474-3221-0%22%2C%22DOI%22%3A%22%22%2C%22citationKey%22%3A%22%22%2C%22url%22%3A%22%22%2C%22ISSN%22%3A%22%22%2C%22language%22%3A%22ger%22%2C%22collections%22%3A%5B%22L99PPHTB%22%5D%2C%22dateModified%22%3A%222026-06-26T08%3A29%3A51Z%22%7D%7D%2C%7B%22key%22%3A%22FU74Z84N%22%2C%22library%22%3A%7B%22id%22%3A16448592%7D%2C%22meta%22%3A%7B%22creatorSummary%22%3A%22Stimm%20and%20Freide%22%2C%22parsedDate%22%3A%222025%22%2C%22numChildren%22%3A0%7D%2C%22bib%22%3A%22%26lt%3Bdiv%20class%3D%26quot%3Bcsl-bib-body%26quot%3B%20style%3D%26quot%3Bline-height%3A%201.35%3B%20padding-left%3A%201em%3B%20text-indent%3A-1em%3B%26quot%3B%26gt%3B%5Cn%20%20%26lt%3Bdiv%20class%3D%26quot%3Bcsl-entry%26quot%3B%26gt%3BStimm%2C%20Maria%2C%20and%20Stephanie%20Freide.%202025.%20%26%23x201C%3BGeschichte%20schreiben%20%26%23x2013%3B%20Zur%20%28Un-%29Sichtbarkeit%20von%20Frauen%2A%20in%20der%20disziplin%26%23xE4%3Bren%20Historiografie%20der%20Erwachsenenbildung.%26%23x201D%3B%20In%20%26lt%3Bi%26gt%3B%26%23x201E%3BNicht%20die%20Wahrheit%20wird%20anerkannt%26%23x201C%3B%20-%20Mathilde%20Vaerting%20%281884-1977%29%3A%20Deutungen%2C%20Zuordnungen%20und%20Tradierungen%20in%20der%20Erziehungswissenschaft%26lt%3B%5C%2Fi%26gt%3B%2C%20edited%20by%20Esther%20Berner%20and%20Susann%20Hofbauer.%20Beitr%26%23xE4%3Bge%20zur%20Theorie%20und%20Geschichte%20der%20Erziehungswissenschaft%2C%20Band%2052.%20Verlag%20Julius%20Klinkhardt.%26lt%3B%5C%2Fdiv%26gt%3B%5Cn%26lt%3B%5C%2Fdiv%26gt%3B%22%2C%22data%22%3A%7B%22itemType%22%3A%22bookSection%22%2C%22title%22%3A%22Geschichte%20schreiben%20%5Cu2013%20Zur%20%28Un-%29Sichtbarkeit%20von%20Frauen%2A%20in%20der%20disziplin%5Cu00e4ren%20Historiografie%20der%20Erwachsenenbildung%22%2C%22creators%22%3A%5B%7B%22creatorType%22%3A%22author%22%2C%22firstName%22%3A%22Maria%22%2C%22lastName%22%3A%22Stimm%22%7D%2C%7B%22creatorType%22%3A%22author%22%2C%22firstName%22%3A%22Stephanie%22%2C%22lastName%22%3A%22Freide%22%7D%2C%7B%22creatorType%22%3A%22editor%22%2C%22firstName%22%3A%22Esther%22%2C%22lastName%22%3A%22Berner%22%7D%2C%7B%22creatorType%22%3A%22editor%22%2C%22firstName%22%3A%22Susann%22%2C%22lastName%22%3A%22Hofbauer%22%7D%5D%2C%22abstractNote%22%3A%22%22%2C%22bookTitle%22%3A%22%5Cu201eNicht%20die%20Wahrheit%20wird%20anerkannt%5Cu201c%20-%20Mathilde%20Vaerting%20%281884-1977%29%3A%20Deutungen%2C%20Zuordnungen%20und%20Tradierungen%20in%20der%20Erziehungswissenschaft%22%2C%22date%22%3A%222025%22%2C%22originalDate%22%3A%22%22%2C%22originalPublisher%22%3A%22%22%2C%22originalPlace%22%3A%22%22%2C%22format%22%3A%22%22%2C%22ISBN%22%3A%22978-3-7815-6205-9%20978-3-7815-2743-0%22%2C%22DOI%22%3A%22%22%2C%22citationKey%22%3A%22%22%2C%22url%22%3A%22%22%2C%22ISSN%22%3A%22%22%2C%22language%22%3A%22ger%22%2C%22collections%22%3A%5B%22L99PPHTB%22%5D%2C%22dateModified%22%3A%222026-06-26T08%3A22%3A45Z%22%7D%7D%2C%7B%22key%22%3A%227KIAJIXS%22%2C%22library%22%3A%7B%22id%22%3A16448592%7D%2C%22meta%22%3A%7B%22creatorSummary%22%3A%22Freide%22%2C%22parsedDate%22%3A%222026-04-21%22%2C%22numChildren%22%3A0%7D%2C%22bib%22%3A%22%26lt%3Bdiv%20class%3D%26quot%3Bcsl-bib-body%26quot%3B%20style%3D%26quot%3Bline-height%3A%201.35%3B%20padding-left%3A%201em%3B%20text-indent%3A-1em%3B%26quot%3B%26gt%3B%5Cn%20%20%26lt%3Bdiv%20class%3D%26quot%3Bcsl-entry%26quot%3B%26gt%3BFreide%2C%20Stephanie.%202026.%20%26lt%3Bi%26gt%3BK%26%23xE4%3Bmpfe%20um%20Adressat%2Ainnen%3A%20Eine%20Diskursanalyse%20zum%20Einsatz%20digitaler%20Plattformen%20auf%20dem%20Weiterbildungsmarkt%26lt%3B%5C%2Fi%26gt%3B.%201st%20ed.%20Vermittlung%20und%20%26%23xDC%3Bbersetzung%20im%20Wandel.%20Transcript%20Verlag.%20%26lt%3Ba%20class%3D%26%23039%3Bzp-DOIURL%26%23039%3B%20href%3D%26%23039%3Bhttps%3A%5C%2F%5C%2Fdoi.org%5C%2F10.14361%5C%2F9783839459331%26%23039%3B%26gt%3Bhttps%3A%5C%2F%5C%2Fdoi.org%5C%2F10.14361%5C%2F9783839459331%26lt%3B%5C%2Fa%26gt%3B.%26lt%3B%5C%2Fdiv%26gt%3B%5Cn%26lt%3B%5C%2Fdiv%26gt%3B%22%2C%22data%22%3A%7B%22itemType%22%3A%22book%22%2C%22title%22%3A%22K%5Cu00e4mpfe%20um%20Adressat%2Ainnen%3A%20Eine%20Diskursanalyse%20zum%20Einsatz%20digitaler%20Plattformen%20auf%20dem%20Weiterbildungsmarkt%22%2C%22creators%22%3A%5B%7B%22creatorType%22%3A%22author%22%2C%22firstName%22%3A%22Stephanie%22%2C%22lastName%22%3A%22Freide%22%7D%5D%2C%22abstractNote%22%3A%22Wie%20ver%5Cu00e4ndert%20der%20Einsatz%20von%20Digitalisierung%20das%20Feld%20der%20Erwachsenen-%20und%20Weiterbildung%3F%20Mit%20Blick%20auf%20die%20Praxis%20des%20Anbietens%20widmet%20sich%20Stephanie%20Freide%20einer%20digitalen%20Plattform%20f%5Cu00fcr%20Volkshochschulangebote.%20Auf%20der%20Grundlage%20von%20autoethnografischen%20Protokollen%2C%20Interviews%20und%20Dokumenten%20analysiert%20sie%2C%20wie%20die%20Institution%20Volkshochschule%20versucht%2C%20auch%20im%20Digitalen%20Adressat%2Ainnen%20zu%20erreichen.%20Dabei%20zeigt%20sich%2C%20wie%20der%20bereits%20im%20physischen%20Raum%20etablierte%20Weiterbildungsmarkt%20ins%20Digitale%20ausgeweitet%20wird%20und%20welche%20Konsequenzen%20das%20f%5Cu00fcr%20Bildungsanbieter%5Cu00a0und%20ihre%20Adressat%2Ainnen%20hat.%22%2C%22date%22%3A%222026-04-21%22%2C%22originalDate%22%3A%22%22%2C%22originalPublisher%22%3A%22%22%2C%22originalPlace%22%3A%22%22%2C%22format%22%3A%22%22%2C%22ISBN%22%3A%22978-3-8376-8050-8%20978-3-8394-5933-1%22%2C%22DOI%22%3A%2210.14361%5C%2F9783839459331%22%2C%22citationKey%22%3A%22%22%2C%22url%22%3A%22https%3A%5C%2F%5C%2Fwww.transcript-verlag.de%5C%2F978-3-8394-5933-1%22%2C%22ISSN%22%3A%22%22%2C%22language%22%3A%22de%22%2C%22collections%22%3A%5B%22L99PPHTB%22%5D%2C%22dateModified%22%3A%222026-06-26T08%3A15%3A40Z%22%7D%7D%2C%7B%22key%22%3A%2279ZI6IJM%22%2C%22library%22%3A%7B%22id%22%3A16448592%7D%2C%22meta%22%3A%7B%22creatorSummary%22%3A%22Kriemann%22%2C%22parsedDate%22%3A%222026%22%2C%22numChildren%22%3A0%7D%2C%22bib%22%3A%22%26lt%3Bdiv%20class%3D%26quot%3Bcsl-bib-body%26quot%3B%20style%3D%26quot%3Bline-height%3A%201.35%3B%20padding-left%3A%201em%3B%20text-indent%3A-1em%3B%26quot%3B%26gt%3B%5Cn%20%20%26lt%3Bdiv%20class%3D%26quot%3Bcsl-entry%26quot%3B%26gt%3BKriemann%2C%20Martin.%202026.%20%26%23x201C%3BJugend%20Und%20Kohleausstieg%20%26%23x2013%3B%20Wandel%20Zwischen%20Unsicherheit%20Und%20Teilhabe.%26%23x201D%3B%20In%20%26lt%3Bi%26gt%3BKrise%20Gesellschaftlicher%20Naturverh%26%23xE4%3Bltnisse%26lt%3B%5C%2Fi%26gt%3B%2C%20vol.%20180.%20Widerspr%26%23xFC%3Bche.%20Zeitschrift%20F%26%23xFC%3Br%20Sozialistische%20Politik%20Im%20Bildungs-%2C%20Gesundheits-%20Und%20Sozialbereich%2C%2046.%20Jg.%2C%20Nr.%202.%20Westf%26%23xE4%3Blisches%20Dampfboot.%20%26lt%3Ba%20class%3D%26%23039%3Bzp-ItemURL%26%23039%3B%20href%3D%26%23039%3Bhttps%3A%5C%2F%5C%2Fwww.widersprueche-zeitschrift.de%5C%2Fde%5C%2Fheft%5C%2Fkrise-gesellschaftlicher-naturverhaeltnisse%26%23039%3B%26gt%3Bhttps%3A%5C%2F%5C%2Fwww.widersprueche-zeitschrift.de%5C%2Fde%5C%2Fheft%5C%2Fkrise-gesellschaftlicher-naturverhaeltnisse%26lt%3B%5C%2Fa%26gt%3B.%26lt%3B%5C%2Fdiv%26gt%3B%5Cn%26lt%3B%5C%2Fdiv%26gt%3B%22%2C%22data%22%3A%7B%22itemType%22%3A%22bookSection%22%2C%22title%22%3A%22Jugend%20und%20Kohleausstieg%20%5Cu2013%20Wandel%20zwischen%20Unsicherheit%20und%20Teilhabe%22%2C%22creators%22%3A%5B%7B%22creatorType%22%3A%22author%22%2C%22firstName%22%3A%22Martin%22%2C%22lastName%22%3A%22Kriemann%22%7D%5D%2C%22abstractNote%22%3A%22Im%20Beitrag%20wird%20untersucht%2C%20wie%20Jugendliche%20den%20regionalen%20Strukturwandel%20im%20Kontext%20des%20Kohleausstiegs%20erleben%20und%20welche%20Orientierungen%20sie%20im%20Spannungsfeld%20von%20Klimadiskurs%2C%20sozialr%5Cu00e4umlichen%20Bedingungen%20und%20eigener%20Lebenspraxis%20entwickeln.%20Auf%20Grundlage%20von%20Gruppendiskussionen%20mit%20Jugendlichen%20im%20s%5Cu00fcdlichen%20Sachsen-Anhalt%20rekonstruiert%20der%20Beitrag%20aus%20praxeologischer%20Perspektive%20drei%20sinngenetische%20Modi%20jugendlicher%20Wandelerfahrung%3A%20einen%20pragmatisch-adaptiven%2C%20einen%20reflexiv-emotionalen%20und%20einen%20wissensorientiert-vermittelnden%20Umgang%20mit%20gesellschaftlichem%20Wandel.%20Die%20Ergebnisse%20verweisen%20auf%20eine%20Diskrepanz%20zwischen%20normativen%20Transformationsanspr%5Cu00fcchen%20und%20den%20sozialr%5Cu00e4umlichen%20Bedingungen%2C%20unter%20denen%20Jugendliche%20Wandel%20in%20ihren%20Lebenswelten%20bearbeiten.%20Der%20Beitrag%20pl%5Cu00e4diert%20daf%5Cu00fcr%2C%20jugendliche%20Erfahrungen%20st%5Cu00e4rker%20als%20eigenst%5Cu00e4ndige%20Deutungs-%20und%20Handlungsperspektiven%20in%20die%20Gestaltung%20eines%20sozial%20gerechten%20Strukturwandels%20einzubeziehen.%5Cn%5CnThis%20article%20examines%20how%20young%20people%20experience%20regional%20structural%20change%20in%20the%20context%20of%20the%20coal%20phase-out%20and%20how%20they%20develop%20orientations%20within%20the%20tensions%20between%20climate%20discourse%2C%20socio-spatial%20conditions%2C%20and%20their%20everyday%20life%20practices.%20Drawing%20on%20group%20discussions%20with%20young%20people%20in%20southern%20Saxony-Anhalt%2C%20the%20study%20reconstructs%2C%20from%20a%20praxeological%20perspective%2C%20three%20meaning-generating%20modes%20of%20experiencing%20social%20change%3A%20a%20pragmatic-adaptive%20mode%2C%20a%20reflexive-emotional%20mode%2C%20and%20a%20knowledge-oriented%20mediating%20mode.%20The%20findings%20point%20to%20a%20discrepancy%20between%20normative%20transformation%20goals%20and%20the%20socio-spatial%20conditions%20under%20which%20young%20people%20negotiate%20and%20cope%20with%20change%20in%20their%20everyday%20lives.%20The%20article%20argues%20for%20giving%20greater%20consideration%20to%20young%20people%26%23039%3Bs%20experiences%20as%20autonomous%20interpretive%20and%20action-oriented%20perspectives%20in%20shaping%20a%20socially%20just%20structural%20transformation.%22%2C%22bookTitle%22%3A%22Krise%20gesellschaftlicher%20Naturverh%5Cu00e4ltnisse%22%2C%22date%22%3A%222026%22%2C%22originalDate%22%3A%22%22%2C%22originalPublisher%22%3A%22%22%2C%22originalPlace%22%3A%22%22%2C%22format%22%3A%22%22%2C%22ISBN%22%3A%22978-3-98634-020-9%22%2C%22DOI%22%3A%22%22%2C%22citationKey%22%3A%22%22%2C%22url%22%3A%22https%3A%5C%2F%5C%2Fwww.widersprueche-zeitschrift.de%5C%2Fde%5C%2Fheft%5C%2Fkrise-gesellschaftlicher-naturverhaeltnisse%22%2C%22ISSN%22%3A%22%22%2C%22language%22%3A%22%22%2C%22collections%22%3A%5B%22L99PPHTB%22%5D%2C%22dateModified%22%3A%222026-06-25T12%3A36%3A15Z%22%7D%7D%2C%7B%22key%22%3A%22US6Z3AKR%22%2C%22library%22%3A%7B%22id%22%3A16448592%7D%2C%22meta%22%3A%7B%22creatorSummary%22%3A%22Kriemann%20and%20Janowitz%22%2C%22parsedDate%22%3A%222026-04%22%2C%22numChildren%22%3A0%7D%2C%22bib%22%3A%22%26lt%3Bdiv%20class%3D%26quot%3Bcsl-bib-body%26quot%3B%20style%3D%26quot%3Bline-height%3A%201.35%3B%20padding-left%3A%201em%3B%20text-indent%3A-1em%3B%26quot%3B%26gt%3B%5Cn%20%20%26lt%3Bdiv%20class%3D%26quot%3Bcsl-entry%26quot%3B%26gt%3BKriemann%2C%20Martin%2C%20and%20Michael%20Janowitz.%202026.%20%26lt%3Bi%26gt%3BKinder-%20und%20Jugendhilfe%20als%20demokratische%20Infrastruktur%3A%20Verl%26%23xE4%3Bsslichkeit%20sichern%20in%20Halle%20%28Saale%29%26lt%3B%5C%2Fi%26gt%3B.%20Edited%20by%20Martin-Luther%20Universit%26%23xE4%3Bt.%20Vol.%209.%20Policy%20Papers%20on%20Just%20Transition.%20Just%20Transition%20Center.%20%26lt%3Ba%20class%3D%26%23039%3Bzp-DOIURL%26%23039%3B%20href%3D%26%23039%3Bhttps%3A%5C%2F%5C%2Fdoi.org%5C%2F10.25673%5C%2F123047%26%23039%3B%26gt%3Bhttps%3A%5C%2F%5C%2Fdoi.org%5C%2F10.25673%5C%2F123047%26lt%3B%5C%2Fa%26gt%3B.%26lt%3B%5C%2Fdiv%26gt%3B%5Cn%26lt%3B%5C%2Fdiv%26gt%3B%22%2C%22data%22%3A%7B%22itemType%22%3A%22book%22%2C%22title%22%3A%22Kinder-%20und%20Jugendhilfe%20als%20demokratische%20Infrastruktur%3A%20Verl%5Cu00e4sslichkeit%20sichern%20in%20Halle%20%28Saale%29%22%2C%22creators%22%3A%5B%7B%22creatorType%22%3A%22author%22%2C%22firstName%22%3A%22Martin%22%2C%22lastName%22%3A%22Kriemann%22%7D%2C%7B%22creatorType%22%3A%22author%22%2C%22firstName%22%3A%22Michael%22%2C%22lastName%22%3A%22Janowitz%22%7D%2C%7B%22creatorType%22%3A%22editor%22%2C%22name%22%3A%22Martin-Luther%20Universit%5Cu00e4t%22%7D%5D%2C%22abstractNote%22%3A%22Die%20angespannte%20Haushaltslage%20der%20Stadt%20Halle%20%28Saale%29%20bringt%20Tr%5Cu00e4ger%20der%20freien%20Jugendhilfe%20in%20den%20Leistungsbereichen%20der%20%5Cu00a7%5Cu00a7%2011%5Cu201314%20sowie%20des%20%5Cu00a7%2016%20SGB%20VIII%20in%20eine%20existenzielle%20Lage.%20Seit%20Monaten%20arbeiten%20Einrichtungen%20ohne%20gesicherte%20Finanzierung%20undgeplante%20K%5Cu00fcrzungen%20gef%5Cu00e4hrden%20jene%20Angebotslandschaft%2C%20die%20f%5Cu00fcr%20Kinder%2C%20Jugendliche%20und%20Familien%20in%20vielen%20Sozialr%5Cu00e4umen%20zentrale%20soziale%20Funktionen%20%5Cu00fcbernimmt.%20Erste%20Einrichtungen%20sehen%20sich%20gezwungen%2C%20ihre%20Angebote%20zu%20reduzieren%20oder%20einzustellen%3B%20Fachkr%5Cu00e4fte%20stehen%20unter%20erheblichem%20Druck%2C%20Teams%20planen%20ins%20Ungewisse%20hinein.%20Betroffen%20sind%20insbesondere%20jene%20Leistungsbereiche%2C%20die%20in%20der%20kommunalen%20Haushaltslogik%20h%5Cu00e4ufig%20als%20%5Cu201efreiwillige%20Aufgaben%5Cu201c%20gelten%20und%20deshalb%20als%20disponibel%20behandelt%20werden%3A%20Jugendarbeit%20%28%5Cu00a7%2011%29%2C%20Jugendverbandsarbeit%20%28%5Cu00a7%2012%29%2C%20Jugendsozialarbeit%20%28%5Cu00a7%2013%29%2C%20erzieherischer%20Kinder-%20und%20Jugendschutz%20%28%5Cu00a7%2014%29%20sowie%20die%20F%5Cu00f6rderung%20der%20Erziehung%20in%20der%20Familie%20%28%5Cu00a7%2016%29.%20Diese%20Bereiche%20sind%20jedoch%20gesetzlich%20verankerte%20Aufgaben%20der%20Kinder-%20und%20Jugendhilfe%20und%20Teil%20kommunaler%20Daseinsvorsorge.%20In%20einer%20Stadt%2C%20die%20seit%201989%5C%2F90%20tiefgreifende%20Transformationsprozesse%20erlebt%20und%20in%20der%20sozialr%5Cu00e4umliche%20Ungleichheiten%20und%20Armutslagen%20stark%20konzentriert%20auftreten%2C%20sichern%20Einrichtungen%20nach%20%5Cu00a7%5Cu00a7%2011%5Cu201314%20sowie%20des%20%5Cu00a7%2016%20SGB%20VIII%20verl%5Cu00e4ssliche%20R%5Cu00e4ume%20f%5Cu00fcr%20Bildung%2C%20Begegnung%20und%20Beteiligung.%20Ihre%20Stabilit%5Cu00e4t%20isteine%20Voraussetzung%20f%5Cu00fcr%20die%20soziale%20und%20demokratische%20Zukunftsf%5Cu00e4higkeit%20der%20Stadt.%20Mittelfristig%20sind%20mehrj%5Cu00e4hrige%20und%20verl%5Cu00e4sslicheFinanzierungsstrukturen%20notwendig.%20Die%20Leistungsbereiche%20der%20%5Cu00a7%5Cu00a7%2011%5Cu201314%20sowie%20des%20%5Cu00a7%2016%20SGB%20VIII%20m%5Cu00fcssen%20als%20Kern%20kommunaler%20Infrastruktur%20behandelt%20werden.%22%2C%22date%22%3A%222026-04%22%2C%22originalDate%22%3A%22%22%2C%22originalPublisher%22%3A%22%22%2C%22originalPlace%22%3A%22%22%2C%22format%22%3A%22%22%2C%22ISBN%22%3A%22%22%2C%22DOI%22%3A%2210.25673%5C%2F123047%22%2C%22citationKey%22%3A%22%22%2C%22url%22%3A%22https%3A%5C%2F%5C%2Fopendata.uni-halle.de%5C%2F%5C%2Fhandle%5C%2F1981185920%5C%2F124990%22%2C%22ISSN%22%3A%22%22%2C%22language%22%3A%22de%22%2C%22collections%22%3A%5B%22L99PPHTB%22%2C%22X3TLFS6F%22%5D%2C%22dateModified%22%3A%222026-04-27T07%3A04%3A19Z%22%7D%7D%2C%7B%22key%22%3A%22TCQC764W%22%2C%22library%22%3A%7B%22id%22%3A16448592%7D%2C%22meta%22%3A%7B%22creatorSummary%22%3A%22Kriemann%20and%20Janowitz%22%2C%22parsedDate%22%3A%222025-12-04%22%2C%22numChildren%22%3A0%7D%2C%22bib%22%3A%22%26lt%3Bdiv%20class%3D%26quot%3Bcsl-bib-body%26quot%3B%20style%3D%26quot%3Bline-height%3A%201.35%3B%20padding-left%3A%201em%3B%20text-indent%3A-1em%3B%26quot%3B%26gt%3B%5Cn%20%20%26lt%3Bdiv%20class%3D%26quot%3Bcsl-entry%26quot%3B%26gt%3BKriemann%2C%20Martin%2C%20and%20Michael%20Janowitz.%202025.%20%26%23x201C%3BJugendarbeit-Ost%3A%20keine%20westdeutsche%20Erfolgsgeschichte%3A%20Eine%20postsozialistische%20Perspektive%20auf%20ostdeutsche%20Jugendarbeit%20im%20Wandel.%26%23x201D%3B%20%26lt%3Bi%26gt%3BSozial%20Extra%26lt%3B%5C%2Fi%26gt%3B%2C%20ahead%20of%20print%2C%20December%204.%20%26lt%3Ba%20class%3D%26%23039%3Bzp-DOIURL%26%23039%3B%20href%3D%26%23039%3Bhttps%3A%5C%2F%5C%2Fdoi.org%5C%2F10.1007%5C%2Fs12054-025-00834-9%26%23039%3B%26gt%3Bhttps%3A%5C%2F%5C%2Fdoi.org%5C%2F10.1007%5C%2Fs12054-025-00834-9%26lt%3B%5C%2Fa%26gt%3B.%26lt%3B%5C%2Fdiv%26gt%3B%5Cn%26lt%3B%5C%2Fdiv%26gt%3B%22%2C%22data%22%3A%7B%22itemType%22%3A%22journalArticle%22%2C%22title%22%3A%22Jugendarbeit-Ost%3A%20keine%20westdeutsche%20Erfolgsgeschichte%3A%20Eine%20postsozialistische%20Perspektive%20auf%20ostdeutsche%20Jugendarbeit%20im%20Wandel%22%2C%22creators%22%3A%5B%7B%22creatorType%22%3A%22author%22%2C%22firstName%22%3A%22Martin%22%2C%22lastName%22%3A%22Kriemann%22%7D%2C%7B%22creatorType%22%3A%22author%22%2C%22firstName%22%3A%22Michael%22%2C%22lastName%22%3A%22Janowitz%22%7D%5D%2C%22abstractNote%22%3A%22Zusammenfassung%5Cn%20%20%20%20%20%20%20%20%20%20%20%20Der%20Beitrag%20beleuchtet%20aus%20einer%20postsozialistischen%20Perspektive%20die%20Geschichte%20der%20ostdeutschen%20Jugendarbeit%20als%20eigenst%5Cu00e4ndige%20fachliche%20Entwicklung%2C%20die%20durch%20widerspr%5Cu00fcchliche%20Dynamiken%20von%20staatlicher%20Kontrolle%2C%20jugendlichem%20Eigensinn%20und%20gesellschaftlichem%20Wandel%20gepr%5Cu00e4gt%20ist.%20Anhand%20der%20Jugendklubs%20in%20der%20DDR%20und%20deren%20Transformation%20nach%20der%20Deutschen%20Einheit%20werden%20Br%5Cu00fcche%2C%20Verluste%20und%20neue%20M%5Cu00f6glichkeitsr%5Cu00e4ume%20sichtbar%20gemacht.%20Der%20Text%20zeigt%2C%20wie%20ostdeutsche%20Erfahrungen%20in%20hegemonialen%20Diskursen%20h%5Cu00e4ufig%20marginalisiert%20oder%20abgewertet%20wurden%20%5Cu2013%5Cu00a0und%20pl%5Cu00e4diert%20daf%5Cu00fcr%2C%20diese%20nicht%20als%20Abweichung%20vom%20westdeutschen%20Modell%2C%20sondern%20als%20eigenst%5Cu00e4ndige%20Beitr%5Cu00e4ge%20zur%20gesamtdeutschen%20Jugendarbeit%20anzuerkennen.%20Gerade%20in%20ihrer%20Ambivalenz%20und%20Br%5Cu00fcchigkeit%20liegen%20Potenziale%20f%5Cu00fcr%20eine%20partizipative%20und%20sozial%20gerechte%20Weiterentwicklung%20des%20Arbeitsfeldes.%20Voraussetzung%20daf%5Cu00fcr%20ist%2C%20Differenzen%20nicht%20zu%20%5Cu00fcbergehen%2C%20sondern%20sie%20produktiv%20aufzugreifen%5Cu00a0%5Cu2013%20fachlich%2C%20historisch%20und%20politisch.%5Cn%20%20%20%20%20%20%20%20%20%20%20%20Dieser%20Beitrag%20ist%20Teil%20des%20Schwerpunktes%20%5Cu201eRaus%20aus%20der%20Fu%5Cu00dfnote%5Cu00a0%5Cu2013%20Soziale%20Arbeit%20in%20der%20DDR%20und%20in%20Ostdeutschland%20nach%20der%20deutschen%20Einheit%5Cu201c%20in%20Ausgabe%206%5C%2F25.%5Cn%20%20%20%20%20%20%20%20%20%20%2C%20%5Cn%20%20%20%20%20%20%20%20%20%20%20%20Abstract%5Cn%20%20%20%20%20%20%20%20%20%20%20%20This%20article%20examines%20the%20history%20of%20East%20German%20youth%20work%20from%20a%5Cu00a0post-socialist%20perspective%2C%20framing%20it%20as%20a%5Cu00a0distinct%20professional%20development%20shaped%20by%20the%20contradictory%20dynamics%20of%20state%20control%2C%20youth%20agency%2C%20and%20social%20transformation.%20Using%20the%20example%20of%20youth%20clubs%20in%20the%20GDR%20and%20their%20transformation%20after%20German%20reunification%2C%20it%20highlights%20ruptures%2C%20losses%2C%20and%20emergent%20spaces%20of%20possibility.%20The%20article%20shows%20how%20East%20German%20experiences%20have%20often%20been%20marginalized%20or%20devalued%20within%20hegemonic%20discourses%5Cu2014and%20argues%20that%20these%20should%20not%20be%20understood%20as%20deviations%20from%20the%20West%20German%20model%2C%20but%20as%20independent%20contributions%20to%20the%20development%20of%20youth%20work%20in%20reunified%20Germany.%20Precisely%20in%20their%20ambivalence%20and%20fragility%20lie%20important%20potentials%20for%20a%5Cu00a0more%20participatory%20and%20socially%20just%20future%20of%20the%20field.%20Realizing%20these%20potentials%2C%20however%2C%20requires%20that%20difference%20is%20not%20ignored%2C%20but%20actively%20and%20productively%20engaged%20with%5Cu2014professionally%2C%20historically%2C%20and%20politically.%22%2C%22date%22%3A%222025-12-04%22%2C%22section%22%3A%22%22%2C%22partNumber%22%3A%22%22%2C%22partTitle%22%3A%22%22%2C%22DOI%22%3A%2210.1007%5C%2Fs12054-025-00834-9%22%2C%22citationKey%22%3A%22%22%2C%22url%22%3A%22https%3A%5C%2F%5C%2Flink.springer.com%5C%2F10.1007%5C%2Fs12054-025-00834-9%22%2C%22PMID%22%3A%22%22%2C%22PMCID%22%3A%22%22%2C%22ISSN%22%3A%220931-279X%2C%201863-8953%22%2C%22language%22%3A%22de%22%2C%22collections%22%3A%5B%22L99PPHTB%22%2C%22UID37CJL%22%5D%2C%22dateModified%22%3A%222025-12-05T08%3A21%3A40Z%22%7D%7D%2C%7B%22key%22%3A%22V977IP75%22%2C%22library%22%3A%7B%22id%22%3A16448592%7D%2C%22meta%22%3A%7B%22creatorSummary%22%3A%22Kriemann%22%2C%22parsedDate%22%3A%222024-08-12%22%2C%22numChildren%22%3A0%7D%2C%22bib%22%3A%22%26lt%3Bdiv%20class%3D%26quot%3Bcsl-bib-body%26quot%3B%20style%3D%26quot%3Bline-height%3A%201.35%3B%20padding-left%3A%201em%3B%20text-indent%3A-1em%3B%26quot%3B%26gt%3B%5Cn%20%20%26lt%3Bdiv%20class%3D%26quot%3Bcsl-entry%26quot%3B%26gt%3BKriemann%2C%20Martin.%202024.%20%26%23x201C%3BZum%20Sozialisatorischen%20Erbe%20Der%20DDR.%26%23x201D%3B%20%26lt%3Bi%26gt%3BDiskurs%20Kindheits-%20Und%20Jugendforschung%20%5C%2F%20Discourse%20Journal%20of%20Childhood%20and%20Adolescence%20Research%26lt%3B%5C%2Fi%26gt%3B%2019%20%282%29%3A%20281%26%23x2013%3B86.%20%26lt%3Ba%20class%3D%26%23039%3Bzp-DOIURL%26%23039%3B%20href%3D%26%23039%3Bhttps%3A%5C%2F%5C%2Fdoi.org%5C%2F10.3224%5C%2Fdiskurs.v19i2.09%26%23039%3B%26gt%3Bhttps%3A%5C%2F%5C%2Fdoi.org%5C%2F10.3224%5C%2Fdiskurs.v19i2.09%26lt%3B%5C%2Fa%26gt%3B.%26lt%3B%5C%2Fdiv%26gt%3B%5Cn%26lt%3B%5C%2Fdiv%26gt%3B%22%2C%22data%22%3A%7B%22itemType%22%3A%22journalArticle%22%2C%22title%22%3A%22Zum%20sozialisatorischen%20Erbe%20der%20DDR%22%2C%22creators%22%3A%5B%7B%22creatorType%22%3A%22author%22%2C%22firstName%22%3A%22Martin%22%2C%22lastName%22%3A%22Kriemann%22%7D%5D%2C%22abstractNote%22%3A%22%22%2C%22date%22%3A%222024-08-12%22%2C%22section%22%3A%22%22%2C%22partNumber%22%3A%22%22%2C%22partTitle%22%3A%22%22%2C%22DOI%22%3A%2210.3224%5C%2Fdiskurs.v19i2.09%22%2C%22citationKey%22%3A%22%22%2C%22url%22%3A%22https%3A%5C%2F%5C%2Fwww.budrich-journals.de%5C%2Findex.php%5C%2Fdiskurs%5C%2Farticle%5C%2Fview%5C%2F44608%22%2C%22PMID%22%3A%22%22%2C%22PMCID%22%3A%22%22%2C%22ISSN%22%3A%2218625002%2C%2021939713%22%2C%22language%22%3A%22%22%2C%22collections%22%3A%5B%22L99PPHTB%22%2C%22UID37CJL%22%5D%2C%22dateModified%22%3A%222025-08-08T12%3A46%3A40Z%22%7D%7D%2C%7B%22key%22%3A%22MK5BWJUT%22%2C%22library%22%3A%7B%22id%22%3A16448592%7D%2C%22meta%22%3A%7B%22creatorSummary%22%3A%22H%5Cu00fcnersdorf%20and%20Kriemann%22%2C%22parsedDate%22%3A%222025%22%2C%22numChildren%22%3A0%7D%2C%22bib%22%3A%22%26lt%3Bdiv%20class%3D%26quot%3Bcsl-bib-body%26quot%3B%20style%3D%26quot%3Bline-height%3A%201.35%3B%20padding-left%3A%201em%3B%20text-indent%3A-1em%3B%26quot%3B%26gt%3B%5Cn%20%20%26lt%3Bdiv%20class%3D%26quot%3Bcsl-entry%26quot%3B%26gt%3BH%26%23xFC%3Bnersdorf%2C%20Bettina%2C%20and%20Martin%20Kriemann.%202025.%20%26%23x201C%3BQualit%26%23xE4%3Bt%20%26%23x201E%3Bvor%20Ort%26%23x201C%3B%3A%20Zur%20Ambivalenz%20der%20Herstellung%20sozialr%26%23xE4%3Bumlicher%20Qualit%26%23xE4%3Bt%20von%20Bildungs-%20und%20Betreuungslandschaften%20in%20einer%20peripheren%20l%26%23xE4%3Bndlichen%20Region.%26%23x201D%3B%20%26lt%3Bi%26gt%3BSoziale%20Passagen%26lt%3B%5C%2Fi%26gt%3B%2017%20%281%29%3A%20257%26%23x2013%3B72.%20%26lt%3Ba%20class%3D%26%23039%3Bzp-DOIURL%26%23039%3B%20href%3D%26%23039%3Bhttps%3A%5C%2F%5C%2Fdoi.org%5C%2F10.1007%5C%2Fs12592-025-00536-9%26%23039%3B%26gt%3Bhttps%3A%5C%2F%5C%2Fdoi.org%5C%2F10.1007%5C%2Fs12592-025-00536-9%26lt%3B%5C%2Fa%26gt%3B.%26lt%3B%5C%2Fdiv%26gt%3B%5Cn%26lt%3B%5C%2Fdiv%26gt%3B%22%2C%22data%22%3A%7B%22itemType%22%3A%22journalArticle%22%2C%22title%22%3A%22Qualit%5Cu00e4t%20%5Cu201evor%20Ort%5Cu201c%3A%20Zur%20Ambivalenz%20der%20Herstellung%20sozialr%5Cu00e4umlicher%20Qualit%5Cu00e4t%20von%20Bildungs-%20und%20Betreuungslandschaften%20in%20einer%20peripheren%20l%5Cu00e4ndlichen%20Region%22%2C%22creators%22%3A%5B%7B%22creatorType%22%3A%22author%22%2C%22firstName%22%3A%22Bettina%22%2C%22lastName%22%3A%22H%5Cu00fcnersdorf%22%7D%2C%7B%22creatorType%22%3A%22author%22%2C%22firstName%22%3A%22Martin%22%2C%22lastName%22%3A%22Kriemann%22%7D%5D%2C%22abstractNote%22%3A%22Zusammenfassung%20%5Cn%20%20%20%20%20%20%20%20%20%20%20%20%20%5Cn%20%20%20%20%20%20%20%20%20%20%20%20%20%20Dieser%20Artikel%20analysiert%2C%20wie%20sich%20Diskurse%20%5Cu00fcber%20sozialr%5Cu00e4umliche%20Qualit%5Cu00e4t%20fr%5Cu00fcher%20Bildung%20%5Cn%20%20%20%20%20%20%20%20%20%20%20%20%20%20lokal%20%5Cn%20%20%20%20%20%20%20%20%20%20%20%20%20%20etablieren%20und%20welche%20Herausforderungen%20sich%20f%5Cu00fcr%20verschiedene%20Akteursgruppen%20vor%20Ort%20ergeben.%20In%20l%5Cu00e4ndlichen%20Gebieten%20in%20Sachsen-Anhalt%2C%20die%20im%20Rahmen%20des%20vom%20BMBF%20finanzierten%20Forschungsprojektes%20%5Cn%20%20%20%20%20%20%20%20%20%20%20%20%20%20NeOBi%20%5Cn%20%20%20%20%20%20%20%20%20%20%20%20%20%20%5Cu201e%28Neu%5Cu2011%29Ordnungen%20von%20Bildungslandschaften%20reflexiv%20gestalten.%20Zur%20riskanten%20gesellschaftlichen%20und%20schulischen%20Teilhabe%20von%20Kindern%20in%20peripheren%20Sozialr%5Cu00e4umen%5Cu201c%20als%20kommunale%20Bildungs-%20und%20Betreuungslandschaften%20untersucht%20werden%2C%20bearbeiten%20die%20Akteur%2Ainnen%20aus%20Politik%2C%20Verwaltung%2C%20Wissenschaft%20und%20fr%5Cu00fchkindlicher%20Bildung%20explizite%20und%20implizite%20normative%20Qualit%5Cu00e4tsanspr%5Cu00fcche%20und%20%5Cu00fcbersetzen%20diese%20in%20ihre%20allt%5Cu00e4gliche%20Praxis.%20Dabei%20%5Cu00fcbernehmen%20sie%20nicht%20nur%20die%20staatlich-regulativen%20Vorgaben%2C%20sondern%20interpretieren%20diese%20neu%20und%20bringen%2C%20je%20nach%20Standort%20und%20Perspektive%2C%20Qualit%5Cu00e4t%20als%20normative%20Erwartung%2C%20aber%20auch%20in%20ihrer%20Praxis%20hervor.%20Vor%20allem%20zwischen%20der%20fr%5Cu00fchkindlichen%20Bildungspraxis%20und%20der%20Kommunalpolitik%20entfaltet%20sich%20in%20diesen%20Prozessen%20ein%20Spannungsverh%5Cu00e4ltnis%20zwischen%20Qualit%5Cu00e4tsanspr%5Cu00fcchen%2C%20die%20in%20Form%20eines%20New%20Public%20Managements%20im%20Zuge%20der%20Gebietsreform%20in%20Sachsen-Anhalt%20Einzug%20hielten%20und%20den%20M%5Cu00f6glichkeiten%20ihrer%20praktischen%20Umsetzung.%20Die%20darin%20enthaltenden%20Ambivalenzen%2C%20die%20mit%20unterschiedlichen%20politischen%2C%20%5Cu00f6konomischen%20und%20fr%5Cu00fchp%5Cu00e4dagogischen%20Perspektiven%20auf%20sozialr%5Cu00e4umliche%20Qualit%5Cu00e4t%20verbunden%20sind%2C%20m%5Cu00fcssen%20von%20den%20lokalen%20Akteur%2Ainnen%20bearbeitet%20und%20miteinander%20verhandelt%20werden.%20%5Cn%20%20%20%20%20%20%20%20%20%20%20%20%20%5Cn%20%20%20%20%20%20%20%20%20%20%2C%20%20%5Cn%20%20%20%20%20%20%20%20%20%20%20%20Abstract%20%5Cn%20%20%20%20%20%20%20%20%20%20%20%20%20%5Cn%20%20%20%20%20%20%20%20%20%20%20%20%20%20This%20article%20analyses%20how%20discourses%20on%20the%20sociospatial%20quality%20of%20early%20education%20are%20established%20%5Cu2018locally%5Cu2019%20and%20what%20challenges%20arise%20for%20different%20groups%20of%20actors%20on%20the%20ground.%20In%20rural%20areas%20in%20Saxony%5Cu2013Anhalt%2C%20which%20were%20analysed%20as%20part%20of%20the%20BMBF%20%28%5Cu2018Bundesministerium%20f%5Cu00fcr%20Bildung%20und%20Forschung%5Cu2019%29-funded%20research%20project%20%5Cn%20%20%20%20%20%20%20%20%20%20%20%20%20%20NeOBi%20%5Cn%20%20%20%20%20%20%20%20%20%20%20%20%20%20%5Cu2018%28Re%29Shaping%20educational%20landscapes%20reflexively.%20On%20the%20risky%20social%20and%20school%20participation%20of%20children%20in%20peripheral%20social%20spaces%5Cu2019%2C%20actors%20from%20politics%2C%20administration%2C%20science%20and%20early%20childhood%20education%20work%20on%20explicit%20and%20implicit%20normative%20quality%20standards%20and%20translate%20these%20into%20the%20everyday%20practice.%20In%20doing%20so%2C%20they%20not%20only%20adopt%20the%20state%5Cu2019s%20regulatory%20requirements%2C%20but%20also%20reinterpret%20them%20and%2C%20depending%20on%20their%20location%20and%20perspective%2C%20create%20quality%20as%20a%5Cu00a0normative%20expectation%2C%20but%20also%20in%20their%20practice.%20In%20these%20processes%2C%20tension%20is%20developing%20between%20early%20childhood%20education%20practice%20and%20local%20politics%20in%20particular%2C%20between%20quality%20requirements%2C%20which%20were%20introduced%20in%20the%20form%20of%20New%20Public%20Management%20in%20the%20course%20of%20the%20regional%20reform%20in%20Saxony%5Cu2013Anhalt%2C%20and%20the%20possibilities%20of%20their%20practical%20implementation.%20The%20ambivalences%20contained%20therein%2C%20which%20are%20associated%20with%20different%20political%2C%20economic%20and%20early%20education%20perspectives%20on%20sociospatial%20quality%2C%20must%20be%20addressed%20and%20negotiated%20by%20the%20local%20stakeholders.%22%2C%22date%22%3A%2206%5C%2F2025%22%2C%22section%22%3A%22%22%2C%22partNumber%22%3A%22%22%2C%22partTitle%22%3A%22%22%2C%22DOI%22%3A%2210.1007%5C%2Fs12592-025-00536-9%22%2C%22citationKey%22%3A%22%22%2C%22url%22%3A%22https%3A%5C%2F%5C%2Flink.springer.com%5C%2F10.1007%5C%2Fs12592-025-00536-9%22%2C%22PMID%22%3A%22%22%2C%22PMCID%22%3A%22%22%2C%22ISSN%22%3A%221867-0180%2C%201867-0199%22%2C%22language%22%3A%22de%22%2C%22collections%22%3A%5B%22L99PPHTB%22%2C%22UID37CJL%22%5D%2C%22dateModified%22%3A%222025-08-08T12%3A46%3A14Z%22%7D%7D%5D%7D<\/span>\n\n\t\t\t\t<div id=\"zp-ID-21842-16448592-5M52PZYJ\" data-zp-author-date='Kriemann-and-H\u00fcnersdorf-2026-08-10' data-zp-date-author='2026-08-10-Kriemann-and-H\u00fcnersdorf' data-zp-date='2026-08-10' data-zp-year='2026' data-zp-itemtype='journalArticle' class=\"zp-Entry zpSearchResultsItem\">\n<div class=\"csl-bib-body\" style=\"line-height: 1.35; padding-left: 1em; text-indent:-1em;\">\n  <div class=\"csl-entry\">Kriemann, Martin, and Bettina H\u00fcnersdorf. 2026. \u201cReproduction of Inequality in Peripheralised Education and Care Landscapes.\u201d <i>Contemporary Issues in Early Childhood<\/i>, August 10, 14639491261477355. <a class='zp-DOIURL' href='https:\/\/doi.org\/10.1177\/14639491261477355'>https:\/\/doi.org\/10.1177\/14639491261477355<\/a>.<\/div>\n<\/div>\n\t\t\t\t<\/div><!-- .zp-Entry .zpSearchResultsItem -->\t\t\t\t<div id=\"zp-ID-21842-16448592-NXTEAK5L\" data-zp-author-date='Stimm-et-al.-2026' data-zp-date-author='2026-Stimm-et-al.' data-zp-date='2026' data-zp-year='2026' data-zp-itemtype='bookSection' class=\"zp-Entry zpSearchResultsItem\">\n<div class=\"csl-bib-body\" style=\"line-height: 1.35; padding-left: 1em; text-indent:-1em;\">\n  <div class=\"csl-entry\">Stimm, Maria, Arne Arend, Eleonore Freier, and Franz-Josef Schmitt. 2026. \u201cStudierende Als P\u00e4dagogisch Handelnde in Der Wissenschaftskommunikation\u202f: Ausarbeitung Eines Hochschuldidaktischen Standpunkts.\u201d In <i>Transfer in P\u00e4dagogik Und Erziehungswissenschaft. Zwischen Problematisierung Und Systematisierung<\/i>, vol. 2. Beltz Juvelta. <a class='zp-ItemURL' href='https:\/\/beltz.de\/fachmedien\/erziehungswissenschaft\/transfer-in-paedagogik-und-erziehungswissenschaft-ii\/BEL449478'>https:\/\/beltz.de\/fachmedien\/erziehungswissenschaft\/transfer-in-paedagogik-und-erziehungswissenschaft-ii\/BEL449478<\/a>.<\/div>\n<\/div>\n\t\t\t\t<\/div><!-- .zp-Entry .zpSearchResultsItem -->\t\t\t\t<div id=\"zp-ID-21842-16448592-NGJAWGKI\" data-zp-author-date='Freier-2025' data-zp-date-author='2025-Freier' data-zp-date='2025' data-zp-year='2025' data-zp-itemtype='journalArticle' class=\"zp-Entry zpSearchResultsItem\">\n<div class=\"csl-bib-body\" style=\"line-height: 1.35; padding-left: 1em; text-indent:-1em;\">\n  <div class=\"csl-entry\">Freier, Eleonore. 2025. \u201cProsilienz Und Rendite in Der Finanziellen Weiterbildung.\u201d <i>Forum Erwachsenenbildung<\/i> 58 (3): 21\u201324. <a class='zp-ItemURL' href='https:\/\/www.waxmann.com\/artikelART106367'>https:\/\/www.waxmann.com\/artikelART106367<\/a>.<\/div>\n<\/div>\n\t\t\t\t<\/div><!-- .zp-Entry .zpSearchResultsItem -->\t\t\t\t<div id=\"zp-ID-21842-16448592-9LQC58ZF\" data-zp-author-date='Cora-et-al.-2025' data-zp-date-author='2025-Cora-et-al.' data-zp-date='2025' data-zp-year='2025' data-zp-itemtype='journalArticle' class=\"zp-Entry zpSearchResultsItem\">\n<div class=\"csl-bib-body\" style=\"line-height: 1.35; padding-left: 1em; text-indent:-1em;\">\n  <div class=\"csl-entry\">Cora, Song\u00fcl, Lukas Eble, Malte Ebner von Eschenbach, et al., eds. 2025. \u201cErwachsenenbildung Inklusiv?\u201d Heft 14. <i>Debatte. Beitr\u00e4ge Zur Erwachsenenbildung<\/i> (Opladen, Berlin, Toronto) 8 (1\u20132025).<\/div>\n<\/div>\n\t\t\t\t<\/div><!-- .zp-Entry .zpSearchResultsItem -->\t\t\t\t<div id=\"zp-ID-21842-16448592-F755AMMZ\" data-zp-author-date='Cora-et-al.-2024' data-zp-date-author='2024-Cora-et-al.' data-zp-date='2024' data-zp-year='2024' data-zp-itemtype='journalArticle' class=\"zp-Entry zpSearchResultsItem\">\n<div class=\"csl-bib-body\" style=\"line-height: 1.35; padding-left: 1em; text-indent:-1em;\">\n  <div class=\"csl-entry\">Cora, Song\u00fcl, Lukas Eble, Malte Ebner Von Eschenbach, et al., eds. 2024. \u201cKontroversen. Teil II.\u201d <i>Debatte. Beitr\u00e4ge Zur Erwachsenenbildung<\/i> (Opladen, Berlin, Toronto) 7 (2\u20132024). <a class='zp-ItemURL' href='https:\/\/budrich-journals.de\/index.php\/debatte\/issue\/view\/3513'>https:\/\/budrich-journals.de\/index.php\/debatte\/issue\/view\/3513<\/a>.<\/div>\n<\/div>\n\t\t\t\t<\/div><!-- .zp-Entry .zpSearchResultsItem -->\t\t\t\t<div id=\"zp-ID-21842-16448592-4X49SMAG\" data-zp-author-date='Kriemann-et-al.-2025' data-zp-date-author='2025-Kriemann-et-al.' data-zp-date='2025' data-zp-year='2025' data-zp-itemtype='book' class=\"zp-Entry zpSearchResultsItem\">\n<div class=\"csl-bib-body\" style=\"line-height: 1.35; padding-left: 1em; text-indent:-1em;\">\n  <div class=\"csl-entry\">Kriemann, Martin, Stephanie Freide, and Eleonore Freier. 2025. <i>Strukturwandel als soziale Transformation: Bildung und Teilhabe im s\u00fcdlichen Sachsen-Anhalt<\/i>. With Universit\u00e4ts- und Landesbibliothek Sachsen-Anhalt and Martin-Luther Universit\u00e4t. Vol. 7. Policy Papers on Just Transition. Just Transition Center. <a class='zp-DOIURL' href='https:\/\/doi.org\/10.25673\/120985.2'>https:\/\/doi.org\/10.25673\/120985.2<\/a>. <a title='Download' class='zp-DownloadURL zp-getDownloadURL' data-zp-dl='api_user_id=16448592&dlkey=RHTSA2XB&content_type=application\/pdf' href='javascript:void(0);'>Download<\/a><\/div>\n<\/div>\n\t\t\t\t<\/div><!-- .zp-Entry .zpSearchResultsItem -->\t\t\t\t<div id=\"zp-ID-21842-16448592-W2IZDEAN\" data-zp-author-date='Freide-and-Stimm-2024' data-zp-date-author='2024-Freide-and-Stimm' data-zp-date='2024' data-zp-year='2024' data-zp-itemtype='bookSection' class=\"zp-Entry zpSearchResultsItem\">\n<div class=\"csl-bib-body\" style=\"line-height: 1.35; padding-left: 1em; text-indent:-1em;\">\n  <div class=\"csl-entry\">Freide, Stephanie, and Maria Stimm. 2024. \u201cHistorische Programmanalyse Als Spezifischer Zugang Zur Praktischen Gewordenheit von Erwachsenenbildung.\u201d In <i>Volkshochschulen Im Ersten Drittel Des 20. Jahrhunderts I. Abendvolkshochschulen. Materialbasierte Analysen Zur Vielfalt Ihrer Institutionalisierung in Der Weimarer Republik<\/i>, by J\u00f6rg Dinkelaker. Edited by Malte Ebner Von Eschenbach and Maria Stimm. Verlag Julius Klinkhardt. <a class='zp-DOIURL' href='https:\/\/doi.org\/10.35468\/6134-02'>https:\/\/doi.org\/10.35468\/6134-02<\/a>. <a title='Download' class='zp-DownloadURL zp-getDownloadURL' data-zp-dl='api_user_id=16448592&dlkey=A7XSYXKI&content_type=application\/pdf' href='javascript:void(0);'>Download<\/a><\/div>\n<\/div>\n\t\t\t\t<\/div><!-- .zp-Entry .zpSearchResultsItem -->\t\t\t\t<div id=\"zp-ID-21842-16448592-7GQ5MSK6\" data-zp-author-date='Freide-and-Hoffmann-2025' data-zp-date-author='2025-Freide-and-Hoffmann' data-zp-date='2025' data-zp-year='2025' data-zp-itemtype='bookSection' class=\"zp-Entry zpSearchResultsItem\">\n<div class=\"csl-bib-body\" style=\"line-height: 1.35; padding-left: 1em; text-indent:-1em;\">\n  <div class=\"csl-entry\">Freide, Stephanie, and Stefanie Hoffmann. 2025. \u201cProgrammplanungshandeln unter Professionalit\u00e4tsperspektive \u2013 zum Wert einer dezidiert handlungstheoretisch fundierten Ausdifferenzierung der Theorie Wiltrud Giesekes.\u201d In <i>Beitr\u00e4ge der Erwachsenenbildung f\u00fcr gesellschaftliche und individuelle Entwicklungen: Reflexionen zum j\u00fcngeren Werk Wiltrud Giesekes<\/i>, edited by Marion Fleige, Marion Fleige, Steffi Robak, and Aiga von Hippel. Studien zur Paedagogik, Andragogik und Gerontagogik \/ Studies in Pedagogy, Andragogy, and Gerontagogy 84. Peter Lang International Academic Publishers.<\/div>\n<\/div>\n\t\t\t\t<\/div><!-- .zp-Entry .zpSearchResultsItem -->\t\t\t\t<div id=\"zp-ID-21842-16448592-5CM85VNQ\" data-zp-author-date='Ebner-Von-Eschenbach-et-al.-2025-06-16' data-zp-date-author='2025-06-16-Ebner-Von-Eschenbach-et-al.' data-zp-date='2025-06-16' data-zp-year='2025' data-zp-itemtype='bookSection' class=\"zp-Entry zpSearchResultsItem\">\n<div class=\"csl-bib-body\" style=\"line-height: 1.35; padding-left: 1em; text-indent:-1em;\">\n  <div class=\"csl-entry\">Ebner Von Eschenbach, Malte, Stephanie Freide, and Stefan Rundel. 2025. \u201cDiskursive Ordnungsinstrumente. Betrachtungen von Begutachtungsverfahren in Erwachsenenbildungswissenschaftlichen Zeitschriften.\u201d In <i>Schreiben, Begutachten, Ver\u00f6ffentlichen: Praktiken Wissenschaftlichen Publizierens<\/i>, edited by Malte Ebner Von Eschenbach, Stephanie Freide, and Stefan Rundel. Verlag Barbara Budrich. <a class='zp-DOIURL' href='https:\/\/doi.org\/10.3224\/84743088.08'>https:\/\/doi.org\/10.3224\/84743088.08<\/a>.<\/div>\n<\/div>\n\t\t\t\t<\/div><!-- .zp-Entry .zpSearchResultsItem -->\t\t\t\t<div id=\"zp-ID-21842-16448592-AU5Z5F2I\" data-zp-author-date='Ebner-von-Eschenbach-et-al.-2025' data-zp-date-author='2025-Ebner-von-Eschenbach-et-al.' data-zp-date='2025' data-zp-year='2025' data-zp-itemtype='book' class=\"zp-Entry zpSearchResultsItem\">\n<div class=\"csl-bib-body\" style=\"line-height: 1.35; padding-left: 1em; text-indent:-1em;\">\n  <div class=\"csl-entry\">Ebner von Eschenbach, Malte, Stephanie Freide, and Stefan Rundel, eds. 2025. <i>Schreiben, begutachten, ver\u00f6ffentlichen: Praktiken wissenschaftlichen Publizierens<\/i>. 1st ed. Debatte Sonderheft 2. Verlag Barbara Budrich.<\/div>\n<\/div>\n\t\t\t\t<\/div><!-- .zp-Entry .zpSearchResultsItem -->\t\t\t\t<div id=\"zp-ID-21842-16448592-FU74Z84N\" data-zp-author-date='Stimm-and-Freide-2025' data-zp-date-author='2025-Stimm-and-Freide' data-zp-date='2025' data-zp-year='2025' data-zp-itemtype='bookSection' class=\"zp-Entry zpSearchResultsItem\">\n<div class=\"csl-bib-body\" style=\"line-height: 1.35; padding-left: 1em; text-indent:-1em;\">\n  <div class=\"csl-entry\">Stimm, Maria, and Stephanie Freide. 2025. \u201cGeschichte schreiben \u2013 Zur (Un-)Sichtbarkeit von Frauen* in der disziplin\u00e4ren Historiografie der Erwachsenenbildung.\u201d In <i>\u201eNicht die Wahrheit wird anerkannt\u201c - Mathilde Vaerting (1884-1977): Deutungen, Zuordnungen und Tradierungen in der Erziehungswissenschaft<\/i>, edited by Esther Berner and Susann Hofbauer. Beitr\u00e4ge zur Theorie und Geschichte der Erziehungswissenschaft, Band 52. Verlag Julius Klinkhardt.<\/div>\n<\/div>\n\t\t\t\t<\/div><!-- .zp-Entry .zpSearchResultsItem -->\t\t\t\t<div id=\"zp-ID-21842-16448592-7KIAJIXS\" data-zp-author-date='Freide-2026-04-21' data-zp-date-author='2026-04-21-Freide' data-zp-date='2026-04-21' data-zp-year='2026' data-zp-itemtype='book' class=\"zp-Entry zpSearchResultsItem\">\n<div class=\"csl-bib-body\" style=\"line-height: 1.35; padding-left: 1em; text-indent:-1em;\">\n  <div class=\"csl-entry\">Freide, Stephanie. 2026. <i>K\u00e4mpfe um Adressat*innen: Eine Diskursanalyse zum Einsatz digitaler Plattformen auf dem Weiterbildungsmarkt<\/i>. 1st ed. Vermittlung und \u00dcbersetzung im Wandel. Transcript Verlag. <a class='zp-DOIURL' href='https:\/\/doi.org\/10.14361\/9783839459331'>https:\/\/doi.org\/10.14361\/9783839459331<\/a>.<\/div>\n<\/div>\n\t\t\t\t<\/div><!-- .zp-Entry .zpSearchResultsItem -->\t\t\t\t<div id=\"zp-ID-21842-16448592-79ZI6IJM\" data-zp-author-date='Kriemann-2026' data-zp-date-author='2026-Kriemann' data-zp-date='2026' data-zp-year='2026' data-zp-itemtype='bookSection' class=\"zp-Entry zpSearchResultsItem\">\n<div class=\"csl-bib-body\" style=\"line-height: 1.35; padding-left: 1em; text-indent:-1em;\">\n  <div class=\"csl-entry\">Kriemann, Martin. 2026. \u201cJugend Und Kohleausstieg \u2013 Wandel Zwischen Unsicherheit Und Teilhabe.\u201d In <i>Krise Gesellschaftlicher Naturverh\u00e4ltnisse<\/i>, vol. 180. Widerspr\u00fcche. Zeitschrift F\u00fcr Sozialistische Politik Im Bildungs-, Gesundheits- Und Sozialbereich, 46. Jg., Nr. 2. Westf\u00e4lisches Dampfboot. <a class='zp-ItemURL' href='https:\/\/www.widersprueche-zeitschrift.de\/de\/heft\/krise-gesellschaftlicher-naturverhaeltnisse'>https:\/\/www.widersprueche-zeitschrift.de\/de\/heft\/krise-gesellschaftlicher-naturverhaeltnisse<\/a>.<\/div>\n<\/div>\n\t\t\t\t<\/div><!-- .zp-Entry .zpSearchResultsItem -->\t\t\t\t<div id=\"zp-ID-21842-16448592-US6Z3AKR\" data-zp-author-date='Kriemann-and-Janowitz-2026-04' data-zp-date-author='2026-04-Kriemann-and-Janowitz' data-zp-date='2026-04' data-zp-year='2026' data-zp-itemtype='book' class=\"zp-Entry zpSearchResultsItem\">\n<div class=\"csl-bib-body\" style=\"line-height: 1.35; padding-left: 1em; text-indent:-1em;\">\n  <div class=\"csl-entry\">Kriemann, Martin, and Michael Janowitz. 2026. <i>Kinder- und Jugendhilfe als demokratische Infrastruktur: Verl\u00e4sslichkeit sichern in Halle (Saale)<\/i>. Edited by Martin-Luther Universit\u00e4t. Vol. 9. Policy Papers on Just Transition. Just Transition Center. <a class='zp-DOIURL' href='https:\/\/doi.org\/10.25673\/123047'>https:\/\/doi.org\/10.25673\/123047<\/a>.<\/div>\n<\/div>\n\t\t\t\t<\/div><!-- .zp-Entry .zpSearchResultsItem -->\t\t\t\t<div id=\"zp-ID-21842-16448592-TCQC764W\" data-zp-author-date='Kriemann-and-Janowitz-2025-12-04' data-zp-date-author='2025-12-04-Kriemann-and-Janowitz' data-zp-date='2025-12-04' data-zp-year='2025' data-zp-itemtype='journalArticle' class=\"zp-Entry zpSearchResultsItem\">\n<div class=\"csl-bib-body\" style=\"line-height: 1.35; padding-left: 1em; text-indent:-1em;\">\n  <div class=\"csl-entry\">Kriemann, Martin, and Michael Janowitz. 2025. \u201cJugendarbeit-Ost: keine westdeutsche Erfolgsgeschichte: Eine postsozialistische Perspektive auf ostdeutsche Jugendarbeit im Wandel.\u201d <i>Sozial Extra<\/i>, ahead of print, December 4. <a class='zp-DOIURL' href='https:\/\/doi.org\/10.1007\/s12054-025-00834-9'>https:\/\/doi.org\/10.1007\/s12054-025-00834-9<\/a>.<\/div>\n<\/div>\n\t\t\t\t<\/div><!-- .zp-Entry .zpSearchResultsItem -->\t\t\t\t<div id=\"zp-ID-21842-16448592-V977IP75\" data-zp-author-date='Kriemann-2024-08-12' data-zp-date-author='2024-08-12-Kriemann' data-zp-date='2024-08-12' data-zp-year='2024' data-zp-itemtype='journalArticle' class=\"zp-Entry zpSearchResultsItem\">\n<div class=\"csl-bib-body\" style=\"line-height: 1.35; padding-left: 1em; text-indent:-1em;\">\n  <div class=\"csl-entry\">Kriemann, Martin. 2024. \u201cZum Sozialisatorischen Erbe Der DDR.\u201d <i>Diskurs Kindheits- Und Jugendforschung \/ Discourse Journal of Childhood and Adolescence Research<\/i> 19 (2): 281\u201386. <a class='zp-DOIURL' href='https:\/\/doi.org\/10.3224\/diskurs.v19i2.09'>https:\/\/doi.org\/10.3224\/diskurs.v19i2.09<\/a>.<\/div>\n<\/div>\n\t\t\t\t<\/div><!-- .zp-Entry .zpSearchResultsItem -->\t\t\t\t<div id=\"zp-ID-21842-16448592-MK5BWJUT\" data-zp-author-date='H\u00fcnersdorf-and-Kriemann-2025' data-zp-date-author='2025-H\u00fcnersdorf-and-Kriemann' data-zp-date='2025' data-zp-year='2025' data-zp-itemtype='journalArticle' class=\"zp-Entry zpSearchResultsItem\">\n<div class=\"csl-bib-body\" style=\"line-height: 1.35; padding-left: 1em; text-indent:-1em;\">\n  <div class=\"csl-entry\">H\u00fcnersdorf, Bettina, and Martin Kriemann. 2025. \u201cQualit\u00e4t \u201evor Ort\u201c: Zur Ambivalenz der Herstellung sozialr\u00e4umlicher Qualit\u00e4t von Bildungs- und Betreuungslandschaften in einer peripheren l\u00e4ndlichen Region.\u201d <i>Soziale Passagen<\/i> 17 (1): 257\u201372. <a class='zp-DOIURL' href='https:\/\/doi.org\/10.1007\/s12592-025-00536-9'>https:\/\/doi.org\/10.1007\/s12592-025-00536-9<\/a>.<\/div>\n<\/div>\n\t\t\t\t<\/div><!-- .zp-Entry .zpSearchResultsItem -->\n\t\t\t<\/div><!-- .zp-zp-SEO-Content -->\n\t\t<\/div><!-- .zp-List -->\n\t<\/div><!--.zp-Zotpress-->\n\n\n<p>[\/et_pb_tab][et_pb_tab title=&#8221;Events&#8221; _builder_version=&#8221;4.27.5&#8243; _module_preset=&#8221;default&#8221; custom_padding=&#8221;||||false|false&#8221; global_colors_info=&#8221;{}&#8221;]<\/p>\n<div class='content-column one_half'><h3>We cordially invite you<\/h3>\n<p>Here you can find all the events where you can meet our research team. We look forward to your visit!<\/p>\n<p><a class=\"events-read-more\" href=\"\/events\">All Events<\/a><br \/><\/div><br \/><div class='content-column one_half last_column'><div id=\"ect-no-events\"><p>Zur Zeit keine aktuellen Events<\/p><\/div><br \/><\/div><div class='clear_column'><\/div><\/p>\n<p>[\/et_pb_tab][et_pb_tab title=&#8221;News&#8221; _builder_version=&#8221;4.27.5&#8243; _module_preset=&#8221;default&#8221; global_colors_info=&#8221;{}&#8221;]<\/p>\n<div class=\"blog-news swiper slider-container\" data-arrows=\"false\" data-dots=\"false\"><div class=\"swiper-wrapper\"><div class=\"swiper-slide\"><div class=\"blog-item\"><div class=\"badges\"><\/div><h3><a href=\"https:\/\/jtc.uni-halle.de\/en\/research-and-wonder-long-night-of-science-2026\/\">Research and Wonder: Long Night of Science 2026<\/a><\/h3><p class=\"meta\">13 July, 2026<\/p><div class=\"excerpt\">At six different stations in the whole city of Halle, visitors could discover the wide range of research of the JTC.<\/div><a class=\"read-more\" href=\"https:\/\/jtc.uni-halle.de\/en\/research-and-wonder-long-night-of-science-2026\/\">Read more<\/a><div class=\"thumbnail\"><img loading=\"lazy\" decoding=\"async\" width=\"2048\" height=\"1536\" src=\"https:\/\/jtc.uni-halle.de\/wp-content\/uploads\/2026\/07\/IMG_5560.jpeg\" class=\"attachment-full size-full wp-post-image\" alt=\"\" srcset=\"https:\/\/jtc.uni-halle.de\/wp-content\/uploads\/2026\/07\/IMG_5560.jpeg 2048w, https:\/\/jtc.uni-halle.de\/wp-content\/uploads\/2026\/07\/IMG_5560-1280x960.jpeg 1280w, https:\/\/jtc.uni-halle.de\/wp-content\/uploads\/2026\/07\/IMG_5560-980x735.jpeg 980w, https:\/\/jtc.uni-halle.de\/wp-content\/uploads\/2026\/07\/IMG_5560-480x360.jpeg 480w\" sizes=\"(min-width: 0px) and (max-width: 480px) 480px, (min-width: 481px) and (max-width: 980px) 980px, (min-width: 981px) and (max-width: 1280px) 1280px, (min-width: 1281px) 2048px, 100vw\" \/><\/div><\/div><\/div><div class=\"swiper-slide\"><div class=\"blog-item\"><div class=\"badges\"><\/div><h3><a href=\"https:\/\/jtc.uni-halle.de\/en\/jtc-meets-region-research-dialogue-and-the-future-of-anhalt-bitterfeld\/\">JTC meets Region: Research, Dialogue and the Future of Anhalt-Bitterfeld<\/a><\/h3><p class=\"meta\">7 November, 2025<\/p><div class=\"excerpt\">\u2018JTC meets Region: Anhalt-Bitterfeld\u2019 \u2013 A meeting on equal terms between politics, research, business, and society.<\/div><a class=\"read-more\" href=\"https:\/\/jtc.uni-halle.de\/en\/jtc-meets-region-research-dialogue-and-the-future-of-anhalt-bitterfeld\/\">Read more<\/a><div class=\"thumbnail\"><img loading=\"lazy\" decoding=\"async\" width=\"2560\" height=\"1707\" src=\"https:\/\/jtc.uni-halle.de\/wp-content\/uploads\/2025\/11\/6-JTC-trifft-Region_ABI-scaled.jpg\" class=\"attachment-full size-full wp-post-image\" alt=\"\" srcset=\"https:\/\/jtc.uni-halle.de\/wp-content\/uploads\/2025\/11\/6-JTC-trifft-Region_ABI-scaled.jpg 2560w, https:\/\/jtc.uni-halle.de\/wp-content\/uploads\/2025\/11\/6-JTC-trifft-Region_ABI-1280x854.jpg 1280w, https:\/\/jtc.uni-halle.de\/wp-content\/uploads\/2025\/11\/6-JTC-trifft-Region_ABI-980x653.jpg 980w, https:\/\/jtc.uni-halle.de\/wp-content\/uploads\/2025\/11\/6-JTC-trifft-Region_ABI-480x320.jpg 480w\" sizes=\"(min-width: 0px) and (max-width: 480px) 480px, (min-width: 481px) and (max-width: 980px) 980px, (min-width: 981px) and (max-width: 1280px) 1280px, (min-width: 1281px) 2560px, 100vw\" \/><\/div><\/div><\/div><div class=\"swiper-slide\"><div class=\"blog-item\"><div class=\"badges\"><\/div><h3><a href=\"https:\/\/jtc.uni-halle.de\/en\/jtc-halle-at-silbersalz-festival\/\">JTC Halle at Silbersalz Festival \u2013 Innovation Up Close<\/a><\/h3><p class=\"meta\">4 November, 2025<\/p><div class=\"excerpt\">At the 8th edition of Silbersalz Festival, the JTC showcased how researchers are actively shaping the structural transformation of the region.<\/div><a class=\"read-more\" href=\"https:\/\/jtc.uni-halle.de\/en\/jtc-halle-at-silbersalz-festival\/\">Read more<\/a><div class=\"thumbnail\"><img loading=\"lazy\" decoding=\"async\" width=\"2560\" height=\"1417\" src=\"https:\/\/jtc.uni-halle.de\/wp-content\/uploads\/2025\/11\/Silbersalz6-scaled.jpg\" class=\"attachment-full size-full wp-post-image\" alt=\"\" srcset=\"https:\/\/jtc.uni-halle.de\/wp-content\/uploads\/2025\/11\/Silbersalz6-scaled.jpg 2560w, https:\/\/jtc.uni-halle.de\/wp-content\/uploads\/2025\/11\/Silbersalz6-1280x709.jpg 1280w, https:\/\/jtc.uni-halle.de\/wp-content\/uploads\/2025\/11\/Silbersalz6-980x542.jpg 980w, https:\/\/jtc.uni-halle.de\/wp-content\/uploads\/2025\/11\/Silbersalz6-480x266.jpg 480w\" sizes=\"(min-width: 0px) and (max-width: 480px) 480px, (min-width: 481px) and (max-width: 980px) 980px, (min-width: 981px) and (max-width: 1280px) 1280px, (min-width: 1281px) 2560px, 100vw\" \/><\/div><\/div><\/div><\/div><\/div>\n<p><a class=\"events-read-more\" href=\"\/news\">All News<\/a><\/p>\n<p>[\/et_pb_tab][\/et_pb_tabs][\/et_pb_column][\/et_pb_row][\/et_pb_section][et_pb_section fb_built=&#8221;1&#8243; admin_label=&#8221; Personen Titel BG section&#8221; module_class=&#8221;relaunch tab-section&#8221; _builder_version=&#8221;4.27.3&#8243; _module_preset=&#8221;default&#8221; background_color=&#8221;#F08161&#8243; transform_scale_tablet=&#8221;&#8221; transform_scale_phone=&#8221;&#8221; transform_scale_last_edited=&#8221;on|desktop&#8221; transform_translate_tablet=&#8221;&#8221; transform_translate_phone=&#8221;&#8221; transform_translate_last_edited=&#8221;on|tablet&#8221; transform_translate_linked_tablet=&#8221;off&#8221; transform_rotate_tablet=&#8221;&#8221; transform_rotate_phone=&#8221;&#8221; transform_rotate_last_edited=&#8221;on|tablet&#8221; transform_skew_tablet=&#8221;&#8221; transform_skew_phone=&#8221;&#8221; transform_skew_last_edited=&#8221;on|tablet&#8221; transform_origin_tablet=&#8221;&#8221; transform_origin_phone=&#8221;&#8221; transform_origin_last_edited=&#8221;on|tablet&#8221; transform_styles_last_edited=&#8221;on|desktop&#8221; custom_margin=&#8221;||0px||false|false&#8221; custom_margin_tablet=&#8221;0px||||false|false&#8221; custom_margin_phone=&#8221;||||false|false&#8221; custom_margin_last_edited=&#8221;on|phone&#8221; custom_padding=&#8221;||0px||false|false&#8221; transform_styles_tablet=&#8221;&#8221; transform_styles_phone=&#8221;&#8221; global_colors_info=&#8221;{}&#8221;][et_pb_row use_custom_gutter=&#8221;on&#8221; gutter_width=&#8221;2&#8243; make_equal=&#8221;on&#8221; custom_padding_last_edited=&#8221;on|desktop&#8221; _builder_version=&#8221;4.27.3&#8243; _module_preset=&#8221;default&#8221; width=&#8221;96%&#8221; width_tablet=&#8221;90%&#8221; width_phone=&#8221;90%&#8221; width_last_edited=&#8221;on|desktop&#8221; max_width=&#8221;1440px&#8221; module_alignment=&#8221;center&#8221; height=&#8221;350px&#8221; height_tablet=&#8221;350px&#8221; height_phone=&#8221;350px&#8221; height_last_edited=&#8221;on|desktop&#8221; custom_margin=&#8221;||||false|false&#8221; custom_padding=&#8221;||||false|false&#8221; custom_padding_tablet=&#8221;||||false|false&#8221; custom_padding_phone=&#8221;||||false|false&#8221; global_colors_info=&#8221;{}&#8221;][et_pb_column type=&#8221;4_4&#8243; _builder_version=&#8221;4.27.3&#8243; _module_preset=&#8221;default&#8221; background_enable_color=&#8221;off&#8221; custom_padding=&#8221;56px|0rem||0rem|false|false&#8221; custom_padding_tablet=&#8221;3rem|2rem|2rem|2rem|false|false&#8221; custom_padding_phone=&#8221;3rem|2rem|2rem|2rem|false|false&#8221; custom_padding_last_edited=&#8221;on|tablet&#8221; global_colors_info=&#8221;{}&#8221; custom_css_main_element_last_edited=&#8221;on|tablet&#8221;][et_pb_text admin_label=&#8221;H2 Personen&#8221; _builder_version=&#8221;4.27.3&#8243; _module_preset=&#8221;default&#8221; background_color=&#8221;#ffffff&#8221; height=&#8221;40px&#8221; custom_padding=&#8221;|15px||15px|false|false&#8221; custom_css_main_element=&#8221;width: fit-content;||h2 {||  top: 3px;||  position: relative;||  ||} ||&#8221; border_radii=&#8221;on|16px|16px|16px|16px&#8221; border_width_all=&#8221;2px&#8221; global_colors_info=&#8221;{}&#8221;]<\/p>\n<h2>Team<\/h2>\n<p>[\/et_pb_text][\/et_pb_column][\/et_pb_row][\/et_pb_section][et_pb_section fb_built=&#8221;1&#8243; admin_label=&#8221; Personen section&#8221; module_class=&#8221;relaunch tab-section&#8221; _builder_version=&#8221;4.27.3&#8243; _module_preset=&#8221;default&#8221; background_enable_color=&#8221;off&#8221; transform_scale_tablet=&#8221;&#8221; transform_scale_phone=&#8221;&#8221; transform_scale_last_edited=&#8221;on|tablet&#8221; transform_translate=&#8221;0px|-235px&#8221; transform_translate_tablet=&#8221;0px|-335px&#8221; transform_translate_phone=&#8221;&#8221; transform_translate_last_edited=&#8221;on|tablet&#8221; transform_translate_linked=&#8221;off&#8221; transform_translate_linked_tablet=&#8221;off&#8221; transform_rotate_tablet=&#8221;&#8221; transform_rotate_phone=&#8221;&#8221; transform_rotate_last_edited=&#8221;on|tablet&#8221; transform_skew_tablet=&#8221;&#8221; transform_skew_phone=&#8221;&#8221; transform_skew_last_edited=&#8221;on|tablet&#8221; transform_origin_tablet=&#8221;&#8221; transform_origin_phone=&#8221;&#8221; transform_origin_last_edited=&#8221;on|tablet&#8221; transform_styles_last_edited=&#8221;on|tablet&#8221; custom_margin=&#8221;||-235px||false|false&#8221; custom_margin_tablet=&#8221;1px||-335px||false|false&#8221; custom_margin_phone=&#8221;||||false|false&#8221; custom_margin_last_edited=&#8221;on|phone&#8221; custom_padding=&#8221;||0px||false|false&#8221; transform_styles_tablet=&#8221;&#8221; transform_styles_phone=&#8221;&#8221; custom_css_main_element=&#8221;overflow: hidden;&#8221; global_colors_info=&#8221;{}&#8221;][et_pb_row use_custom_gutter=&#8221;on&#8221; gutter_width=&#8221;2&#8243; make_equal=&#8221;on&#8221; custom_padding_last_edited=&#8221;on|desktop&#8221; _builder_version=&#8221;4.27.3&#8243; _module_preset=&#8221;default&#8221; width=&#8221;96%&#8221; width_tablet=&#8221;90%&#8221; width_phone=&#8221;90%&#8221; width_last_edited=&#8221;on|desktop&#8221; max_width=&#8221;1440px&#8221; module_alignment=&#8221;center&#8221; custom_margin=&#8221;||||false|false&#8221; custom_padding=&#8221;||||false|false&#8221; custom_padding_tablet=&#8221;||||false|false&#8221; custom_padding_phone=&#8221;||||false|false&#8221; global_colors_info=&#8221;{}&#8221;][et_pb_column type=&#8221;4_4&#8243; _builder_version=&#8221;4.27.3&#8243; _module_preset=&#8221;default&#8221; background_enable_color=&#8221;off&#8221; custom_padding=&#8221;|0rem||0rem|false|false&#8221; custom_padding_tablet=&#8221;3rem|2rem|2rem|2rem|false|false&#8221; custom_padding_phone=&#8221;3rem|2rem|2rem|2rem|false|false&#8221; custom_padding_last_edited=&#8221;on|tablet&#8221; global_colors_info=&#8221;{}&#8221; custom_css_main_element_last_edited=&#8221;on|tablet&#8221;][et_pb_code _builder_version=&#8221;4.27.5&#8243; _module_preset=&#8221;default&#8221; global_colors_info=&#8221;{}&#8221;]<div class=\"blog-personen swiper slider-container\" data-arrows=\"false\" data-dots=\"false\"><div class=\"swiper-wrapper\"><div class=\"swiper-slide\"><div class=\"blog-item\"><h3><a href=\"https:\/\/jtc.uni-halle.de\/en\/stephanie-freide\/\">Dr. Stephanie Freide<\/a><\/h3><div class=\"excerpt\">Teamleader<\/div><a class=\"read-more\" href=\"https:\/\/jtc.uni-halle.de\/en\/stephanie-freide\/\">Read more<\/a><div class=\"thumbnail\"><img loading=\"lazy\" decoding=\"async\" width=\"1920\" height=\"1280\" src=\"https:\/\/jtc.uni-halle.de\/wp-content\/uploads\/2025\/06\/b8445.webp\" class=\"attachment-full size-full wp-post-image\" alt=\"\" srcset=\"https:\/\/jtc.uni-halle.de\/wp-content\/uploads\/2025\/06\/b8445.webp 1920w, https:\/\/jtc.uni-halle.de\/wp-content\/uploads\/2025\/06\/b8445-1280x853.webp 1280w, https:\/\/jtc.uni-halle.de\/wp-content\/uploads\/2025\/06\/b8445-980x653.webp 980w, https:\/\/jtc.uni-halle.de\/wp-content\/uploads\/2025\/06\/b8445-480x320.webp 480w\" sizes=\"(min-width: 0px) and (max-width: 480px) 480px, (min-width: 481px) and (max-width: 980px) 980px, (min-width: 981px) and (max-width: 1280px) 1280px, (min-width: 1281px) 1920px, 100vw\" \/><\/div><\/div><\/div><div class=\"swiper-slide\"><div class=\"blog-item\"><h3><a href=\"https:\/\/jtc.uni-halle.de\/en\/dr-martin-kriemann\/\">Dr. Martin Kriemann<\/a><\/h3><div class=\"excerpt\">Teamleader<\/div><a class=\"read-more\" href=\"https:\/\/jtc.uni-halle.de\/en\/dr-martin-kriemann\/\">Read more<\/a><div class=\"thumbnail\"><img loading=\"lazy\" decoding=\"async\" width=\"1920\" height=\"1280\" src=\"https:\/\/jtc.uni-halle.de\/wp-content\/uploads\/2025\/06\/b8471.webp\" class=\"attachment-full size-full wp-post-image\" alt=\"\" srcset=\"https:\/\/jtc.uni-halle.de\/wp-content\/uploads\/2025\/06\/b8471.webp 1920w, https:\/\/jtc.uni-halle.de\/wp-content\/uploads\/2025\/06\/b8471-1280x853.webp 1280w, https:\/\/jtc.uni-halle.de\/wp-content\/uploads\/2025\/06\/b8471-980x653.webp 980w, https:\/\/jtc.uni-halle.de\/wp-content\/uploads\/2025\/06\/b8471-480x320.webp 480w\" sizes=\"(min-width: 0px) and (max-width: 480px) 480px, (min-width: 481px) and (max-width: 980px) 980px, (min-width: 981px) and (max-width: 1280px) 1280px, (min-width: 1281px) 1920px, 100vw\" \/><\/div><\/div><\/div><div class=\"swiper-slide\"><div class=\"blog-item\"><h3><a href=\"https:\/\/jtc.uni-halle.de\/en\/eleonore-freier\/\">Eleonore Freier<\/a><\/h3><div class=\"excerpt\">Research assistant<\/div><a class=\"read-more\" href=\"https:\/\/jtc.uni-halle.de\/en\/eleonore-freier\/\">Read more<\/a><div class=\"thumbnail\"><img loading=\"lazy\" decoding=\"async\" width=\"1600\" height=\"1067\" src=\"https:\/\/jtc.uni-halle.de\/wp-content\/uploads\/2025\/09\/JTC-Meeting-188_quer_blurr.jpg\" class=\"attachment-full size-full wp-post-image\" alt=\"\" srcset=\"https:\/\/jtc.uni-halle.de\/wp-content\/uploads\/2025\/09\/JTC-Meeting-188_quer_blurr.jpg 1600w, https:\/\/jtc.uni-halle.de\/wp-content\/uploads\/2025\/09\/JTC-Meeting-188_quer_blurr-1280x854.jpg 1280w, https:\/\/jtc.uni-halle.de\/wp-content\/uploads\/2025\/09\/JTC-Meeting-188_quer_blurr-980x654.jpg 980w, https:\/\/jtc.uni-halle.de\/wp-content\/uploads\/2025\/09\/JTC-Meeting-188_quer_blurr-480x320.jpg 480w\" sizes=\"(min-width: 0px) and (max-width: 480px) 480px, (min-width: 481px) and (max-width: 980px) 980px, (min-width: 981px) and (max-width: 1280px) 1280px, (min-width: 1281px) 1600px, 100vw\" \/><\/div><\/div><\/div><\/div><\/div>[\/et_pb_code][\/et_pb_column][\/et_pb_row][\/et_pb_section]<\/p>\n","protected":false},"excerpt":{"rendered":"<p>We empower people in the region through research for a just transition to the future.<\/p>\n","protected":false},"author":10,"featured_media":0,"parent":1134,"menu_order":14,"comment_status":"closed","ping_status":"closed","template":"","meta":{"_et_pb_use_builder":"on","_et_pb_old_content":"","_et_gb_content_width":"","inline_featured_image":false,"_price":"","_stock":"","_tribe_ticket_header":"","_tribe_default_ticket_provider":"","_ticket_start_date":"","_ticket_end_date":"","_tribe_ticket_show_description":"","_tribe_ticket_show_not_going":false,"_tribe_ticket_use_global_stock":"","_tribe_ticket_global_stock_level":"","_global_stock_mode":"","_global_stock_cap":"","_tribe_rsvp_for_event":"","_tribe_ticket_going_count":"","_tribe_ticket_not_going_count":"","_tribe_tickets_list":"[]","_tribe_ticket_has_attendee_info_fields":false,"footnotes":"","_tec_slr_enabled":"","_tec_slr_layout":""},"categories":[41,68,48],"tags":[],"class_list":["post-1958","page","type-page","status-publish","hentry","category-a-en","category-relaunch-en","category-a4-en"],"ticketed":false,"_links":{"self":[{"href":"https:\/\/jtc.uni-halle.de\/en\/wp-json\/wp\/v2\/pages\/1958","targetHints":{"allow":["GET"]}}],"collection":[{"href":"https:\/\/jtc.uni-halle.de\/en\/wp-json\/wp\/v2\/pages"}],"about":[{"href":"https:\/\/jtc.uni-halle.de\/en\/wp-json\/wp\/v2\/types\/page"}],"author":[{"embeddable":true,"href":"https:\/\/jtc.uni-halle.de\/en\/wp-json\/wp\/v2\/users\/10"}],"replies":[{"embeddable":true,"href":"https:\/\/jtc.uni-halle.de\/en\/wp-json\/wp\/v2\/comments?post=1958"}],"version-history":[{"count":33,"href":"https:\/\/jtc.uni-halle.de\/en\/wp-json\/wp\/v2\/pages\/1958\/revisions"}],"predecessor-version":[{"id":23884,"href":"https:\/\/jtc.uni-halle.de\/en\/wp-json\/wp\/v2\/pages\/1958\/revisions\/23884"}],"up":[{"embeddable":true,"href":"https:\/\/jtc.uni-halle.de\/en\/wp-json\/wp\/v2\/pages\/1134"}],"wp:attachment":[{"href":"https:\/\/jtc.uni-halle.de\/en\/wp-json\/wp\/v2\/media?parent=1958"}],"wp:term":[{"taxonomy":"category","embeddable":true,"href":"https:\/\/jtc.uni-halle.de\/en\/wp-json\/wp\/v2\/categories?post=1958"},{"taxonomy":"post_tag","embeddable":true,"href":"https:\/\/jtc.uni-halle.de\/en\/wp-json\/wp\/v2\/tags?post=1958"}],"curies":[{"name":"wp","href":"https:\/\/api.w.org\/{rel}","templated":true}]}}